{"id":999,"date":"2024-01-20T22:55:56","date_gmt":"2024-01-20T21:55:56","guid":{"rendered":"https:\/\/www.lamusereve.fr\/?page_id=999"},"modified":"2025-03-02T00:12:57","modified_gmt":"2025-03-01T23:12:57","slug":"mentions-legales","status":"publish","type":"page","link":"https:\/\/www.lamusereve.fr\/index.php\/mentions-legales\/","title":{"rendered":"Mentions l\u00e9gales"},"content":{"rendered":"\n<ol class=\"wp-block-list\">\n<li class=\"has-medium-font-size\"><strong>\u00c9dition du site<\/strong><\/li>\n<\/ol>\n\n\n\n<p><strong>Propri\u00e9taire du site :<\/strong><br>La muse r\u00eave<br>8 rue du Pellaz<br>73000 Chamb\u00e9ry<br>contact@lamusereve.fr<\/p>\n\n\n\n<p><strong>Identification de l\u2019entreprise :<\/strong><br>La muse r\u00eave S.A.S au capital de 3 000 \u20ac dont le si\u00e8ge se situe 8 rue du Pellaz, immatricul\u00e9e aupr\u00e8s du Registre du Commerce et des Soci\u00e9t\u00e9s de Chamb\u00e9ry sous le num\u00e9ro SIRET 94107328000013, repr\u00e9sent\u00e9e par Azza FROSSARD CHERIF, Fondatrice et Directrice g\u00e9n\u00e9rale.<\/p>\n\n\n\n<p><strong>Directrice de la publication :&nbsp;<\/strong>Azza FROSSARD CHERIF<\/p>\n\n\n\n<p><strong>R\u00e9alisation de l\u2019identit\u00e9 graphique&nbsp;: <\/strong>Sandrine BEAUD, graphiste, photographe, vid\u00e9aste et webdesigner&nbsp;&#8211; <a href=\"mailto:contact@sandrinebeaud.com\">contact@sandrinebeaud.com<\/a> \/ sandrinebeaud.com&nbsp;<\/p>\n\n\n\n<p><strong>H\u00e9bergeur :<\/strong>&nbsp;OVH \u2013&nbsp;2 rue Kellermann \u2013 59100 Roubaix \u2013 France<\/p>\n\n\n\n<div style=\"height:15px\" aria-hidden=\"true\" class=\"wp-block-spacer\"><\/div>\n\n\n\n<ol start=\"2\" class=\"wp-block-list\">\n<li class=\"has-medium-font-size\"><strong>Conditions g\u00e9n\u00e9rales d\u2019utilisation du site et des services propos\u00e9s<\/strong><\/li>\n<\/ol>\n\n\n\n<p>L\u2019utilisation du site <a href=\"http:\/\/www.mapetitemalledeveil.fr\/\">www.lamusereve.fr<\/a> implique l\u2019acceptation compl\u00e8te des conditions g\u00e9n\u00e9rales d\u2019utilisation expos\u00e9es ci-dessous. Ces conditions peuvent \u00eatre sujettes \u00e0 des modifications ou des compl\u00e9ments \u00e0 tout moment, et par cons\u00e9quent, les utilisateurs du site sont encourag\u00e9s \u00e0 les consulter r\u00e9guli\u00e8rement.<\/p>\n\n\n\n<p>Le site est normalement accessible en permanence pour les utilisateurs. Cependant, Ma petite malle d\u2019\u00e9veil se r\u00e9serve le droit d\u2019interrompre temporairement l\u2019acc\u00e8s pour des raisons de maintenance technique. Dans ce cas, des informations pr\u00e9alables concernant les dates et heures d\u2019intervention seront communiqu\u00e9es aux utilisateurs.<\/p>\n\n\n\n<p>Les mises \u00e0 jour du site <a href=\"http:\/\/www.mapetitemalledeveil.fr\/\">www.lamusereve.fr<\/a> sont r\u00e9guli\u00e8rement effectu\u00e9es par la directrice de publication. De m\u00eame, les mentions l\u00e9gales peuvent \u00eatre modifi\u00e9es \u00e0 tout moment. Toutefois, ces modifications restent contraignantes pour l\u2019utilisateur, qui est invit\u00e9 \u00e0 les consulter r\u00e9guli\u00e8rement pour en prendre connaissance.<\/p>\n\n\n\n<div style=\"height:15px\" aria-hidden=\"true\" class=\"wp-block-spacer\"><\/div>\n\n\n\n<ol start=\"3\" class=\"wp-block-list\">\n<li class=\"has-medium-font-size\"><strong>Description des services fournis<\/strong><\/li>\n<\/ol>\n\n\n\n<p>Le site <a href=\"http:\/\/www.mapetitemalledeveil.fr\/\">www.lamusereve.fr<\/a> vise \u00e0 fournir des informations concernant l\u2019ensemble des activit\u00e9s de la soci\u00e9t\u00e9 Ma petite malle d\u2019\u00e9veil. Bien que nous nous effor\u00e7ons de pr\u00e9senter des informations aussi pr\u00e9cises que possible sur le site<a href=\"http:\/\/www.mapetitemalledeveil.fr\/\"> www.lamusereve.fr<\/a>, nous ne pouvons garantir l\u2019exhaustivit\u00e9, l\u2019exactitude ou la mise \u00e0 jour de ces informations, qu\u2019elles proviennent de notre fait ou de tiers partenaires nous les ayant fournies.<\/p>\n\n\n\n<p>Les donn\u00e9es pr\u00e9sent\u00e9es sur le site <a href=\"http:\/\/www.mapetitemalledeveil.fr\/\">www.lamusereve.fr<\/a> sont fournies \u00e0 titre indicatif et peuvent \u00e9voluer. Il est \u00e0 noter que ces informations ne sont pas exhaustives et sont susceptibles de subir des modifications apr\u00e8s leur publication initiale.<\/p>\n\n\n\n<div style=\"height:15px\" aria-hidden=\"true\" class=\"wp-block-spacer\"><\/div>\n\n\n\n<ol start=\"4\" class=\"wp-block-list\">\n<li class=\"has-medium-font-size\"><strong>Limitations contractuelles sur les donn\u00e9es techniques<\/strong><\/li>\n<\/ol>\n\n\n\n<p>La muse r\u00eave ne pourra \u00eatre tenu pour responsable des dommages directs et indirects caus\u00e9s au mat\u00e9riel de l\u2019utilisateur, lors de l\u2019acc\u00e8s au site <a href=\"http:\/\/www.mapetitemalledeveil.fr\/\">www.lamusereve.fr<\/a>.  <\/p>\n\n\n\n<p>La muse r\u00eave d\u00e9cline toute responsabilit\u00e9 quant \u00e0 l\u2019utilisation qui pourrait \u00eatre faite des informations et contenus pr\u00e9sents sur <a href=\"http:\/\/www.mapetitemalledeveil.fr\/\">www.lamusereve.fr<\/a>. <\/p>\n\n\n\n<p>La muse r\u00eave s\u2019engage \u00e0 s\u00e9curiser au mieux le site <a href=\"http:\/\/www.mapetitemalledeveil.fr\/\">www.lamusereve.fr<\/a>, cependant sa responsabilit\u00e9 ne pourra \u00eatre mise en cause si des donn\u00e9es ind\u00e9sirables sont import\u00e9es et install\u00e9es sur son site \u00e0 son insu.<\/p>\n\n\n\n<div style=\"height:15px\" aria-hidden=\"true\" class=\"wp-block-spacer\"><\/div>\n\n\n\n<ol start=\"5\" class=\"wp-block-list\">\n<li class=\"has-medium-font-size\"><strong>Propri\u00e9t\u00e9 intellectuelle et contrefa\u00e7ons<\/strong><\/li>\n<\/ol>\n\n\n\n<p>Les \u00e9l\u00e9ments accessibles sur le site sont la propri\u00e9t\u00e9 de Ma petite malle d\u2019\u00e9veil ou font l\u2019objet de droits d\u2019usage d\u00e9tenus par cette derni\u00e8re, comprenant notamment les textes, images, graphismes, logos, ic\u00f4nes, sons et logiciels.<\/p>\n\n\n\n<p>Toute reproduction, modification, publication, repr\u00e9sentation ou adaptation, totale ou partielle, des \u00e9l\u00e9ments du site, par quelque moyen ou proc\u00e9d\u00e9 que ce soit, est strictement interdite sans une autorisation \u00e9crite pr\u00e9alable de Ma petite malle d\u2019\u00e9veil.<\/p>\n\n\n\n<p>Toute utilisation non autoris\u00e9e du site ou de ses contenus constitue une contrefa\u00e7on, engageant la responsabilit\u00e9 de l\u2019utilisateur et pouvant donner lieu \u00e0 des poursuites conform\u00e9ment aux dispositions des articles L.335-2 et suivants du Code de Propri\u00e9t\u00e9 Intellectuelle.<\/p>\n\n\n\n<div style=\"height:15px\" aria-hidden=\"true\" class=\"wp-block-spacer\"><\/div>\n\n\n\n<ol start=\"6\" class=\"wp-block-list\">\n<li class=\"has-medium-font-size\"><strong>Limitations de responsabilit\u00e9<\/strong><\/li>\n<\/ol>\n\n\n\n<p>La muse r\u00eave d\u00e9cline toute responsabilit\u00e9 quant aux dommages directs ou indirects pouvant affecter le mat\u00e9riel de l\u2019utilisateur lors de l\u2019acc\u00e8s au site<a href=\"http:\/\/www.mapetitemalledeveil.fr\/\"> www.lamusereve.fr<\/a>. Ceci peut r\u00e9sulter de l\u2019utilisation d\u2019un \u00e9quipement ne r\u00e9pondant pas aux sp\u00e9cifications indiqu\u00e9es au point 4, ou de l\u2019apparition de bugs ou d\u2019incompatibilit\u00e9s.<\/p>\n\n\n\n<p>De m\u00eame, La muse r\u00eave ne pourra \u00eatre tenue responsable des dommages indirects, tels qu\u2019une perte de march\u00e9 ou d\u2019opportunit\u00e9, d\u00e9coulant de l\u2019utilisation du site <a href=\"http:\/\/www.mapetitemalledeveil.fr\">www.mapetitemalledeveil.fr<\/a>.<\/p>\n\n\n\n<p>Les espaces interactifs disponibles sur le site, notamment l\u2019espace contact, sont soumis aux r\u00e9glementations en vigueur en France. La muse r\u00eave se r\u00e9serve le droit de supprimer tout contenu contraire \u00e0 ces r\u00e8gles, sans mise en demeure pr\u00e9alable.&nbsp;<\/p>\n\n\n\n<p>En cas de messages \u00e0 caract\u00e8re raciste, injurieux, diffamant ou pornographique, quelle que soit la forme utilis\u00e9e (texte, photo, etc.), La muse r\u00eave se r\u00e9serve le droit d\u2019engager la responsabilit\u00e9 civile et\/ou p\u00e9nale de l\u2019utilisateur concern\u00e9.<\/p>\n\n\n\n<div style=\"height:15px\" aria-hidden=\"true\" class=\"wp-block-spacer\"><\/div>\n\n\n\n<ol start=\"7\" class=\"wp-block-list\">\n<li class=\"has-medium-font-size\"><strong>Gestion des donn\u00e9es personnelles<\/strong><\/li>\n<\/ol>\n\n\n\n<p>En France, la protection des donn\u00e9es personnelles est r\u00e9gie par plusieurs textes de loi, dont la loi n\u00b0 78-87 du 6 janvier 1978, la loi n\u00b0 2004-801 du 6 ao\u00fbt 2004, l\u2019article L. 226-13 du Code p\u00e9nal et la Directive Europ\u00e9enne du 24 octobre 1995.<\/p>\n\n\n\n<p>L\u2019utilisation du site <a href=\"http:\/\/www.mapetitemalledeveil.fr\/\">www.lamusereve.fr<\/a> peut entra\u00eener la collecte de donn\u00e9es, telles que l\u2019URL des liens par lesquels l\u2019utilisateur a acc\u00e9d\u00e9 au site, le fournisseur d\u2019acc\u00e8s de l\u2019utilisateur, ainsi que l\u2019adresse IP de ce dernier.<\/p>\n\n\n\n<p>La muse r\u00eave ne recueille des informations personnelles que dans le cadre de certains services du site. L\u2019utilisateur fournit ces donn\u00e9es en toute connaissance de cause, sachant s\u2019il est obligatoire de les fournir ou non.<\/p>\n\n\n\n<p>Conform\u00e9ment aux dispositions de la loi 78-17 du 6 janvier 1978 relative \u00e0 l\u2019informatique, aux fichiers et aux libert\u00e9s, tout utilisateur dispose d\u2019un droit d\u2019acc\u00e8s, de rectification et d\u2019opposition sur les donn\u00e9es personnelles le concernant. Pour exercer ce droit, il doit adresser une demande \u00e9crite, accompagn\u00e9e d\u2019une copie de sa pi\u00e8ce d\u2019identit\u00e9 avec signature, en pr\u00e9cisant l\u2019adresse de r\u00e9ponse.<\/p>\n\n\n\n<p>Les informations personnelles des utilisateurs du site ne sont ni publi\u00e9es \u00e0 leur insu, ni \u00e9chang\u00e9es, c\u00e9d\u00e9es ou vendues \u00e0 des tiers, sauf dans le cas d\u2019un \u00e9ventuel rachat de La muse r\u00eave. Dans cette situation, l\u2019acqu\u00e9reur serait tenu aux m\u00eames obligations de conservation et de modification des donn\u00e9es vis-\u00e0-vis des utilisateurs du site.<\/p>\n\n\n\n<p>Le site n\u2019a pas fait l\u2019objet d\u2019une d\u00e9claration \u00e0 la CNIL, car il ne collecte pas d\u2019informations personnelles. Les bases de donn\u00e9es sont prot\u00e9g\u00e9es conform\u00e9ment \u00e0 la loi du 1er juillet 1998 transposant la directive 96\/9 du 11 mars 1996 concernant la protection juridique des bases de donn\u00e9es.<\/p>\n\n\n\n<div style=\"height:15px\" aria-hidden=\"true\" class=\"wp-block-spacer\"><\/div>\n\n\n\n<ol start=\"8\" class=\"wp-block-list\">\n<li class=\"has-medium-font-size\"><strong>Liens hypertextes et cookies<\/strong><\/li>\n<\/ol>\n\n\n\n<p>Le site<a href=\"http:\/\/www.mapetitemalledeveil.fr\/\"> <a href=\"http:\/\/www.mapetitemalledeveil.fr\/\">www.lamusereve.fr<\/a><\/a> comporte plusieurs liens hypertextes redirigeant vers d\u2019autres sites, avec l\u2019autorisation de La muse r\u00eave. Toutefois, La muse r\u00eave ne peut garantir le contenu de ces sites tiers et ne peut \u00eatre tenue responsable de leur contenu.<\/p>\n\n\n\n<p>En naviguant sur<a href=\"http:\/\/www.mapetitemalledeveil.fr\/\"> <a href=\"http:\/\/www.mapetitemalledeveil.fr\/\">www.lamusereve.fr<\/a><\/a>, des cookies peuvent \u00eatre install\u00e9s sur l\u2019ordinateur de l\u2019utilisateur. Ces fichiers de petite taille ne permettent pas l\u2019identification de l\u2019utilisateur mais enregistrent des donn\u00e9es sur la navigation, facilitant ainsi l\u2019usage futur du site et permettant des analyses de fr\u00e9quentation.<\/p>\n\n\n\n<p>Refuser l\u2019installation des cookies peut entra\u00eener des limitations d\u2019acc\u00e8s \u00e0 certains services. L\u2019utilisateur peut configurer son navigateur pour refuser ces installations :<\/p>\n\n\n\n<ul class=\"wp-block-list\">\n<li>Sous Internet Explorer : Outils &gt; Options Internet &gt; Confidentialit\u00e9 &gt; Bloquer tous les cookies.<\/li>\n\n\n\n<li>Sous Firefox : Options &gt; Vie priv\u00e9e &gt; Param\u00e8tres de conservation &gt; Utiliser les param\u00e8tres personnalis\u00e9s pour l\u2019historique &gt; D\u00e9sactiver les cookies.<\/li>\n\n\n\n<li>Sous Safari : Menu &gt; Param\u00e8tres &gt; Afficher les param\u00e8tres avanc\u00e9s &gt; Confidentialit\u00e9 &gt; Param\u00e8tres de contenu &gt; Bloquer les cookies.<\/li>\n\n\n\n<li>Sous Chrome : Menu &gt; Param\u00e8tres &gt; Afficher les param\u00e8tres avanc\u00e9s &gt; Confidentialit\u00e9 &gt; Pr\u00e9f\u00e9rences &gt; Bloquer les cookies.<\/li>\n<\/ul>\n\n\n\n<div style=\"height:15px\" aria-hidden=\"true\" class=\"wp-block-spacer\"><\/div>\n\n\n\n<ol start=\"9\" class=\"wp-block-list\">\n<li class=\"has-medium-font-size\"><strong>Droit applicable et attribution de juridiction<\/strong><\/li>\n<\/ol>\n\n\n\n<p>Tout diff\u00e9rend li\u00e9 \u00e0 l\u2019utilisation du site <a href=\"http:\/\/www.mapetitemalledeveil.fr\/\">www.lamusereve.fr<\/a> rel\u00e8ve du droit fran\u00e7ais. La comp\u00e9tence juridictionnelle exclusive est attribu\u00e9e aux tribunaux comp\u00e9tents de Grenoble.<\/p>\n\n\n\n<div style=\"height:15px\" aria-hidden=\"true\" class=\"wp-block-spacer\"><\/div>\n\n\n\n<ol start=\"10\" class=\"wp-block-list\">\n<li class=\"has-medium-font-size\"><strong>Principales lois concern\u00e9es<\/strong><\/li>\n<\/ol>\n\n\n\n<p>Loi n\u00b0 78-17 du 6 janvier 1978, amend\u00e9e par la loi n\u00b0 2004-801 du 6 ao\u00fbt 2004 concernant l\u2019informatique, les fichiers et les libert\u00e9s.<\/p>\n\n\n\n<p>Loi n\u00b0 2004-575 du 21 juin 2004 pour la confiance dans l\u2019\u00e9conomie num\u00e9rique.<\/p>\n\n\n\n<div style=\"height:15px\" aria-hidden=\"true\" class=\"wp-block-spacer\"><\/div>\n\n\n\n<ol start=\"11\" class=\"wp-block-list\">\n<li class=\"has-medium-font-size\"><strong>Lexique<\/strong><\/li>\n<\/ol>\n\n\n\n<p>Utilisateur : Internaute se connectant, utilisant le site susnomm\u00e9.<\/p>\n\n\n\n<div style=\"height:15px\" aria-hidden=\"true\" class=\"wp-block-spacer\"><\/div>\n","protected":false},"excerpt":{"rendered":"<p>Propri\u00e9taire du site :La muse r\u00eave8 rue du Pellaz73000 Chamb\u00e9rycontact@lamusereve.fr Identification de l\u2019entreprise :La muse r\u00eave S.A.S au capital de 3 000 \u20ac dont le si\u00e8ge se situe 8 rue du Pellaz, immatricul\u00e9e aupr\u00e8s du Registre du Commerce et des Soci\u00e9t\u00e9s de Chamb\u00e9ry sous le num\u00e9ro SIRET 94107328000013, repr\u00e9sent\u00e9e par Azza FROSSARD CHERIF, Fondatrice et [&hellip;]<\/p>\n","protected":false},"author":2,"featured_media":0,"parent":0,"menu_order":0,"comment_status":"closed","ping_status":"closed","template":"","meta":{"ocean_post_layout":"","ocean_both_sidebars_style":"","ocean_both_sidebars_content_width":0,"ocean_both_sidebars_sidebars_width":0,"ocean_sidebar":"","ocean_second_sidebar":"","ocean_disable_margins":"enable","ocean_add_body_class":"","ocean_shortcode_before_top_bar":"","ocean_shortcode_after_top_bar":"","ocean_shortcode_before_header":"","ocean_shortcode_after_header":"","ocean_has_shortcode":"","ocean_shortcode_after_title":"","ocean_shortcode_before_footer_widgets":"","ocean_shortcode_after_footer_widgets":"","ocean_shortcode_before_footer_bottom":"","ocean_shortcode_after_footer_bottom":"","ocean_display_top_bar":"default","ocean_display_header":"default","ocean_header_style":"","ocean_center_header_left_menu":"","ocean_custom_header_template":"","ocean_custom_logo":0,"ocean_custom_retina_logo":0,"ocean_custom_logo_max_width":0,"ocean_custom_logo_tablet_max_width":0,"ocean_custom_logo_mobile_max_width":0,"ocean_custom_logo_max_height":0,"ocean_custom_logo_tablet_max_height":0,"ocean_custom_logo_mobile_max_height":0,"ocean_header_custom_menu":"","ocean_menu_typo_font_family":"","ocean_menu_typo_font_subset":"","ocean_menu_typo_font_size":0,"ocean_menu_typo_font_size_tablet":0,"ocean_menu_typo_font_size_mobile":0,"ocean_menu_typo_font_size_unit":"px","ocean_menu_typo_font_weight":"","ocean_menu_typo_font_weight_tablet":"","ocean_menu_typo_font_weight_mobile":"","ocean_menu_typo_transform":"","ocean_menu_typo_transform_tablet":"","ocean_menu_typo_transform_mobile":"","ocean_menu_typo_line_height":0,"ocean_menu_typo_line_height_tablet":0,"ocean_menu_typo_line_height_mobile":0,"ocean_menu_typo_line_height_unit":"","ocean_menu_typo_spacing":0,"ocean_menu_typo_spacing_tablet":0,"ocean_menu_typo_spacing_mobile":0,"ocean_menu_typo_spacing_unit":"","ocean_menu_link_color":"","ocean_menu_link_color_hover":"","ocean_menu_link_color_active":"","ocean_menu_link_background":"","ocean_menu_link_hover_background":"","ocean_menu_link_active_background":"","ocean_menu_social_links_bg":"","ocean_menu_social_hover_links_bg":"","ocean_menu_social_links_color":"","ocean_menu_social_hover_links_color":"","ocean_disable_title":"default","ocean_disable_heading":"default","ocean_post_title":"","ocean_post_subheading":"","ocean_post_title_style":"","ocean_post_title_background_color":"","ocean_post_title_background":0,"ocean_post_title_bg_image_position":"","ocean_post_title_bg_image_attachment":"","ocean_post_title_bg_image_repeat":"","ocean_post_title_bg_image_size":"","ocean_post_title_height":0,"ocean_post_title_bg_overlay":0.5,"ocean_post_title_bg_overlay_color":"","ocean_disable_breadcrumbs":"default","ocean_breadcrumbs_color":"","ocean_breadcrumbs_separator_color":"","ocean_breadcrumbs_links_color":"","ocean_breadcrumbs_links_hover_color":"","ocean_display_footer_widgets":"default","ocean_display_footer_bottom":"default","ocean_custom_footer_template":"","_themeisle_gutenberg_block_has_review":false,"footnotes":""},"class_list":["post-999","page","type-page","status-publish","hentry","entry","owp-thumbs-layout-horizontal","owp-btn-normal","owp-tabs-layout-horizontal","has-no-thumbnails","has-product-nav","circle-sale"],"jetpack_sharing_enabled":true,"_links":{"self":[{"href":"https:\/\/www.lamusereve.fr\/index.php\/wp-json\/wp\/v2\/pages\/999","targetHints":{"allow":["GET"]}}],"collection":[{"href":"https:\/\/www.lamusereve.fr\/index.php\/wp-json\/wp\/v2\/pages"}],"about":[{"href":"https:\/\/www.lamusereve.fr\/index.php\/wp-json\/wp\/v2\/types\/page"}],"author":[{"embeddable":true,"href":"https:\/\/www.lamusereve.fr\/index.php\/wp-json\/wp\/v2\/users\/2"}],"replies":[{"embeddable":true,"href":"https:\/\/www.lamusereve.fr\/index.php\/wp-json\/wp\/v2\/comments?post=999"}],"version-history":[{"count":5,"href":"https:\/\/www.lamusereve.fr\/index.php\/wp-json\/wp\/v2\/pages\/999\/revisions"}],"predecessor-version":[{"id":1369,"href":"https:\/\/www.lamusereve.fr\/index.php\/wp-json\/wp\/v2\/pages\/999\/revisions\/1369"}],"wp:attachment":[{"href":"https:\/\/www.lamusereve.fr\/index.php\/wp-json\/wp\/v2\/media?parent=999"}],"curies":[{"name":"wp","href":"https:\/\/api.w.org\/{rel}","templated":true}]}}