{"id":984,"date":"2024-01-19T00:23:31","date_gmt":"2024-01-18T23:23:31","guid":{"rendered":"https:\/\/www.lamusereve.fr\/?page_id=984"},"modified":"2026-04-09T11:49:06","modified_gmt":"2026-04-09T09:49:06","slug":"babymuse-atelier-0-3-ans","status":"publish","type":"page","link":"https:\/\/www.lamusereve.fr\/index.php\/babymuse-atelier-0-3-ans\/","title":{"rendered":"Babymuse | Ateliers 0-3 Ans"},"content":{"rendered":"\n<div id=\"wp-block-themeisle-blocks-advanced-columns-6e65acfb\" class=\"wp-block-themeisle-blocks-advanced-columns alignwide has-2-columns has-desktop-equal-layout has-tablet-equal-layout has-mobile-collapsedRows-layout has-vertical-top ticss-c00aadba has-light-bg\"><div class=\"wp-block-themeisle-blocks-advanced-columns-overlay\"><\/div><div class=\"innerblocks-wrap\">\n<div id=\"wp-block-themeisle-blocks-advanced-column-f4333eeb\" class=\"wp-block-themeisle-blocks-advanced-column\">\n<h2 id=\"wp-block-themeisle-blocks-advanced-heading-360f5b02\" class=\"wp-block-themeisle-blocks-advanced-heading wp-block-themeisle-blocks-advanced-heading-360f5b02\">Un atelier adapt\u00e9 pour s&rsquo;\u00e9veiller \u00e0 l&rsquo;Art tout en douceur<\/h2>\n\n\n\n<p style=\"font-size:16px\">Apr\u00e8s une courte introduction en mots, comptines et images, il est temps de mettre les petites mains et les petits pieds en action,&#8230; et tout le reste aussi ! On \u00e9coute, on observe, on rit, on bouge, on exp\u00e9rimente avec tous ses sens pour un bain sensoriel et cr\u00e9atif dans l&rsquo;Art !<\/p>\n\n\n\n<p style=\"font-size:16px\">Pour r\u00e9sumer, un atelier <strong>Babymuse<\/strong>, c&rsquo;est : <\/p>\n\n\n\n<ul class=\"wp-block-list\">\n<li style=\"font-size:16px\">1 d\u00e9couverte de l&rsquo;exposition et d&rsquo;albums en lien avec les \u0153uvres et\/ou autour de l&rsquo;art et des notions qui l&rsquo;entourent (formes, couleurs, &#8230;) avec comptines et jeux de doigts<\/li>\n\n\n\n<li style=\"font-size:16px\">1 moment d&rsquo;exploration sensorielle, ludique et artistique adapt\u00e9 (et prot\u00e9g\u00e9\u00b7e de la t\u00eate au pied, si besoin !)<\/li>\n<\/ul>\n\n\n\n<p style=\"font-size:15px\"><strong>Les jeudis et vendredis \u00e0 9h30 et 2 samedis par mois \u00e0 10h<\/strong><\/p>\n\n\n\n<p style=\"font-size:15px\">Dur\u00e9e : 40 mn environ (selon l&rsquo;\u00e2ge et le rythme des enfants)<\/p>\n\n\n\n<p style=\"font-size:15px\">15 \u20ac pour un enfant avec l&rsquo;adulte accompagnateur ; 7 \u20ac pour un adulte suppl\u00e9mentaire<\/p>\n\n\n\n<div style=\"height:20px\" aria-hidden=\"true\" class=\"wp-block-spacer\"><\/div>\n\n\n\n<div class=\"wp-block-buttons is-layout-flex wp-block-buttons-is-layout-flex\">\n<div class=\"wp-block-button is-style-primary\"><a class=\"wp-block-button__link has-custom-font-size wp-element-button\" href=\"https:\/\/www.lamusereve.fr\/index.php\/produit\/inscription-pour-latelier-babymuse-0-3-ans\/\" style=\"font-size:18px\">Je m&rsquo;inscris \u00e0 un atelier Babymuse<\/a><\/div>\n<\/div>\n<\/div>\n\n\n\n<div id=\"wp-block-themeisle-blocks-advanced-column-78ae8ec1\" class=\"wp-block-themeisle-blocks-advanced-column\">\n<figure class=\"wp-block-image size-large\"><img decoding=\"async\" data-src=\"https:\/\/www.lamusereve.fr\/wp-content\/uploads\/2025\/02\/child-near-brushes-water-colors-box-sitting-coverlet-1024x684.jpg\" alt=\"\" class=\"wp-image-1341 lazyload\" src=\"data:image\/svg+xml;base64,PHN2ZyB3aWR0aD0iMSIgaGVpZ2h0PSIxIiB4bWxucz0iaHR0cDovL3d3dy53My5vcmcvMjAwMC9zdmciPjwvc3ZnPg==\" style=\"--smush-placeholder-width: 1024px; --smush-placeholder-aspect-ratio: 1024\/684;\" \/><figcaption class=\"wp-element-caption\">\u00a9 Daniela Lupasco<\/figcaption><\/figure>\n<\/div>\n<\/div><\/div>\n\n\n\n<div style=\"height:30px\" aria-hidden=\"true\" class=\"wp-block-spacer\"><\/div>\n\n\n\n<div class=\"wp-block-group alignwide is-vertical is-layout-flex wp-container-core-group-is-layout-8cf370e7 wp-block-group-is-layout-flex\">\n<p class=\"has-text-color has-link-color wp-elements-e35add6d725b6a4ff63219953ba7b0e0\" style=\"color:#188282;font-size:18px\">-&gt; <a href=\"#MARS\">ATELIERS DE MARS<\/a><\/p>\n\n\n\n<p class=\"has-text-color has-link-color wp-elements-8370bba687ef97127e64d949c81f3f1d\" style=\"color:#188282;font-size:18px\">-&gt; <a href=\"#AVRIL\" data-type=\"internal\" data-id=\"#AVRIL\">ATELIERS D&rsquo;AVRIL<\/a><\/p>\n\n\n\n<p class=\"has-text-color has-link-color wp-elements-fdfad70edc7a226cb4f844681d9be489\" style=\"color:#188282;font-size:18px\">-&gt; <a href=\"#MAI\" data-type=\"internal\" data-id=\"#F\u00c9VRIER\">ATELIERS DE MAI<\/a><\/p>\n\n\n\n<p class=\"has-text-color has-link-color wp-elements-aac29148265c45070f872928e02661a0\" style=\"color:#188282;font-size:18px\">-&gt; <a href=\"#MAI\" data-type=\"internal\" data-id=\"#F\u00c9VRIER\">ATELIERS DE JUIN<\/a><\/p>\n<\/div>\n\n\n\n<div style=\"height:30px\" aria-hidden=\"true\" class=\"wp-block-spacer\"><\/div>\n\n\n\n<section id=\"wp-block-themeisle-blocks-advanced-columns-f7759f88\" class=\"wp-block-themeisle-blocks-advanced-columns alignwide has-2-columns has-desktop-equal-layout has-tablet-equal-layout has-mobile-collapsedRows-layout has-vertical-unset has-vertical-undefined has-light-bg\"><div class=\"wp-block-themeisle-blocks-advanced-columns-overlay\"><\/div><div class=\"innerblocks-wrap\">\n<div id=\"wp-block-themeisle-blocks-advanced-column-292783bd\" class=\"wp-block-themeisle-blocks-advanced-column\">\n<section id=\"wp-block-themeisle-blocks-advanced-columns-bef39533\" class=\"wp-block-themeisle-blocks-advanced-columns has-1-columns has-desktop-equal-layout has-tablet-equal-layout has-mobile-collapsedRows-layout has-vertical-center\"><div class=\"wp-block-themeisle-blocks-advanced-columns-overlay\"><\/div><div class=\"innerblocks-wrap\">\n<div id=\"wp-block-themeisle-blocks-advanced-column-70b45b6f\" class=\"wp-block-themeisle-blocks-advanced-column\">\n<h2 class=\"wp-block-heading has-text-color has-link-color wp-elements-78d651e8c622c1e94174c58a239f9395\" style=\"color:#188282\">NOUVEAU !<\/h2>\n\n\n\n<h2 class=\"wp-block-heading\">S\u00e9ance sp\u00e9ciale \u00ab\u00a0Racomptines ma muse\u00a0\u00bb<\/h2>\n\n\n\n<p style=\"font-size:16px\">Adultes et enfants s&rsquo;envolent ensemble pour un doux voyage cont\u00e9, sensoriel et musical. Une parenth\u00e8se po\u00e9tique pour profiter d\u2019un temps complice en famille.<\/p>\n\n\n\n<p style=\"font-size:16px\">Pour r\u00e9sumer, une s\u00e9ance \u00ab\u00a0<strong>Racomptines ma muse\u00a0\u00bb<\/strong>, c&rsquo;est :<\/p>\n\n\n\n<ul class=\"wp-block-list\">\n<li style=\"font-size:16px\">1 voyage cont\u00e9 avec comptines, jeux de doigts et petites histoires <\/li>\n\n\n\n<li style=\"font-size:16px\">1 temps d&rsquo;exploration sensorielle et ludique adapt\u00e9 aux tout-petits<\/li>\n<\/ul>\n\n\n\n<p style=\"font-size:15px\"><strong>Certains mercredis matins \u00e0 10h et jeudis matins \u00e0 9h30 <\/strong>(voir calendrier ci-dessous)<\/p>\n\n\n\n<p style=\"font-size:15px\">Dur\u00e9e : 35 mn<\/p>\n\n\n\n<p style=\"font-size:15px\">17 \u20ac pour un enfant avec l&rsquo;adulte accompagnateur ; 5 \u20ac pour un adulte suppl\u00e9mentaire<\/p>\n\n\n\n<div style=\"height:20px\" aria-hidden=\"true\" class=\"wp-block-spacer\"><\/div>\n\n\n\n<div class=\"wp-block-buttons is-layout-flex wp-block-buttons-is-layout-flex\">\n<div class=\"wp-block-button is-style-primary\"><a class=\"wp-block-button__link has-text-align-left has-custom-font-size wp-element-button\" href=\"https:\/\/www.lamusereve.fr\/index.php\/produit\/inscription-seance-racomptine-ma-muse-0-3-ans\/\" style=\"font-size:15px\">Je m&rsquo;inscris \u00e0 une \u00ab\u00a0Racomptines ma muse\u00a0\u00bb<\/a><\/div>\n<\/div>\n<\/div>\n<\/div><\/section>\n<\/div>\n\n\n\n<div id=\"wp-block-themeisle-blocks-advanced-column-eb08964c\" class=\"wp-block-themeisle-blocks-advanced-column\">\n<figure class=\"wp-block-image size-full is-resized\"><img fetchpriority=\"high\" decoding=\"async\" width=\"768\" height=\"431\" src=\"https:\/\/www.lamusereve.fr\/wp-content\/uploads\/2025\/08\/A-LORIGINE-1-768x431-1.png\" alt=\"\" class=\"wp-image-3059\" style=\"width:487px;height:auto\" srcset=\"https:\/\/www.lamusereve.fr\/wp-content\/uploads\/2025\/08\/A-LORIGINE-1-768x431-1.png 768w, https:\/\/www.lamusereve.fr\/wp-content\/uploads\/2025\/08\/A-LORIGINE-1-768x431-1-300x168.png 300w, https:\/\/www.lamusereve.fr\/wp-content\/uploads\/2025\/08\/A-LORIGINE-1-768x431-1-400x224.png 400w\" sizes=\"(max-width: 768px) 100vw, 768px\" \/><\/figure>\n<\/div>\n<\/div><\/section>\n\n\n\n<div style=\"height:50px\" aria-hidden=\"true\" class=\"wp-block-spacer\"><\/div>\n\n\n\n<h2 class=\"wp-block-heading has-text-color has-link-color wp-elements-fb889d4d15b6b8264da32f00a6821e0c\" style=\"color:#571e40\">Calendrier des ateliers<\/h2>\n\n\n\n<div style=\"height:30px\" aria-hidden=\"true\" class=\"wp-block-spacer\"><\/div>\n\n\n\n<h3 class=\"wp-block-heading has-text-color has-background has-link-color wp-elements-63eff1d0c0fc3cb5d4fd905fdbd1ca88\" id=\"MARS\" style=\"color:#571e40;background-color:#f9d7d7\">MARS 2025<\/h3>\n\n\n\n<div id=\"wp-block-themeisle-blocks-icon-list-4dcf145f\" class=\"wp-block-themeisle-blocks-icon-list\">\n<div id=\"wp-block-themeisle-blocks-icon-list-item-17d5ec37\" class=\"wp-block-themeisle-blocks-icon-list-item\"><i class=\"fas fa-rainbow wp-block-themeisle-blocks-icon-list-item-icon\"><\/i><p class=\"wp-block-themeisle-blocks-icon-list-item-content\"><strong>Jeudi 12 mars de 9h30 \u00e0 10h10<\/strong> &#8211; Atelier <em>Que fais-tu quand je dors ?<\/em> &#8211; Collage<\/p><\/div>\n\n\n\n<div id=\"wp-block-themeisle-blocks-icon-list-item-5b0b9088\" class=\"wp-block-themeisle-blocks-icon-list-item\"><i class=\"fas fa-rainbow wp-block-themeisle-blocks-icon-list-item-icon\"><\/i><p class=\"wp-block-themeisle-blocks-icon-list-item-content\"><strong>Vendredi 13 mars de 9h30 \u00e0 <strong>10h10<\/strong><\/strong> &#8211; Atelier <em>Que fais-tu quand je dors ?<\/em> &#8211; Collage<\/p><\/div>\n\n\n\n<div id=\"wp-block-themeisle-blocks-icon-list-item-7274e10e\" class=\"wp-block-themeisle-blocks-icon-list-item\"><i class=\"fas fa-rainbow wp-block-themeisle-blocks-icon-list-item-icon\"><\/i><p class=\"wp-block-themeisle-blocks-icon-list-item-content-custom\"><strong>Samedi 14 <strong>mars<\/strong> de <strong>10h \u00e0 <strong>10h40<\/strong><\/strong><\/strong> &#8211; Atelier <em>Que fais-tu quand je dors ?<\/em> &#8211; Collage<\/p><\/div>\n\n\n\n<div id=\"wp-block-themeisle-blocks-icon-list-item-3cdeab4c\" class=\"wp-block-themeisle-blocks-icon-list-item\"><i class=\"fas fa-rainbow wp-block-themeisle-blocks-icon-list-item-icon\"><\/i><p class=\"wp-block-themeisle-blocks-icon-list-item-content\"><strong>Jeudi 19 <strong>mars<\/strong> de 9h30 \u00e0 <strong>10h10<\/strong><\/strong> &#8211; Atelier <em>Que fais-tu quand je dors ?<\/em> &#8211; Collage<\/p><\/div>\n\n\n\n<div id=\"wp-block-themeisle-blocks-icon-list-item-5d41f1c3\" class=\"wp-block-themeisle-blocks-icon-list-item\"><i class=\"fas fa-rainbow wp-block-themeisle-blocks-icon-list-item-icon\"><\/i><p class=\"wp-block-themeisle-blocks-icon-list-item-content\"><strong>Jeudi 26 <strong>mars<\/strong> de 9h30 \u00e0 <strong>10h10<\/strong><\/strong> &#8211; Atelier <em>Que fais-tu quand je dors ?<\/em> &#8211; Collage<\/p><\/div>\n\n\n\n<div id=\"wp-block-themeisle-blocks-icon-list-item-9b03f778\" class=\"wp-block-themeisle-blocks-icon-list-item\"><i class=\"fas fa-rainbow wp-block-themeisle-blocks-icon-list-item-icon\"><\/i><p class=\"wp-block-themeisle-blocks-icon-list-item-content\"><strong>Vendredi 27 <strong>mars<\/strong> de 9h30 \u00e0 <strong>10h10<\/strong><\/strong> &#8211; Atelier <em>Que fais-tu quand je dors ?<\/em> &#8211; Collage<\/p><\/div>\n\n\n\n<div id=\"wp-block-themeisle-blocks-icon-list-item-f1cf0c8c\" class=\"wp-block-themeisle-blocks-icon-list-item\"><i class=\"fas fa-rainbow wp-block-themeisle-blocks-icon-list-item-icon\"><\/i><p class=\"wp-block-themeisle-blocks-icon-list-item-content-custom\"><strong>Samedi 28 <strong>mars<\/strong> de 10h \u00e0 <strong>10h40<\/strong><\/strong> &#8211; Atelier <em>Que fais-tu quand je dors ?<\/em> &#8211; Collage<\/p><\/div>\n<\/div>\n\n\n\n<div style=\"height:30px\" aria-hidden=\"true\" class=\"wp-block-spacer\"><\/div>\n\n\n\n<h3 class=\"wp-block-heading has-text-color has-background has-link-color wp-elements-0656089a382f711c229634c6996c0708\" id=\"AVRIL\" style=\"color:#571e40;background-color:#f9d7d7\">AVRIL 2026<\/h3>\n\n\n\n<div id=\"wp-block-themeisle-blocks-icon-list-d1ff50ac\" class=\"wp-block-themeisle-blocks-icon-list\">\n<div id=\"wp-block-themeisle-blocks-icon-list-item-8b1f75cb\" class=\"wp-block-themeisle-blocks-icon-list-item\"><i class=\"fas fa-rainbow wp-block-themeisle-blocks-icon-list-item-icon\"><\/i><p class=\"wp-block-themeisle-blocks-icon-list-item-content\"><strong>Jeudi 2 avril de 9h30 \u00e0 10h10<\/strong> &#8211; Atelier <em>Fiesta color\u00e9e<\/em> &#8211; D\u00e9coupage, feutres<\/p><\/div>\n\n\n\n<div id=\"wp-block-themeisle-blocks-icon-list-item-ba7f3a83\" class=\"wp-block-themeisle-blocks-icon-list-item\"><i class=\"fas fa-rainbow wp-block-themeisle-blocks-icon-list-item-icon\"><\/i><p class=\"wp-block-themeisle-blocks-icon-list-item-content\"><strong>Vendredi <strong>3 avril <\/strong>de 9h30 \u00e0 <strong>10h10<\/strong><\/strong> &#8211; Atelier <em>Fiesta color\u00e9e<\/em> &#8211; D\u00e9coupage, feutres<\/p><\/div>\n\n\n\n<div id=\"wp-block-themeisle-blocks-icon-list-item-30a303c1\" class=\"wp-block-themeisle-blocks-icon-list-item\"><i class=\"fas fa-rainbow wp-block-themeisle-blocks-icon-list-item-icon\"><\/i><p class=\"wp-block-themeisle-blocks-icon-list-item-content\"><strong>Vendredi <strong>10 avril <\/strong>de 9h30 \u00e0 <strong>10h10<\/strong><\/strong> &#8211; Atelier <em>Fiesta color\u00e9e<\/em> &#8211; D\u00e9coupage, feutres<\/p><\/div>\n\n\n\n<div id=\"wp-block-themeisle-blocks-icon-list-item-c0576dea\" class=\"wp-block-themeisle-blocks-icon-list-item\"><i class=\"fas fa-rainbow wp-block-themeisle-blocks-icon-list-item-icon\"><\/i><p class=\"wp-block-themeisle-blocks-icon-list-item-content-custom\"><strong>Samedi 11 <strong>avril<\/strong> de 10h \u00e0 <strong>10h40<\/strong><\/strong> &#8211; Atelier <em>Fiesta color\u00e9e<\/em> &#8211; D\u00e9coupage, feutres<\/p><\/div>\n\n\n\n<div id=\"wp-block-themeisle-blocks-icon-list-item-b1604803\" class=\"wp-block-themeisle-blocks-icon-list-item\"><i class=\"fas fa-rainbow wp-block-themeisle-blocks-icon-list-item-icon\"><\/i><p class=\"wp-block-themeisle-blocks-icon-list-item-content\"><strong>Jeudi 23 <strong>avril<\/strong> de 9h30 \u00e0 <strong>10h10<\/strong><\/strong> &#8211; Atelier <em>La couleur des r\u00eaves<\/em> \u2013 Tampon au pochoir<\/p><\/div>\n\n\n\n<div id=\"wp-block-themeisle-blocks-icon-list-item-23a09e7a\" class=\"wp-block-themeisle-blocks-icon-list-item\"><i class=\"fas fa-rainbow wp-block-themeisle-blocks-icon-list-item-icon\"><\/i><p class=\"wp-block-themeisle-blocks-icon-list-item-content\"><strong>Vendredi 24 <strong>avril<\/strong> de 9h30 \u00e0 <strong>10h10<\/strong><\/strong> &#8211; Atelier <em>La couleur des r\u00eaves<\/em> \u2013 Tampon au pochoir<\/p><\/div>\n\n\n\n<div id=\"wp-block-themeisle-blocks-icon-list-item-e10b7e0a\" class=\"wp-block-themeisle-blocks-icon-list-item\"><i class=\"fas fa-rainbow wp-block-themeisle-blocks-icon-list-item-icon\"><\/i><p class=\"wp-block-themeisle-blocks-icon-list-item-content-custom\"><strong>Samedi 25 <strong>avril<\/strong> de 10h \u00e0 <strong>10h40<\/strong><\/strong> &#8211; Atelier<em><em> <\/em>La couleur des r\u00eaves<\/em> \u2013 Tampon au pochoir<\/p><\/div>\n<\/div>\n\n\n\n<div style=\"height:30px\" aria-hidden=\"true\" class=\"wp-block-spacer\"><\/div>\n\n\n\n<h3 class=\"wp-block-heading has-text-color has-background has-link-color wp-elements-a89ff4b3f0b57050778a35295518c7fe\" id=\"MAI\" style=\"color:#571e40;background-color:#f9d7d7\">MAI 2026<\/h3>\n\n\n\n<div id=\"wp-block-themeisle-blocks-icon-list-7d4afcec\" class=\"wp-block-themeisle-blocks-icon-list\">\n<div id=\"wp-block-themeisle-blocks-icon-list-item-4165dba8\" class=\"wp-block-themeisle-blocks-icon-list-item\"><i class=\"fas fa-rainbow wp-block-themeisle-blocks-icon-list-item-icon\"><\/i><p class=\"wp-block-themeisle-blocks-icon-list-item-content\"><strong><strong><strong><strong><strong>Jeudi 7 mai <\/strong><\/strong><\/strong><\/strong> de 9h30 \u00e0 10h10<\/strong> &#8211; Atelier en lien avec l&rsquo;exposition <em>D&rsquo;amandes et de citrons<\/em><\/p><\/div>\n\n\n\n<div id=\"wp-block-themeisle-blocks-icon-list-item-ddd1a10f\" class=\"wp-block-themeisle-blocks-icon-list-item\"><i class=\"fas fa-rainbow wp-block-themeisle-blocks-icon-list-item-icon\"><\/i><p class=\"wp-block-themeisle-blocks-icon-list-item-content\"><strong><strong><strong><strong>Vendredi 8 mai<\/strong><\/strong><\/strong> de 9h30 \u00e0 10h10<\/strong> &#8211; Atelier en lien avec l&rsquo;exposition <em>D&rsquo;amandes et de citrons<\/em><\/p><\/div>\n\n\n\n<div id=\"wp-block-themeisle-blocks-icon-list-item-2272c946\" class=\"wp-block-themeisle-blocks-icon-list-item\"><i class=\"fas fa-rainbow wp-block-themeisle-blocks-icon-list-item-icon\"><\/i><p class=\"wp-block-themeisle-blocks-icon-list-item-content-custom\"><strong>Samedi 9 mai de 10h \u00e0 10h40<\/strong> &#8211; Atelier en lien avec l&rsquo;exposition <em>D&rsquo;amandes et de citrons<\/em><\/p><\/div>\n\n\n\n<div id=\"wp-block-themeisle-blocks-icon-list-item-a3cd399b\" class=\"wp-block-themeisle-blocks-icon-list-item\"><i class=\"fas fa-rainbow wp-block-themeisle-blocks-icon-list-item-icon\"><\/i><p class=\"wp-block-themeisle-blocks-icon-list-item-content\"><strong><strong><strong><strong><strong>Jeudi 14 mai <\/strong><\/strong><\/strong><\/strong> de 9h30 \u00e0 10h10<\/strong> &#8211; Atelier en lien avec l&rsquo;exposition <em>D&rsquo;amandes et de citrons<\/em><\/p><\/div>\n\n\n\n<div id=\"wp-block-themeisle-blocks-icon-list-item-a1425df9\" class=\"wp-block-themeisle-blocks-icon-list-item\"><i class=\"fas fa-rainbow wp-block-themeisle-blocks-icon-list-item-icon\"><\/i><p class=\"wp-block-themeisle-blocks-icon-list-item-content\"><strong><strong><strong>Jeudi 21 mai<\/strong><\/strong> de 9h30 \u00e0 10h10<\/strong> &#8211; Atelier en lien avec l&rsquo;exposition <em>D&rsquo;amandes et de citrons<\/em><\/p><\/div>\n\n\n\n<div id=\"wp-block-themeisle-blocks-icon-list-item-2ed7ddc3\" class=\"wp-block-themeisle-blocks-icon-list-item\"><i class=\"fas fa-rainbow wp-block-themeisle-blocks-icon-list-item-icon\"><\/i><p class=\"wp-block-themeisle-blocks-icon-list-item-content\"><strong>Vendredi 22 mai de 9h30 \u00e0 10h10<\/strong> &#8211; Atelier en lien avec l&rsquo;exposition <em>D&rsquo;amandes et de citrons<\/em><\/p><\/div>\n\n\n\n<div id=\"wp-block-themeisle-blocks-icon-list-item-292c85df\" class=\"wp-block-themeisle-blocks-icon-list-item\"><i class=\"fas fa-rainbow wp-block-themeisle-blocks-icon-list-item-icon\"><\/i><p class=\"wp-block-themeisle-blocks-icon-list-item-content-custom\"><strong>Samedi 23 mai de 10h \u00e0 10h40<\/strong> &#8211; Atelier en lien avec l&rsquo;exposition <em>D&rsquo;amandes et de citrons<\/em><\/p><\/div>\n<\/div>\n\n\n\n<div style=\"height:30px\" aria-hidden=\"true\" class=\"wp-block-spacer\"><\/div>\n\n\n\n<h3 class=\"wp-block-heading has-text-color has-background has-link-color wp-elements-53f13401c8ce679525242dbc4eeba79e\" id=\"JUIN\" style=\"color:#571e40;background-color:#f9d7d7\">JUIN 2026<\/h3>\n\n\n\n<div id=\"wp-block-themeisle-blocks-icon-list-62195fa2\" class=\"wp-block-themeisle-blocks-icon-list\">\n<div id=\"wp-block-themeisle-blocks-icon-list-item-efaa158f\" class=\"wp-block-themeisle-blocks-icon-list-item\"><i class=\"fas fa-rainbow wp-block-themeisle-blocks-icon-list-item-icon\"><\/i><p class=\"wp-block-themeisle-blocks-icon-list-item-content\"><strong><strong><strong><strong><strong>Jeudi 4 juin <\/strong><\/strong><\/strong><\/strong>de 9h30 \u00e0 10h10<\/strong> &#8211; Atelier en lien avec l&rsquo;exposition <em>D&rsquo;amandes et de citrons <\/em>(sous r\u00e9serve)<\/p><\/div>\n\n\n\n<div id=\"wp-block-themeisle-blocks-icon-list-item-d3b6e268\" class=\"wp-block-themeisle-blocks-icon-list-item\"><i class=\"fas fa-rainbow wp-block-themeisle-blocks-icon-list-item-icon\"><\/i><p class=\"wp-block-themeisle-blocks-icon-list-item-content\"><strong><strong><strong><strong><strong>Jeudi 11 juin <\/strong><\/strong><\/strong><\/strong>de 9h30 \u00e0 10h10<\/strong> &#8211; Atelier en lien avec l&rsquo;exposition <em>D&rsquo;amandes et de citrons<\/em><\/p><\/div>\n\n\n\n<div id=\"wp-block-themeisle-blocks-icon-list-item-fcce721e\" class=\"wp-block-themeisle-blocks-icon-list-item\"><i class=\"fas fa-rainbow wp-block-themeisle-blocks-icon-list-item-icon\"><\/i><p class=\"wp-block-themeisle-blocks-icon-list-item-content\"><strong><strong>Vendredi 12 <strong><strong><strong>juin<\/strong><\/strong><\/strong> <\/strong>de 9h30 \u00e0 10h10<\/strong> &#8211; Atelier en lien avec l&rsquo;exposition <em>D&rsquo;amandes et de citrons<\/em><\/p><\/div>\n\n\n\n<div id=\"wp-block-themeisle-blocks-icon-list-item-2b7adaf8\" class=\"wp-block-themeisle-blocks-icon-list-item\"><i class=\"fas fa-rainbow wp-block-themeisle-blocks-icon-list-item-icon\"><\/i><p class=\"wp-block-themeisle-blocks-icon-list-item-content\"><strong><strong><strong>Jeudi 18 juin<\/strong><\/strong> de 9h30 \u00e0 10h10<\/strong> &#8211; Atelier en lien avec l&rsquo;exposition <em>D&rsquo;amandes et de citrons<\/em><\/p><\/div>\n\n\n\n<div id=\"wp-block-themeisle-blocks-icon-list-item-6de32f2f\" class=\"wp-block-themeisle-blocks-icon-list-item\"><i class=\"fas fa-rainbow wp-block-themeisle-blocks-icon-list-item-icon\"><\/i><p class=\"wp-block-themeisle-blocks-icon-list-item-content\"><strong>Vendredi 19 juin de 9h30 \u00e0 10h10<\/strong> &#8211; Atelier en lien avec l&rsquo;exposition <em>D&rsquo;amandes et de citrons<\/em><\/p><\/div>\n\n\n\n<div id=\"wp-block-themeisle-blocks-icon-list-item-9bb50218\" class=\"wp-block-themeisle-blocks-icon-list-item\"><i class=\"fas fa-rainbow wp-block-themeisle-blocks-icon-list-item-icon\"><\/i><p class=\"wp-block-themeisle-blocks-icon-list-item-content-custom\"><strong>Samedi 20 juin de 10h \u00e0 10h40<\/strong> &#8211; Atelier en lien avec l&rsquo;exposition <em>D&rsquo;amandes et de citrons<\/em><\/p><\/div>\n\n\n\n<div id=\"wp-block-themeisle-blocks-icon-list-item-c615ca1f\" class=\"wp-block-themeisle-blocks-icon-list-item\"><i class=\"fas fa-rainbow wp-block-themeisle-blocks-icon-list-item-icon\"><\/i><p class=\"wp-block-themeisle-blocks-icon-list-item-content\"><strong><strong><strong>Jeudi 25 juin<\/strong><\/strong> de 9h30 \u00e0 10h10<\/strong> &#8211; Atelier en lien avec l&rsquo;exposition <em>D&rsquo;amandes et de citrons<\/em><\/p><\/div>\n\n\n\n<div id=\"wp-block-themeisle-blocks-icon-list-item-e731a100\" class=\"wp-block-themeisle-blocks-icon-list-item\"><i class=\"fas fa-rainbow wp-block-themeisle-blocks-icon-list-item-icon\"><\/i><p class=\"wp-block-themeisle-blocks-icon-list-item-content\"><strong>Vendredi 26 juin de 9h30 \u00e0 10h10<\/strong> &#8211; Atelier en lien avec l&rsquo;exposition <em>D&rsquo;amandes et de citrons<\/em><\/p><\/div>\n<\/div>\n\n\n\n<div style=\"height:50px\" aria-hidden=\"true\" class=\"wp-block-spacer\"><\/div>\n","protected":false},"excerpt":{"rendered":"<p>-&gt; ATELIERS DE MARS -&gt; ATELIERS D&rsquo;AVRIL -&gt; ATELIERS DE MAI -&gt; ATELIERS DE JUIN Calendrier des ateliers MARS 2025 AVRIL 2026 MAI 2026 JUIN 2026<\/p>\n","protected":false},"author":2,"featured_media":0,"parent":0,"menu_order":0,"comment_status":"closed","ping_status":"closed","template":"","meta":{"ocean_post_layout":"","ocean_both_sidebars_style":"","ocean_both_sidebars_content_width":0,"ocean_both_sidebars_sidebars_width":0,"ocean_sidebar":"","ocean_second_sidebar":"","ocean_disable_margins":"enable","ocean_add_body_class":"","ocean_shortcode_before_top_bar":"","ocean_shortcode_after_top_bar":"","ocean_shortcode_before_header":"","ocean_shortcode_after_header":"","ocean_has_shortcode":"","ocean_shortcode_after_title":"","ocean_shortcode_before_footer_widgets":"","ocean_shortcode_after_footer_widgets":"","ocean_shortcode_before_footer_bottom":"","ocean_shortcode_after_footer_bottom":"","ocean_display_top_bar":"default","ocean_display_header":"default","ocean_header_style":"","ocean_center_header_left_menu":"","ocean_custom_header_template":"","ocean_custom_logo":0,"ocean_custom_retina_logo":0,"ocean_custom_logo_max_width":0,"ocean_custom_logo_tablet_max_width":0,"ocean_custom_logo_mobile_max_width":0,"ocean_custom_logo_max_height":0,"ocean_custom_logo_tablet_max_height":0,"ocean_custom_logo_mobile_max_height":0,"ocean_header_custom_menu":"","ocean_menu_typo_font_family":"","ocean_menu_typo_font_subset":"","ocean_menu_typo_font_size":0,"ocean_menu_typo_font_size_tablet":0,"ocean_menu_typo_font_size_mobile":0,"ocean_menu_typo_font_size_unit":"px","ocean_menu_typo_font_weight":"","ocean_menu_typo_font_weight_tablet":"","ocean_menu_typo_font_weight_mobile":"","ocean_menu_typo_transform":"","ocean_menu_typo_transform_tablet":"","ocean_menu_typo_transform_mobile":"","ocean_menu_typo_line_height":0,"ocean_menu_typo_line_height_tablet":0,"ocean_menu_typo_line_height_mobile":0,"ocean_menu_typo_line_height_unit":"","ocean_menu_typo_spacing":0,"ocean_menu_typo_spacing_tablet":0,"ocean_menu_typo_spacing_mobile":0,"ocean_menu_typo_spacing_unit":"","ocean_menu_link_color":"","ocean_menu_link_color_hover":"","ocean_menu_link_color_active":"","ocean_menu_link_background":"","ocean_menu_link_hover_background":"","ocean_menu_link_active_background":"","ocean_menu_social_links_bg":"","ocean_menu_social_hover_links_bg":"","ocean_menu_social_links_color":"","ocean_menu_social_hover_links_color":"","ocean_disable_title":"default","ocean_disable_heading":"default","ocean_post_title":"","ocean_post_subheading":"","ocean_post_title_style":"","ocean_post_title_background_color":"","ocean_post_title_background":0,"ocean_post_title_bg_image_position":"","ocean_post_title_bg_image_attachment":"","ocean_post_title_bg_image_repeat":"","ocean_post_title_bg_image_size":"","ocean_post_title_height":0,"ocean_post_title_bg_overlay":0.5,"ocean_post_title_bg_overlay_color":"","ocean_disable_breadcrumbs":"default","ocean_breadcrumbs_color":"","ocean_breadcrumbs_separator_color":"","ocean_breadcrumbs_links_color":"","ocean_breadcrumbs_links_hover_color":"","ocean_display_footer_widgets":"default","ocean_display_footer_bottom":"default","ocean_custom_footer_template":"","_themeisle_gutenberg_block_has_review":false,"footnotes":""},"class_list":["post-984","page","type-page","status-publish","hentry","entry","owp-thumbs-layout-horizontal","owp-btn-normal","owp-tabs-layout-horizontal","has-no-thumbnails","has-product-nav","circle-sale"],"jetpack_sharing_enabled":true,"_links":{"self":[{"href":"https:\/\/www.lamusereve.fr\/index.php\/wp-json\/wp\/v2\/pages\/984","targetHints":{"allow":["GET"]}}],"collection":[{"href":"https:\/\/www.lamusereve.fr\/index.php\/wp-json\/wp\/v2\/pages"}],"about":[{"href":"https:\/\/www.lamusereve.fr\/index.php\/wp-json\/wp\/v2\/types\/page"}],"author":[{"embeddable":true,"href":"https:\/\/www.lamusereve.fr\/index.php\/wp-json\/wp\/v2\/users\/2"}],"replies":[{"embeddable":true,"href":"https:\/\/www.lamusereve.fr\/index.php\/wp-json\/wp\/v2\/comments?post=984"}],"version-history":[{"count":205,"href":"https:\/\/www.lamusereve.fr\/index.php\/wp-json\/wp\/v2\/pages\/984\/revisions"}],"predecessor-version":[{"id":4447,"href":"https:\/\/www.lamusereve.fr\/index.php\/wp-json\/wp\/v2\/pages\/984\/revisions\/4447"}],"wp:attachment":[{"href":"https:\/\/www.lamusereve.fr\/index.php\/wp-json\/wp\/v2\/media?parent=984"}],"curies":[{"name":"wp","href":"https:\/\/api.w.org\/{rel}","templated":true}]}}