{"id":37,"date":"2022-10-03T19:42:33","date_gmt":"2022-10-03T17:42:33","guid":{"rendered":"http:\/\/127.0.0.1\/wordpress\/?page_id=37"},"modified":"2026-04-09T11:44:27","modified_gmt":"2026-04-09T09:44:27","slug":"minimuse-atelier-2-3-ans","status":"publish","type":"page","link":"https:\/\/www.lamusereve.fr\/index.php\/minimuse-atelier-2-3-ans\/","title":{"rendered":"Minimuse | Ateliers 2-3 Ans"},"content":{"rendered":"\n<div id=\"wp-block-themeisle-blocks-advanced-columns-6e65acfb\" class=\"wp-block-themeisle-blocks-advanced-columns alignwide has-2-columns has-desktop-equal-layout has-tablet-equal-layout has-mobile-collapsedRows-layout has-vertical-top ticss-c00aadba has-light-bg\"><div class=\"wp-block-themeisle-blocks-advanced-columns-overlay\"><\/div><div class=\"innerblocks-wrap\">\n<div id=\"wp-block-themeisle-blocks-advanced-column-f4333eeb\" class=\"wp-block-themeisle-blocks-advanced-column\">\n<h2 id=\"wp-block-themeisle-blocks-advanced-heading-360f5b02\" class=\"wp-block-themeisle-blocks-advanced-heading wp-block-themeisle-blocks-advanced-heading-360f5b02\">Un atelier ludique et sensoriel pour s&rsquo;initier \u00e0 l&rsquo;Art en s&rsquo;amusant<\/h2>\n\n\n\n<p style=\"font-size:16px\">Apr\u00e8s une introduction en mots, en images et en manipulations sensorielles, place \u00e0 un temps ludique et cr\u00e9atif pour d\u00e9lier encore plus les petites mains, les petits pieds&#8230; et puis tout le reste ! Car l&rsquo;art se vit avec tous ses sens !<\/p>\n\n\n\n<p style=\"font-size:16px\">Pour r\u00e9sumer, un atelier <strong>Minimuse<\/strong>, c&rsquo;est : <\/p>\n\n\n\n<ul class=\"wp-block-list\">\n<li style=\"font-size:16px\">1 petite histoire illustr\u00e9e et interactive en lien avec l&rsquo;exposition<\/li>\n\n\n\n<li style=\"font-size:16px\">1 petit jeu artistique ou 1 exploration ludique et sensorielle<\/li>\n\n\n\n<li style=\"font-size:16px\">1 atelier d&rsquo;expression artistique adapt\u00e9 (et prot\u00e9g\u00e9\u00b7e de la t\u00eate au pied si n\u00e9cessaire !)<\/li>\n<\/ul>\n\n\n\n<p style=\"font-size:15px\"><strong>Les jeudis et vendredis \u00e0 10h30<\/strong><\/p>\n\n\n\n<p style=\"font-size:15px\">Dur\u00e9e : 45 mn environ (selon l&rsquo;\u00e2ge et le rythme des enfants)<\/p>\n\n\n\n<p style=\"font-size:15px\">16 \u20ac pour un enfant avec l\u2019adulte accompagnateur ; 7 \u20ac pour un adulte suppl\u00e9mentaire<\/p>\n\n\n\n<div style=\"height:30px\" aria-hidden=\"true\" class=\"wp-block-spacer\"><\/div>\n\n\n\n<div class=\"wp-block-buttons is-layout-flex wp-block-buttons-is-layout-flex\">\n<div class=\"wp-block-button is-style-primary\"><a class=\"wp-block-button__link has-custom-font-size wp-element-button\" href=\"https:\/\/www.lamusereve.fr\/?post_type=product&amp;p=1732&amp;preview=true\" style=\"font-size:18px\">Je m&rsquo;inscris \u00e0 un atelier Minimuse<\/a><\/div>\n<\/div>\n<\/div>\n\n\n\n<div id=\"wp-block-themeisle-blocks-advanced-column-78ae8ec1\" class=\"wp-block-themeisle-blocks-advanced-column\">\n<figure class=\"wp-block-image size-full\"><img fetchpriority=\"high\" decoding=\"async\" width=\"1000\" height=\"667\" src=\"https:\/\/www.lamusereve.fr\/wp-content\/uploads\/2025\/11\/drawing-g5317272fe_1920-e1762518424359.jpg\" alt=\"\" class=\"wp-image-3729\" srcset=\"https:\/\/www.lamusereve.fr\/wp-content\/uploads\/2025\/11\/drawing-g5317272fe_1920-e1762518424359.jpg 1000w, https:\/\/www.lamusereve.fr\/wp-content\/uploads\/2025\/11\/drawing-g5317272fe_1920-e1762518424359-300x200.jpg 300w, https:\/\/www.lamusereve.fr\/wp-content\/uploads\/2025\/11\/drawing-g5317272fe_1920-e1762518424359-768x512.jpg 768w, https:\/\/www.lamusereve.fr\/wp-content\/uploads\/2025\/11\/drawing-g5317272fe_1920-e1762518424359-400x267.jpg 400w\" sizes=\"(max-width: 1000px) 100vw, 1000px\" \/><\/figure>\n<\/div>\n<\/div><\/div>\n\n\n\n<div style=\"height:30px\" aria-hidden=\"true\" class=\"wp-block-spacer\"><\/div>\n\n\n\n<div class=\"wp-block-group alignwide is-vertical is-layout-flex wp-container-core-group-is-layout-8cf370e7 wp-block-group-is-layout-flex\">\n<p class=\"has-text-color has-link-color wp-elements-afe097fac1528c91864f099209706ebc\" style=\"color:#188282;font-size:18px\">-&gt; <a href=\"#MARS\" data-type=\"internal\" data-id=\"#MARS\">ATELIERS DE MARS<\/a><\/p>\n\n\n\n<p class=\"has-text-color has-link-color wp-elements-8370bba687ef97127e64d949c81f3f1d\" style=\"color:#188282;font-size:18px\">-&gt; <a href=\"#AVRIL\" data-type=\"internal\" data-id=\"#AVRIL\">ATELIERS D&rsquo;AVRIL<\/a><\/p>\n\n\n\n<p class=\"has-text-color has-link-color wp-elements-96c88ae9dc8b44dd4c1524aa8d232751\" style=\"color:#188282;font-size:18px\">-&gt; <a href=\"#MAI\" data-type=\"internal\" data-id=\"#F\u00c9VRIER\">ATELIERS DE MAI<\/a><\/p>\n\n\n\n<p class=\"has-text-color has-link-color wp-elements-b85162e122cf76bda106abf2fb28626a\" style=\"color:#188282;font-size:18px\">-&gt; <a href=\"#MAI\" data-type=\"internal\" data-id=\"#F\u00c9VRIER\">ATELIERS DE JUIN<\/a><\/p>\n<\/div>\n\n\n\n<div style=\"height:30px\" aria-hidden=\"true\" class=\"wp-block-spacer\"><\/div>\n\n\n\n<section id=\"wp-block-themeisle-blocks-advanced-columns-f7759f88\" class=\"wp-block-themeisle-blocks-advanced-columns alignwide has-2-columns has-desktop-equal-layout has-tablet-equal-layout has-mobile-collapsedRows-layout has-vertical-unset has-vertical-undefined has-light-bg\"><div class=\"wp-block-themeisle-blocks-advanced-columns-overlay\"><\/div><div class=\"innerblocks-wrap\">\n<div id=\"wp-block-themeisle-blocks-advanced-column-292783bd\" class=\"wp-block-themeisle-blocks-advanced-column\">\n<section id=\"wp-block-themeisle-blocks-advanced-columns-bef39533\" class=\"wp-block-themeisle-blocks-advanced-columns has-1-columns has-desktop-equal-layout has-tablet-equal-layout has-mobile-collapsedRows-layout has-vertical-center\"><div class=\"wp-block-themeisle-blocks-advanced-columns-overlay\"><\/div><div class=\"innerblocks-wrap\">\n<div id=\"wp-block-themeisle-blocks-advanced-column-70b45b6f\" class=\"wp-block-themeisle-blocks-advanced-column\">\n<h2 class=\"wp-block-heading has-text-color has-link-color wp-elements-78d651e8c622c1e94174c58a239f9395\" style=\"color:#188282\">NOUVEAU !<\/h2>\n\n\n\n<h2 class=\"wp-block-heading\">S\u00e9ance sp\u00e9ciale \u00ab\u00a0Racomptines ma muse\u00a0\u00bb<\/h2>\n\n\n\n<p style=\"font-size:16px\">Adultes et enfants s&rsquo;envolent ensemble pour un doux voyage cont\u00e9, sensoriel et musical. Une parenth\u00e8se po\u00e9tique pour profiter d\u2019un temps complice en famille.<\/p>\n\n\n\n<p style=\"font-size:16px\">Pour r\u00e9sumer, une s\u00e9ance \u00ab\u00a0<strong>Racomptines ma muse\u00a0\u00bb<\/strong>, c&rsquo;est :<\/p>\n\n\n\n<ul class=\"wp-block-list\">\n<li style=\"font-size:16px\">1 voyage cont\u00e9 avec comptines, jeux de doigts et petites histoires <\/li>\n\n\n\n<li style=\"font-size:16px\">1 temps d&rsquo;exploration sensorielle et ludique adapt\u00e9 aux tout-petits<\/li>\n<\/ul>\n\n\n\n<p style=\"font-size:15px\"><strong>Certains mercredis matins \u00e0 10h et jeudis matins \u00e0 9h30 <\/strong>(voir calendrier ci-dessous)<\/p>\n\n\n\n<p style=\"font-size:15px\">Dur\u00e9e : 35 mn<\/p>\n\n\n\n<p style=\"font-size:15px\">17 \u20ac pour un enfant avec l&rsquo;adulte accompagnateur ; 5 \u20ac pour un adulte suppl\u00e9mentaire<\/p>\n\n\n\n<div style=\"height:20px\" aria-hidden=\"true\" class=\"wp-block-spacer\"><\/div>\n\n\n\n<div class=\"wp-block-buttons is-layout-flex wp-block-buttons-is-layout-flex\">\n<div class=\"wp-block-button is-style-primary\"><a class=\"wp-block-button__link has-text-align-left has-custom-font-size wp-element-button\" href=\"https:\/\/www.lamusereve.fr\/index.php\/produit\/inscription-seance-racomptine-ma-muse-0-3-ans\/\" style=\"font-size:15px\">Je m&rsquo;inscris \u00e0 une \u00ab\u00a0Racomptines ma muse\u00a0\u00bb<\/a><\/div>\n<\/div>\n<\/div>\n<\/div><\/section>\n<\/div>\n\n\n\n<div id=\"wp-block-themeisle-blocks-advanced-column-eb08964c\" class=\"wp-block-themeisle-blocks-advanced-column\">\n<figure class=\"wp-block-image size-full is-resized\"><img decoding=\"async\" width=\"1000\" height=\"750\" data-src=\"https:\/\/www.lamusereve.fr\/wp-content\/uploads\/2025\/04\/IMG_20250917_101713_HDR-scaled-e1762870196998.jpg\" alt=\"\" class=\"wp-image-3739 lazyload\" style=\"--smush-placeholder-width: 1000px; --smush-placeholder-aspect-ratio: 1000\/750;width:487px;height:auto\" src=\"data:image\/svg+xml;base64,PHN2ZyB3aWR0aD0iMSIgaGVpZ2h0PSIxIiB4bWxucz0iaHR0cDovL3d3dy53My5vcmcvMjAwMC9zdmciPjwvc3ZnPg==\" \/><\/figure>\n<\/div>\n<\/div><\/section>\n\n\n\n<div style=\"height:30px\" aria-hidden=\"true\" class=\"wp-block-spacer\"><\/div>\n\n\n\n<h2 class=\"wp-block-heading has-text-color has-link-color wp-elements-fb889d4d15b6b8264da32f00a6821e0c\" style=\"color:#571e40\">Calendrier des ateliers<\/h2>\n\n\n\n<div style=\"height:30px\" aria-hidden=\"true\" class=\"wp-block-spacer\"><\/div>\n\n\n\n<h3 class=\"wp-block-heading has-text-color has-background has-link-color wp-elements-0a260fb1a843447d6cfdf65ca18d50b7\" id=\"MARS\" style=\"color:#571e40;background-color:#ffe1a7\">MARS 2025<\/h3>\n\n\n\n<div id=\"wp-block-themeisle-blocks-icon-list-e75e3134\" class=\"wp-block-themeisle-blocks-icon-list\">\n<div id=\"wp-block-themeisle-blocks-icon-list-item-cad567e6\" class=\"wp-block-themeisle-blocks-icon-list-item\"><i class=\"fas fa-shoe-prints wp-block-themeisle-blocks-icon-list-item-icon\"><\/i><p class=\"wp-block-themeisle-blocks-icon-list-item-content\"><strong><strong>Jeudi 12 mars<\/strong> de 10h30 \u00e0 11h15<\/strong> &#8211; Atelier <em>Que fais-tu quand je dors ?<\/em> &#8211; Collage<\/p><\/div>\n\n\n\n<div id=\"wp-block-themeisle-blocks-icon-list-item-ca5effc9\" class=\"wp-block-themeisle-blocks-icon-list-item\"><i class=\"fas fa-shoe-prints wp-block-themeisle-blocks-icon-list-item-icon\"><\/i><p class=\"wp-block-themeisle-blocks-icon-list-item-content\"><strong>Vendredi 13 mars de 10h30 \u00e0 11h15<\/strong> &#8211; Atelier <em>Que fais-tu quand je dors ?<\/em> &#8211; Collage<\/p><\/div>\n\n\n\n<div id=\"wp-block-themeisle-blocks-icon-list-item-ec50ae81\" class=\"wp-block-themeisle-blocks-icon-list-item\"><i class=\"fas fa-shoe-prints wp-block-themeisle-blocks-icon-list-item-icon\"><\/i><p class=\"wp-block-themeisle-blocks-icon-list-item-content\"><strong>Jeudi 19 mars de 10h30 \u00e0 11h15<\/strong> &#8211; Atelier <em>Que fais-tu quand je dors ?<\/em> &#8211; Collage<\/p><\/div>\n\n\n\n<div id=\"wp-block-themeisle-blocks-icon-list-item-d223df84\" class=\"wp-block-themeisle-blocks-icon-list-item\"><i class=\"fas fa-shoe-prints wp-block-themeisle-blocks-icon-list-item-icon\"><\/i><p class=\"wp-block-themeisle-blocks-icon-list-item-content\"><strong>Jeudi 26 mars de 10h30 \u00e0 11h15<\/strong> &#8211; Atelier <em>Que fais-tu quand je dors ?<\/em> &#8211; Collage<\/p><\/div>\n\n\n\n<div id=\"wp-block-themeisle-blocks-icon-list-item-28558681\" class=\"wp-block-themeisle-blocks-icon-list-item\"><i class=\"fas fa-shoe-prints wp-block-themeisle-blocks-icon-list-item-icon\"><\/i><p class=\"wp-block-themeisle-blocks-icon-list-item-content\"><strong>Vendredi 27 <strong>mars<\/strong> de 10h30 \u00e0 <strong>11h15<\/strong><\/strong> &#8211; Atelier <em>Que fais-tu quand je dors ?<\/em> &#8211; Collage<\/p><\/div>\n<\/div>\n\n\n\n<div style=\"height:30px\" aria-hidden=\"true\" class=\"wp-block-spacer\"><\/div>\n\n\n\n<h3 class=\"wp-block-heading has-text-color has-background has-link-color wp-elements-3c35279fe02a095f05f68468d23696a8\" id=\"JANVIER\" style=\"color:#571e40;background-color:#ffe1a7\">AVRIL 2026<\/h3>\n\n\n\n<div id=\"wp-block-themeisle-blocks-icon-list-1fd723c5\" class=\"wp-block-themeisle-blocks-icon-list\">\n<div id=\"wp-block-themeisle-blocks-icon-list-item-d7288a39\" class=\"wp-block-themeisle-blocks-icon-list-item\"><i class=\"fas fa-shoe-prints wp-block-themeisle-blocks-icon-list-item-icon\"><\/i><p class=\"wp-block-themeisle-blocks-icon-list-item-content\"><strong>Jeudi 2 avril de 10h30 \u00e0 11h15<\/strong> &#8211; Atelier <em>Fiesta color\u00e9e<\/em> &#8211; D\u00e9coupage, feutres<\/p><\/div>\n\n\n\n<div id=\"wp-block-themeisle-blocks-icon-list-item-f096ca27\" class=\"wp-block-themeisle-blocks-icon-list-item\"><i class=\"fas fa-shoe-prints wp-block-themeisle-blocks-icon-list-item-icon\"><\/i><p class=\"wp-block-themeisle-blocks-icon-list-item-content\"><strong><strong>Vendredi <strong><strong>3 avril <\/strong><\/strong><\/strong> de 10h30 \u00e0 <strong>11h15<\/strong><\/strong> &#8211; Atelier <em>Fiesta color\u00e9e<\/em> &#8211; D\u00e9coupage, feutres<\/p><\/div>\n\n\n\n<div id=\"wp-block-themeisle-blocks-icon-list-item-349e2a6f\" class=\"wp-block-themeisle-blocks-icon-list-item\"><i class=\"fas fa-shoe-prints wp-block-themeisle-blocks-icon-list-item-icon\"><\/i><p class=\"wp-block-themeisle-blocks-icon-list-item-content\"><strong>Vendredi 10 avril de 10h30 \u00e0 <strong>11h15<\/strong><\/strong> &#8211; Atelier <em>Fiesta color\u00e9e<\/em> &#8211; D\u00e9coupage, feutres<\/p><\/div>\n\n\n\n<div id=\"wp-block-themeisle-blocks-icon-list-item-08dbf19e\" class=\"wp-block-themeisle-blocks-icon-list-item\"><i class=\"fas fa-shoe-prints wp-block-themeisle-blocks-icon-list-item-icon\"><\/i><p class=\"wp-block-themeisle-blocks-icon-list-item-content\"><strong><strong>Jeudi 23 avril<\/strong> de 10h30 \u00e0 <strong>11h15<\/strong><\/strong> &#8211; Atelier <em>La couleur des r\u00eaves<\/em> &#8211; Tampon au pochoir<\/p><\/div>\n\n\n\n<div id=\"wp-block-themeisle-blocks-icon-list-item-7b9e0c8a\" class=\"wp-block-themeisle-blocks-icon-list-item\"><i class=\"fas fa-shoe-prints wp-block-themeisle-blocks-icon-list-item-icon\"><\/i><p class=\"wp-block-themeisle-blocks-icon-list-item-content\"><strong><strong>Vendredi 24 avril<\/strong> de 10h30 \u00e0 <strong>11h15<\/strong><\/strong> &#8211; Atelier <em>La couleur des r\u00eaves<\/em> &#8211; Tampon au pochoir<\/p><\/div>\n<\/div>\n\n\n\n<div style=\"height:30px\" aria-hidden=\"true\" class=\"wp-block-spacer\"><\/div>\n\n\n\n<h3 class=\"wp-block-heading has-text-color has-background has-link-color wp-elements-761b5ceabb8bd702fc0e734546003f76\" id=\"MAI\" style=\"color:#571e40;background-color:#ffe1a7\">MAI 2026<\/h3>\n\n\n\n<div id=\"wp-block-themeisle-blocks-icon-list-bc542b2d\" class=\"wp-block-themeisle-blocks-icon-list\">\n<div id=\"wp-block-themeisle-blocks-icon-list-item-5c0c54eb\" class=\"wp-block-themeisle-blocks-icon-list-item\"><i class=\"fas fa-shoe-prints wp-block-themeisle-blocks-icon-list-item-icon\"><\/i><p class=\"wp-block-themeisle-blocks-icon-list-item-content\"><strong><strong><strong><strong>Jeudi 7 mai de<\/strong><\/strong><\/strong> 10h30 \u00e0 <strong>11h15<\/strong><\/strong> &#8211; Atelier en lien avec l&rsquo;exposition <em>D&rsquo;amandes et de citrons<\/em><\/p><\/div>\n\n\n\n<div id=\"wp-block-themeisle-blocks-icon-list-item-c289f7b5\" class=\"wp-block-themeisle-blocks-icon-list-item\"><i class=\"fas fa-shoe-prints wp-block-themeisle-blocks-icon-list-item-icon\"><\/i><p class=\"wp-block-themeisle-blocks-icon-list-item-content\"><strong><strong><strong>Vendredi 8 mai<\/strong><\/strong> de 10h30 \u00e0 <strong>11h15<\/strong><\/strong> &#8211; Atelier en lien avec l&rsquo;exposition <em>D&rsquo;amandes et de citrons<\/em><\/p><\/div>\n\n\n\n<div id=\"wp-block-themeisle-blocks-icon-list-item-951ece44\" class=\"wp-block-themeisle-blocks-icon-list-item\"><i class=\"fas fa-shoe-prints wp-block-themeisle-blocks-icon-list-item-icon\"><\/i><p class=\"wp-block-themeisle-blocks-icon-list-item-content\"><strong><strong><strong><strong>Jeudi 14 mai de<\/strong><\/strong><\/strong> 10h30 \u00e0 <strong>11h15<\/strong><\/strong> &#8211; Atelier en lien avec l&rsquo;exposition <em>D&rsquo;amandes et de citrons<\/em><\/p><\/div>\n\n\n\n<div id=\"wp-block-themeisle-blocks-icon-list-item-701d119f\" class=\"wp-block-themeisle-blocks-icon-list-item\"><i class=\"fas fa-shoe-prints wp-block-themeisle-blocks-icon-list-item-icon\"><\/i><p class=\"wp-block-themeisle-blocks-icon-list-item-content\"><strong><strong>Jeudi 21 mai <\/strong>de 10h30 \u00e0 <strong>11h15<\/strong><\/strong> &#8211; Atelier en lien avec l&rsquo;exposition <em>D&rsquo;amandes et de citrons<\/em><\/p><\/div>\n\n\n\n<div id=\"wp-block-themeisle-blocks-icon-list-item-dbed3a98\" class=\"wp-block-themeisle-blocks-icon-list-item\"><i class=\"fas fa-shoe-prints wp-block-themeisle-blocks-icon-list-item-icon\"><\/i><p class=\"wp-block-themeisle-blocks-icon-list-item-content\"><strong><strong>Vendredi 22 mai<\/strong> de 10h30 \u00e0 <strong>11h15<\/strong><\/strong> &#8211; Atelier en lien avec l&rsquo;exposition <em>D&rsquo;amandes et de citrons<\/em><\/p><\/div>\n\n\n\n<div id=\"wp-block-themeisle-blocks-icon-list-item-5a2739aa\" class=\"wp-block-themeisle-blocks-icon-list-item\"><i class=\"fas fa-shoe-prints wp-block-themeisle-blocks-icon-list-item-icon-custom\"><\/i><p class=\"wp-block-themeisle-blocks-icon-list-item-content-custom\"><strong><strong>Jeudi 28 mai <\/strong>de 9h30 \u00e0 <strong>10h15<\/strong><\/strong> &#8211; Atelier <em>Mes saveurs color\u00e9es : un voyage au bout des doigts <\/em>&#8211; Impression &#8211; <strong>FESTIVAL DU PREMIER ROMAN<\/strong><\/p><\/div>\n\n\n\n<div id=\"wp-block-themeisle-blocks-icon-list-item-1db34a72\" class=\"wp-block-themeisle-blocks-icon-list-item\"><i class=\"fas fa-shoe-prints wp-block-themeisle-blocks-icon-list-item-icon-custom\"><\/i><p class=\"wp-block-themeisle-blocks-icon-list-item-content-custom\"><strong><strong>Jeudi 28 mai <\/strong>de 10h30 \u00e0 <strong>11h15<\/strong><\/strong> &#8211; Atelier <em>Mes saveurs color\u00e9es : un voyage au bout des doigts <\/em>&#8211; Impression &#8211; <strong>FESTIVAL DU PREMIER ROMAN<\/strong><\/p><\/div>\n\n\n\n<div id=\"wp-block-themeisle-blocks-icon-list-item-62bf0dab\" class=\"wp-block-themeisle-blocks-icon-list-item\"><i class=\"fas fa-shoe-prints wp-block-themeisle-blocks-icon-list-item-icon-custom\"><\/i><p class=\"wp-block-themeisle-blocks-icon-list-item-content-custom\"><strong><strong>Vendredi 29 mai <\/strong>de 9h30 \u00e0 <strong>10h15<\/strong><\/strong> &#8211; Atelier <em>Mes saveurs color\u00e9es : un voyage au bout des doigts <\/em>&#8211; Impression &#8211; <strong>FESTIVAL DU PREMIER ROMAN<\/strong><\/p><\/div>\n\n\n\n<div id=\"wp-block-themeisle-blocks-icon-list-item-6c3ae73f\" class=\"wp-block-themeisle-blocks-icon-list-item\"><i class=\"fas fa-shoe-prints wp-block-themeisle-blocks-icon-list-item-icon-custom\"><\/i><p class=\"wp-block-themeisle-blocks-icon-list-item-content-custom\"><strong><strong>Vendredi 29 mai <\/strong>de 10h30 \u00e0 <strong>11h15<\/strong><\/strong> &#8211; Atelier <em>Mes saveurs color\u00e9es : un voyage au bout des doigts <\/em>&#8211; Impression &#8211; <strong>FESTIVAL DU PREMIER ROMAN<\/strong><\/p><\/div>\n\n\n\n<div id=\"wp-block-themeisle-blocks-icon-list-item-8ac4777c\" class=\"wp-block-themeisle-blocks-icon-list-item\"><i class=\"fas fa-shoe-prints wp-block-themeisle-blocks-icon-list-item-icon-custom\"><\/i><p class=\"wp-block-themeisle-blocks-icon-list-item-content-custom\"><strong><strong>Samedi 30 mai <\/strong>de 10h \u00e0 <strong>10h45<\/strong><\/strong> &#8211; Atelier <em>Mes saveurs color\u00e9es : un voyage au bout des doigts <\/em>&#8211; Impression &#8211; <strong>FESTIVAL DU PREMIER ROMAN<\/strong><\/p><\/div>\n<\/div>\n\n\n\n<div style=\"height:30px\" aria-hidden=\"true\" class=\"wp-block-spacer\"><\/div>\n\n\n\n<h3 class=\"wp-block-heading has-text-color has-background has-link-color wp-elements-6c53b96da0e817dd0f1e02cc96ab2d40\" id=\"JUIN\" style=\"color:#571e40;background-color:#ffe1a7\">JUIN 2026<\/h3>\n\n\n\n<div id=\"wp-block-themeisle-blocks-icon-list-de668078\" class=\"wp-block-themeisle-blocks-icon-list\">\n<div id=\"wp-block-themeisle-blocks-icon-list-item-16ce28dc\" class=\"wp-block-themeisle-blocks-icon-list-item\"><i class=\"fas fa-shoe-prints wp-block-themeisle-blocks-icon-list-item-icon\"><\/i><p class=\"wp-block-themeisle-blocks-icon-list-item-content\"><strong><strong><strong><strong><strong><strong><strong><strong><strong>Jeudi 4 juin<\/strong><\/strong><\/strong><\/strong><\/strong> de<\/strong><\/strong><\/strong> 10h30 \u00e0 <strong>11h15<\/strong><\/strong> &#8211; Atelier en lien avec l&rsquo;exposition <em>D&rsquo;amandes et de citrons <\/em>(sous r\u00e9serve)<\/p><\/div>\n\n\n\n<div id=\"wp-block-themeisle-blocks-icon-list-item-a78e37d4\" class=\"wp-block-themeisle-blocks-icon-list-item\"><i class=\"fas fa-shoe-prints wp-block-themeisle-blocks-icon-list-item-icon\"><\/i><p class=\"wp-block-themeisle-blocks-icon-list-item-content\"><strong><strong><strong><strong><strong><strong><strong><strong><strong><strong><strong><strong><strong><strong>Jeudi 11 juin<\/strong><\/strong><\/strong><\/strong><\/strong><\/strong><\/strong><\/strong><\/strong><\/strong> de<\/strong><\/strong><\/strong> 10h30 \u00e0 <strong>11h15<\/strong><\/strong> &#8211; Atelier en lien avec l&rsquo;exposition <em>D&rsquo;amandes et de citrons<\/em><\/p><\/div>\n\n\n\n<div id=\"wp-block-themeisle-blocks-icon-list-item-41a71311\" class=\"wp-block-themeisle-blocks-icon-list-item\"><i class=\"fas fa-shoe-prints wp-block-themeisle-blocks-icon-list-item-icon\"><\/i><p class=\"wp-block-themeisle-blocks-icon-list-item-content\"><strong><strong><strong>Vendredi <strong><strong>12 <strong><strong><strong>juin<\/strong><\/strong><\/strong><\/strong><\/strong><\/strong><\/strong> de 10h30 \u00e0 <strong>11h15<\/strong><\/strong> &#8211; Atelier en lien avec l&rsquo;exposition <em>D&rsquo;amandes et de citrons<\/em><\/p><\/div>\n\n\n\n<div id=\"wp-block-themeisle-blocks-icon-list-item-a3583510\" class=\"wp-block-themeisle-blocks-icon-list-item\"><i class=\"fas fa-shoe-prints wp-block-themeisle-blocks-icon-list-item-icon\"><\/i><p class=\"wp-block-themeisle-blocks-icon-list-item-content\"><strong><strong><strong><strong>Jeudi <strong><strong><strong>18 juin<\/strong><\/strong><\/strong><\/strong><\/strong><\/strong><\/strong> <strong><strong><strong><strong>de<\/strong><\/strong><\/strong> 10h30 \u00e0 <strong>11h15<\/strong><\/strong> &#8211; Atelier en lien avec l&rsquo;exposition <em>D&rsquo;amandes et de citrons<\/em><\/p><\/div>\n\n\n\n<div id=\"wp-block-themeisle-blocks-icon-list-item-cac1ec67\" class=\"wp-block-themeisle-blocks-icon-list-item\"><i class=\"fas fa-shoe-prints wp-block-themeisle-blocks-icon-list-item-icon\"><\/i><p class=\"wp-block-themeisle-blocks-icon-list-item-content\"><strong>Vendredi <strong>19 juin<\/strong> de 10h30 \u00e0 11h15<\/strong> &#8211; Atelier en lien avec l&rsquo;exposition <em>D&rsquo;amandes et de citrons<\/em><\/p><\/div>\n\n\n\n<div id=\"wp-block-themeisle-blocks-icon-list-item-6fe5fc84\" class=\"wp-block-themeisle-blocks-icon-list-item\"><i class=\"fas fa-shoe-prints wp-block-themeisle-blocks-icon-list-item-icon\"><\/i><p class=\"wp-block-themeisle-blocks-icon-list-item-content\"><strong><strong>Jeudi <strong><strong><strong>25 juin<\/strong><\/strong><\/strong><\/strong><\/strong> <strong>de 10h30 \u00e0 <strong>11h15<\/strong><\/strong> &#8211; Atelier en lien avec l&rsquo;exposition <em>D&rsquo;amandes et de citrons<\/em><\/p><\/div>\n\n\n\n<div id=\"wp-block-themeisle-blocks-icon-list-item-42209510\" class=\"wp-block-themeisle-blocks-icon-list-item\"><i class=\"fas fa-shoe-prints wp-block-themeisle-blocks-icon-list-item-icon\"><\/i><p class=\"wp-block-themeisle-blocks-icon-list-item-content\"><strong><strong>Vendredi <strong>26 juin<\/strong><\/strong> de 10h30 \u00e0 <strong>11h15<\/strong><\/strong> &#8211; Atelier en lien avec l&rsquo;exposition <em>D&rsquo;amandes et de citrons<\/em><\/p><\/div>\n<\/div>\n\n\n\n<div style=\"height:70px\" aria-hidden=\"true\" class=\"wp-block-spacer\"><\/div>\n\n\n\n<p><\/p>\n","protected":false},"excerpt":{"rendered":"<p>-&gt; ATELIERS DE MARS -&gt; ATELIERS D&rsquo;AVRIL -&gt; ATELIERS DE MAI -&gt; ATELIERS DE JUIN Calendrier des ateliers MARS 2025 AVRIL 2026 MAI 2026 JUIN 2026<\/p>\n","protected":false},"author":3,"featured_media":0,"parent":0,"menu_order":0,"comment_status":"closed","ping_status":"closed","template":"","meta":{"ocean_post_layout":"","ocean_both_sidebars_style":"","ocean_both_sidebars_content_width":0,"ocean_both_sidebars_sidebars_width":0,"ocean_sidebar":"","ocean_second_sidebar":"","ocean_disable_margins":"enable","ocean_add_body_class":"","ocean_shortcode_before_top_bar":"","ocean_shortcode_after_top_bar":"","ocean_shortcode_before_header":"","ocean_shortcode_after_header":"","ocean_has_shortcode":"","ocean_shortcode_after_title":"","ocean_shortcode_before_footer_widgets":"","ocean_shortcode_after_footer_widgets":"","ocean_shortcode_before_footer_bottom":"","ocean_shortcode_after_footer_bottom":"","ocean_display_top_bar":"default","ocean_display_header":"default","ocean_header_style":"","ocean_center_header_left_menu":"","ocean_custom_header_template":"","ocean_custom_logo":0,"ocean_custom_retina_logo":0,"ocean_custom_logo_max_width":0,"ocean_custom_logo_tablet_max_width":0,"ocean_custom_logo_mobile_max_width":0,"ocean_custom_logo_max_height":0,"ocean_custom_logo_tablet_max_height":0,"ocean_custom_logo_mobile_max_height":0,"ocean_header_custom_menu":"","ocean_menu_typo_font_family":"","ocean_menu_typo_font_subset":"","ocean_menu_typo_font_size":0,"ocean_menu_typo_font_size_tablet":0,"ocean_menu_typo_font_size_mobile":0,"ocean_menu_typo_font_size_unit":"px","ocean_menu_typo_font_weight":"","ocean_menu_typo_font_weight_tablet":"","ocean_menu_typo_font_weight_mobile":"","ocean_menu_typo_transform":"","ocean_menu_typo_transform_tablet":"","ocean_menu_typo_transform_mobile":"","ocean_menu_typo_line_height":0,"ocean_menu_typo_line_height_tablet":0,"ocean_menu_typo_line_height_mobile":0,"ocean_menu_typo_line_height_unit":"","ocean_menu_typo_spacing":0,"ocean_menu_typo_spacing_tablet":0,"ocean_menu_typo_spacing_mobile":0,"ocean_menu_typo_spacing_unit":"","ocean_menu_link_color":"","ocean_menu_link_color_hover":"","ocean_menu_link_color_active":"","ocean_menu_link_background":"","ocean_menu_link_hover_background":"","ocean_menu_link_active_background":"","ocean_menu_social_links_bg":"","ocean_menu_social_hover_links_bg":"","ocean_menu_social_links_color":"","ocean_menu_social_hover_links_color":"","ocean_disable_title":"default","ocean_disable_heading":"default","ocean_post_title":"","ocean_post_subheading":"","ocean_post_title_style":"","ocean_post_title_background_color":"","ocean_post_title_background":0,"ocean_post_title_bg_image_position":"","ocean_post_title_bg_image_attachment":"","ocean_post_title_bg_image_repeat":"","ocean_post_title_bg_image_size":"","ocean_post_title_height":0,"ocean_post_title_bg_overlay":0.5,"ocean_post_title_bg_overlay_color":"","ocean_disable_breadcrumbs":"default","ocean_breadcrumbs_color":"","ocean_breadcrumbs_separator_color":"","ocean_breadcrumbs_links_color":"","ocean_breadcrumbs_links_hover_color":"","ocean_display_footer_widgets":"default","ocean_display_footer_bottom":"default","ocean_custom_footer_template":"","_themeisle_gutenberg_block_has_review":false,"footnotes":""},"class_list":["post-37","page","type-page","status-publish","hentry","entry","owp-thumbs-layout-horizontal","owp-btn-normal","owp-tabs-layout-horizontal","has-no-thumbnails","has-product-nav","circle-sale"],"jetpack_sharing_enabled":true,"_links":{"self":[{"href":"https:\/\/www.lamusereve.fr\/index.php\/wp-json\/wp\/v2\/pages\/37","targetHints":{"allow":["GET"]}}],"collection":[{"href":"https:\/\/www.lamusereve.fr\/index.php\/wp-json\/wp\/v2\/pages"}],"about":[{"href":"https:\/\/www.lamusereve.fr\/index.php\/wp-json\/wp\/v2\/types\/page"}],"author":[{"embeddable":true,"href":"https:\/\/www.lamusereve.fr\/index.php\/wp-json\/wp\/v2\/users\/3"}],"replies":[{"embeddable":true,"href":"https:\/\/www.lamusereve.fr\/index.php\/wp-json\/wp\/v2\/comments?post=37"}],"version-history":[{"count":127,"href":"https:\/\/www.lamusereve.fr\/index.php\/wp-json\/wp\/v2\/pages\/37\/revisions"}],"predecessor-version":[{"id":4446,"href":"https:\/\/www.lamusereve.fr\/index.php\/wp-json\/wp\/v2\/pages\/37\/revisions\/4446"}],"wp:attachment":[{"href":"https:\/\/www.lamusereve.fr\/index.php\/wp-json\/wp\/v2\/media?parent=37"}],"curies":[{"name":"wp","href":"https:\/\/api.w.org\/{rel}","templated":true}]}}