{"id":3607,"date":"2025-11-03T10:11:43","date_gmt":"2025-11-03T09:11:43","guid":{"rendered":"https:\/\/www.lamusereve.fr\/?page_id=3607"},"modified":"2025-11-03T10:11:43","modified_gmt":"2025-11-03T09:11:43","slug":"cest-notre-arbre","status":"publish","type":"page","link":"https:\/\/www.lamusereve.fr\/index.php\/cest-notre-arbre\/","title":{"rendered":"C&rsquo;est NOTRE arbre"},"content":{"rendered":"\n<div class=\"wp-block-media-text is-stacked-on-mobile is-vertically-aligned-center has-background\" style=\"background-color:#e5945d;grid-template-columns:40% auto\"><figure class=\"wp-block-media-text__media\"><img fetchpriority=\"high\" decoding=\"async\" width=\"827\" height=\"827\" src=\"https:\/\/www.lamusereve.fr\/wp-content\/uploads\/2025\/07\/Visuel-expo-Cest-NOTRE-arbre-VF.jpg\" alt=\"\" class=\"wp-image-2653 size-full\" srcset=\"https:\/\/www.lamusereve.fr\/wp-content\/uploads\/2025\/07\/Visuel-expo-Cest-NOTRE-arbre-VF.jpg 827w, https:\/\/www.lamusereve.fr\/wp-content\/uploads\/2025\/07\/Visuel-expo-Cest-NOTRE-arbre-VF-300x300.jpg 300w, https:\/\/www.lamusereve.fr\/wp-content\/uploads\/2025\/07\/Visuel-expo-Cest-NOTRE-arbre-VF-150x150.jpg 150w, https:\/\/www.lamusereve.fr\/wp-content\/uploads\/2025\/07\/Visuel-expo-Cest-NOTRE-arbre-VF-768x768.jpg 768w, https:\/\/www.lamusereve.fr\/wp-content\/uploads\/2025\/07\/Visuel-expo-Cest-NOTRE-arbre-VF-600x600.jpg 600w, https:\/\/www.lamusereve.fr\/wp-content\/uploads\/2025\/07\/Visuel-expo-Cest-NOTRE-arbre-VF-400x400.jpg 400w, https:\/\/www.lamusereve.fr\/wp-content\/uploads\/2025\/07\/Visuel-expo-Cest-NOTRE-arbre-VF-100x100.jpg 100w\" sizes=\"(max-width: 827px) 100vw, 827px\" \/><\/figure><div class=\"wp-block-media-text__content\">\n<div style=\"height:20px\" aria-hidden=\"true\" class=\"wp-block-spacer\"><\/div>\n\n\n\n<h1 class=\"wp-block-heading has-text-color has-link-color wp-elements-dfc9502c350046700b16f059d8a08557\" style=\"color:#ffe1a7\"><em><strong><strong><em>C&rsquo;est NOTRE arbre <\/em><\/strong><\/strong><\/em><\/h1>\n\n\n\n<h3 class=\"wp-block-heading has-text-color has-link-color wp-elements-046e568895c27f5494a25aa75501fa87\" style=\"color:#2b4949\"><strong>Du 3 septembre au 31 octobre 2025<\/strong><\/h3>\n\n\n\n<div id=\"wp-block-themeisle-blocks-icon-list-d4a8cc47\" class=\"wp-block-themeisle-blocks-icon-list\">\n<div id=\"wp-block-themeisle-blocks-icon-list-item-f8dea9c4\" class=\"wp-block-themeisle-blocks-icon-list-item\"><i class=\"fas fa-book wp-block-themeisle-blocks-icon-list-item-icon-custom\"><\/i><p class=\"wp-block-themeisle-blocks-icon-list-item-content-custom\">60 ans d&rsquo;\u00e9dition jeunesse, \u00e7a se f\u00eate ! <\/p><\/div>\n<\/div>\n\n\n\n<p class=\"has-text-color has-link-color wp-elements-50a335f230dbf89e609f0e8ee248d7f5\" style=\"color:#ffe1a7;font-size:14px\">Exposition hommage \u00e0 la maison d&rsquo;\u00e9dition L&rsquo;\u00c9cole des loisirs  <\/p>\n\n\n\n<p class=\"has-text-color has-link-color wp-elements-dc3c9c8a84bded3871173538b6607df8\" style=\"color:#2b4949;font-size:14px\">Avec des planches grand format de ses albums phares abordant la th\u00e9matique de <strong>l&rsquo;arbre<\/strong>.<\/p>\n\n\n\n<p class=\"has-text-color has-link-color wp-elements-58470df4ece47642029b455aaad382de\" style=\"color:#2b4949;font-size:14px\"><strong>\u00c0 travers l\u2019arbre se lisent les saisons, le passage du temps, la r\u00e9g\u00e9n\u00e9ration. Il est notre respiration. Il nous offre du bois, des fruits, des feuillages pour nourrir les animaux, il nous procure de l\u2019ombre et de l\u2019air.<br>Sans lui, notre vie sur terre serait impossible. Si l\u2019arbre inspire tant les auteurs, c\u2019est aussi par sa puissance symbolique : l\u2019arbre est l\u2019espace de l\u2019enfance et la m\u00e9taphore de la croissance. Regarder les arbres, s\u2019impr\u00e9gner de leur beaut\u00e9, de leur sagesse et de leur solidit\u00e9 procure un bonheur simple et immense.<br>Ils nous pr\u00e9c\u00e8dent et nous survivent bien souvent.<br>Immobiles mais bouillonnants.<\/strong><\/p>\n\n\n\n<p class=\"has-text-color has-link-color wp-elements-7552e111c0bc00c2e9d4c747a2120906\" style=\"color:#2b4949;font-size:14px\">Th\u00e8mes : arbre, nature, for\u00eat, saisons, biodiversit\u00e9, protection, environnement, vivre ensemble<\/p>\n\n\n\n<p>Artistes \u00e0 l&rsquo;honneur : <strong>Jeanne ASHB\u00c9, Marc BOUTAVANT, Anne BROUILLARD, Christine DAVENIER, Juliette LAGRANGE, Emmanuel LECAYE, Gerda MULLER, Claude PONTI<\/strong><\/p>\n\n\n\n<div style=\"height:20px\" aria-hidden=\"true\" class=\"wp-block-spacer\"><\/div>\n<\/div><\/div>\n\n\n\n<div style=\"height:100px\" aria-hidden=\"true\" class=\"wp-block-spacer\"><\/div>\n\n\n\n<figure class=\"wp-block-gallery has-nested-images columns-default is-cropped is-style-rectangular wp-block-gallery-1 is-layout-flex wp-block-gallery-is-layout-flex\">\n<figure class=\"wp-block-image size-full\"><img decoding=\"async\" width=\"2560\" height=\"1181\" data-id=\"2669\" data-src=\"https:\/\/www.lamusereve.fr\/wp-content\/uploads\/2025\/07\/Muller-1-scaled.jpg\" alt=\"\" class=\"wp-image-2669 lazyload\" data-srcset=\"https:\/\/www.lamusereve.fr\/wp-content\/uploads\/2025\/07\/Muller-1-scaled.jpg 2560w, https:\/\/www.lamusereve.fr\/wp-content\/uploads\/2025\/07\/Muller-1-300x138.jpg 300w, https:\/\/www.lamusereve.fr\/wp-content\/uploads\/2025\/07\/Muller-1-1024x473.jpg 1024w, https:\/\/www.lamusereve.fr\/wp-content\/uploads\/2025\/07\/Muller-1-768x354.jpg 768w, https:\/\/www.lamusereve.fr\/wp-content\/uploads\/2025\/07\/Muller-1-1536x709.jpg 1536w, https:\/\/www.lamusereve.fr\/wp-content\/uploads\/2025\/07\/Muller-1-2048x945.jpg 2048w, https:\/\/www.lamusereve.fr\/wp-content\/uploads\/2025\/07\/Muller-1-400x185.jpg 400w\" data-sizes=\"(max-width: 2560px) 100vw, 2560px\" src=\"data:image\/svg+xml;base64,PHN2ZyB3aWR0aD0iMSIgaGVpZ2h0PSIxIiB4bWxucz0iaHR0cDovL3d3dy53My5vcmcvMjAwMC9zdmciPjwvc3ZnPg==\" style=\"--smush-placeholder-width: 2560px; --smush-placeholder-aspect-ratio: 2560\/1181;\" \/><\/figure>\n\n\n\n<figure class=\"wp-block-image size-full\"><img decoding=\"async\" width=\"1771\" height=\"1771\" data-id=\"2663\" data-src=\"https:\/\/www.lamusereve.fr\/wp-content\/uploads\/2025\/07\/Boutavant-edited.jpg\" alt=\"\" class=\"wp-image-2663 lazyload\" data-srcset=\"https:\/\/www.lamusereve.fr\/wp-content\/uploads\/2025\/07\/Boutavant-edited.jpg 1771w, https:\/\/www.lamusereve.fr\/wp-content\/uploads\/2025\/07\/Boutavant-edited-300x300.jpg 300w, https:\/\/www.lamusereve.fr\/wp-content\/uploads\/2025\/07\/Boutavant-edited-1024x1024.jpg 1024w, https:\/\/www.lamusereve.fr\/wp-content\/uploads\/2025\/07\/Boutavant-edited-150x150.jpg 150w, https:\/\/www.lamusereve.fr\/wp-content\/uploads\/2025\/07\/Boutavant-edited-768x768.jpg 768w, https:\/\/www.lamusereve.fr\/wp-content\/uploads\/2025\/07\/Boutavant-edited-1536x1536.jpg 1536w, https:\/\/www.lamusereve.fr\/wp-content\/uploads\/2025\/07\/Boutavant-edited-600x600.jpg 600w, https:\/\/www.lamusereve.fr\/wp-content\/uploads\/2025\/07\/Boutavant-edited-400x400.jpg 400w, https:\/\/www.lamusereve.fr\/wp-content\/uploads\/2025\/07\/Boutavant-edited-100x100.jpg 100w\" data-sizes=\"(max-width: 1771px) 100vw, 1771px\" src=\"data:image\/svg+xml;base64,PHN2ZyB3aWR0aD0iMSIgaGVpZ2h0PSIxIiB4bWxucz0iaHR0cDovL3d3dy53My5vcmcvMjAwMC9zdmciPjwvc3ZnPg==\" style=\"--smush-placeholder-width: 1771px; --smush-placeholder-aspect-ratio: 1771\/1771;\" \/><\/figure>\n\n\n\n<figure class=\"wp-block-image size-full\"><img decoding=\"async\" width=\"2560\" height=\"1792\" data-id=\"2662\" data-src=\"https:\/\/www.lamusereve.fr\/wp-content\/uploads\/2025\/07\/Davenier-scaled.jpg\" alt=\"\" class=\"wp-image-2662 lazyload\" data-srcset=\"https:\/\/www.lamusereve.fr\/wp-content\/uploads\/2025\/07\/Davenier-scaled.jpg 2560w, https:\/\/www.lamusereve.fr\/wp-content\/uploads\/2025\/07\/Davenier-300x210.jpg 300w, https:\/\/www.lamusereve.fr\/wp-content\/uploads\/2025\/07\/Davenier-1024x717.jpg 1024w, https:\/\/www.lamusereve.fr\/wp-content\/uploads\/2025\/07\/Davenier-768x538.jpg 768w, https:\/\/www.lamusereve.fr\/wp-content\/uploads\/2025\/07\/Davenier-1536x1075.jpg 1536w, https:\/\/www.lamusereve.fr\/wp-content\/uploads\/2025\/07\/Davenier-2048x1434.jpg 2048w, https:\/\/www.lamusereve.fr\/wp-content\/uploads\/2025\/07\/Davenier-400x280.jpg 400w\" data-sizes=\"(max-width: 2560px) 100vw, 2560px\" src=\"data:image\/svg+xml;base64,PHN2ZyB3aWR0aD0iMSIgaGVpZ2h0PSIxIiB4bWxucz0iaHR0cDovL3d3dy53My5vcmcvMjAwMC9zdmciPjwvc3ZnPg==\" style=\"--smush-placeholder-width: 2560px; --smush-placeholder-aspect-ratio: 2560\/1792;\" \/><\/figure>\n\n\n\n<figure class=\"wp-block-image size-full\"><img decoding=\"async\" width=\"2560\" height=\"1792\" data-id=\"2665\" data-src=\"https:\/\/www.lamusereve.fr\/wp-content\/uploads\/2025\/07\/Ashbe-1-scaled.jpg\" alt=\"\" class=\"wp-image-2665 lazyload\" data-srcset=\"https:\/\/www.lamusereve.fr\/wp-content\/uploads\/2025\/07\/Ashbe-1-scaled.jpg 2560w, https:\/\/www.lamusereve.fr\/wp-content\/uploads\/2025\/07\/Ashbe-1-300x210.jpg 300w, https:\/\/www.lamusereve.fr\/wp-content\/uploads\/2025\/07\/Ashbe-1-1024x717.jpg 1024w, https:\/\/www.lamusereve.fr\/wp-content\/uploads\/2025\/07\/Ashbe-1-768x538.jpg 768w, https:\/\/www.lamusereve.fr\/wp-content\/uploads\/2025\/07\/Ashbe-1-1536x1075.jpg 1536w, https:\/\/www.lamusereve.fr\/wp-content\/uploads\/2025\/07\/Ashbe-1-2048x1434.jpg 2048w, https:\/\/www.lamusereve.fr\/wp-content\/uploads\/2025\/07\/Ashbe-1-400x280.jpg 400w\" data-sizes=\"(max-width: 2560px) 100vw, 2560px\" src=\"data:image\/svg+xml;base64,PHN2ZyB3aWR0aD0iMSIgaGVpZ2h0PSIxIiB4bWxucz0iaHR0cDovL3d3dy53My5vcmcvMjAwMC9zdmciPjwvc3ZnPg==\" style=\"--smush-placeholder-width: 2560px; --smush-placeholder-aspect-ratio: 2560\/1792;\" \/><\/figure>\n\n\n\n<figure class=\"wp-block-image size-full\"><img decoding=\"async\" width=\"2560\" height=\"1792\" data-id=\"2666\" data-src=\"https:\/\/www.lamusereve.fr\/wp-content\/uploads\/2025\/07\/Brouillard-1-scaled.jpg\" alt=\"\" class=\"wp-image-2666 lazyload\" data-srcset=\"https:\/\/www.lamusereve.fr\/wp-content\/uploads\/2025\/07\/Brouillard-1-scaled.jpg 2560w, https:\/\/www.lamusereve.fr\/wp-content\/uploads\/2025\/07\/Brouillard-1-300x210.jpg 300w, https:\/\/www.lamusereve.fr\/wp-content\/uploads\/2025\/07\/Brouillard-1-1024x717.jpg 1024w, https:\/\/www.lamusereve.fr\/wp-content\/uploads\/2025\/07\/Brouillard-1-768x538.jpg 768w, https:\/\/www.lamusereve.fr\/wp-content\/uploads\/2025\/07\/Brouillard-1-1536x1075.jpg 1536w, https:\/\/www.lamusereve.fr\/wp-content\/uploads\/2025\/07\/Brouillard-1-2048x1434.jpg 2048w, https:\/\/www.lamusereve.fr\/wp-content\/uploads\/2025\/07\/Brouillard-1-400x280.jpg 400w\" data-sizes=\"(max-width: 2560px) 100vw, 2560px\" src=\"data:image\/svg+xml;base64,PHN2ZyB3aWR0aD0iMSIgaGVpZ2h0PSIxIiB4bWxucz0iaHR0cDovL3d3dy53My5vcmcvMjAwMC9zdmciPjwvc3ZnPg==\" style=\"--smush-placeholder-width: 2560px; --smush-placeholder-aspect-ratio: 2560\/1792;\" \/><\/figure>\n<\/figure>\n\n\n\n<p style=\"font-size:12px\">Cr\u00e9dits images : \u00a9L&rsquo;\u00c9cole des loisirs<\/p>\n\n\n\n<div style=\"height:30px\" aria-hidden=\"true\" class=\"wp-block-spacer\"><\/div>\n\n\n\n<h2 class=\"wp-block-heading\">L&rsquo;\u00e9diteur<\/h2>\n\n\n\n<div class=\"wp-block-columns are-vertically-aligned-center has-background is-layout-flex wp-container-core-columns-is-layout-3da6863c wp-block-columns-is-layout-flex\" style=\"background-color:#e5945d\">\n<div class=\"wp-block-column is-layout-flow wp-block-column-is-layout-flow\" style=\"flex-basis:50px\"><\/div>\n\n\n\n<div class=\"wp-block-column is-vertically-aligned-center is-layout-flow wp-block-column-is-layout-flow\" style=\"flex-basis:450px\">\n<div style=\"height:30px\" aria-hidden=\"true\" class=\"wp-block-spacer\"><\/div>\n\n\n\n<h2 class=\"wp-block-heading has-text-color has-link-color wp-elements-d53ac0bfb0bda14e73f3d0cd9a1cf914\" style=\"color:#ffe1a7\">L&rsquo;\u00c9cole des loisirs<\/h2>\n\n\n\n<p class=\"has-text-align-left has-text-color has-link-color wp-elements-61d4845079112881a6e8cf5491946d20\" style=\"color:#2b4949\"><em>Depuis 1965, \u00e9diteur d\u2019histoires qui ouvrent en grand le c\u0153ur et l&rsquo;esprit des enfants&nbsp;!<\/em><\/p>\n\n\n\n<p class=\"has-text-color has-link-color wp-elements-a777a81998bebf82ed40cff62e86b0a3\" style=\"color:#2b4949\">\u00ab\u00a0Notre projet est celui de l\u2019\u00e9mancipation de chacun par l\u2019\u00e9ducation, le plaisir et la culture, quel que soit son \u00e2ge, son parcours, son lieu de vie, que l\u2019on soit d\u00e9j\u00e0 lecteur ou en devenir.<br>Pour nous, le compagnonnage des histoires, des \u0153uvres, des sensibilit\u00e9s artistiques, contribue \u00e0 se forger un chemin singulier, une autonomie de pens\u00e9e et un confort \u00e9motionnel. Une voie essentielle quand on est encore enfant et pr\u00e9cieuse tout au long de sa vie. C\u2019est ce chemin que le groupe l\u2019\u00e9cole des loisirs propose de parcourir ensemble : enfants, parents, familles, enseignants, soignants, m\u00e9diateurs du livre et professionnels de l\u2019enfance.<\/p>\n\n\n\n<details class=\"wp-block-details is-layout-flow wp-block-details-is-layout-flow\"><summary>Lire la suite<\/summary>\n<p class=\"has-text-align-left has-text-color has-link-color wp-elements-580c3eb0e1360b131a6ffe34287a6a5b\" style=\"color:#2b4949\">Ainsi, aux c\u00f4t\u00e9s des auteurs qui nous confient leurs imaginaires, nous nous employons \u00e0 proposer, pour chacune et chacun, une litt\u00e9rature lue, racont\u00e9e, parfois m\u00eame jou\u00e9e et chant\u00e9e qui met en mouvement, en \u00e9motions et en lien. Notre engagement pour l&rsquo;enfance se d\u00e9ploie aujourd&rsquo;hui sous de multiples formes.\u00a0\u00bb&nbsp;(extrait du site de l&rsquo;\u00e9diteur)<\/p>\n<\/details>\n\n\n\n<div id=\"wp-block-themeisle-blocks-icon-list-e996d773\" class=\"wp-block-themeisle-blocks-icon-list\">\n<div id=\"wp-block-themeisle-blocks-icon-list-item-b256be90\" class=\"wp-block-themeisle-blocks-icon-list-item\"><i class=\"far fa-address-card wp-block-themeisle-blocks-icon-list-item-icon\"><\/i><p class=\"wp-block-themeisle-blocks-icon-list-item-content\">> <a href=\"https:\/\/www.lamusereve.fr\/wp-content\/uploads\/2025\/08\/Bio-EDL.pdf\"><em>Lire notre bio de l&rsquo;\u00e9diteur<\/em><\/a><\/p><\/div>\n\n\n\n<div id=\"wp-block-themeisle-blocks-icon-list-item-da53880f\" class=\"wp-block-themeisle-blocks-icon-list-item\"><i class=\"fas fa-book wp-block-themeisle-blocks-icon-list-item-icon\"><\/i><p class=\"wp-block-themeisle-blocks-icon-list-item-content\"><em>> <a href=\"https:\/\/www.ecoledesloisirs.fr\/\">Voir le site de l&rsquo;\u00e9diteur<\/a><\/em><\/p><\/div>\n\n\n\n<div id=\"wp-block-themeisle-blocks-icon-list-item-daecb956\" class=\"wp-block-themeisle-blocks-icon-list-item\"><i class=\"fas fa-podcast wp-block-themeisle-blocks-icon-list-item-icon\"><\/i><p class=\"wp-block-themeisle-blocks-icon-list-item-content\"><em>> <a href=\"https:\/\/www.ecoledesloisirs.fr\/podcasts\/grand\">\u00c9couter le podcast GRAND de l&rsquo;\u00c9cole des loisirs<\/a><\/em><\/p><\/div>\n<\/div>\n\n\n\n<div style=\"height:30px\" aria-hidden=\"true\" class=\"wp-block-spacer\"><\/div>\n<\/div>\n\n\n\n<div class=\"wp-block-column is-vertically-aligned-center is-layout-flow wp-block-column-is-layout-flow\"><div class=\"wp-block-image\">\n<figure class=\"aligncenter size-full is-resized has-custom-border\"><img decoding=\"async\" width=\"203\" height=\"203\" data-src=\"https:\/\/www.lamusereve.fr\/wp-content\/uploads\/2025\/07\/logo-ecole-des-loisirs-circle.png\" alt=\"\" class=\"wp-image-2647 lazyload\" style=\"--smush-placeholder-width: 203px; --smush-placeholder-aspect-ratio: 203\/203;border-style:none;border-width:0px;border-radius:100em;object-fit:cover;width:226px;height:auto\" data-srcset=\"https:\/\/www.lamusereve.fr\/wp-content\/uploads\/2025\/07\/logo-ecole-des-loisirs-circle.png 203w, https:\/\/www.lamusereve.fr\/wp-content\/uploads\/2025\/07\/logo-ecole-des-loisirs-circle-150x150.png 150w, https:\/\/www.lamusereve.fr\/wp-content\/uploads\/2025\/07\/logo-ecole-des-loisirs-circle-100x100.png 100w\" data-sizes=\"(max-width: 203px) 100vw, 203px\" src=\"data:image\/svg+xml;base64,PHN2ZyB3aWR0aD0iMSIgaGVpZ2h0PSIxIiB4bWxucz0iaHR0cDovL3d3dy53My5vcmcvMjAwMC9zdmciPjwvc3ZnPg==\" \/><\/figure>\n<\/div><\/div>\n<\/div>\n\n\n\n<div style=\"height:80px\" aria-hidden=\"true\" class=\"wp-block-spacer\"><\/div>\n\n\n\n<h2 class=\"wp-block-heading\">Nos livres coups de c\u0153ur de l&rsquo;exposition<\/h2>\n\n\n\n<div class=\"wp-block-media-text is-stacked-on-mobile is-vertically-aligned-top has-background\" style=\"background-color:#e5945d;grid-template-columns:19% auto\"><figure class=\"wp-block-media-text__media\"><img decoding=\"async\" width=\"1024\" height=\"1024\" data-src=\"https:\/\/www.lamusereve.fr\/wp-content\/uploads\/2025\/07\/Visuel-expo-Cest-NOTRE-arbre-1024x1024.png\" alt=\"\" class=\"wp-image-2651 size-full lazyload\" data-srcset=\"https:\/\/www.lamusereve.fr\/wp-content\/uploads\/2025\/07\/Visuel-expo-Cest-NOTRE-arbre-1024x1024.png 1024w, https:\/\/www.lamusereve.fr\/wp-content\/uploads\/2025\/07\/Visuel-expo-Cest-NOTRE-arbre-300x300.png 300w, https:\/\/www.lamusereve.fr\/wp-content\/uploads\/2025\/07\/Visuel-expo-Cest-NOTRE-arbre-150x150.png 150w, https:\/\/www.lamusereve.fr\/wp-content\/uploads\/2025\/07\/Visuel-expo-Cest-NOTRE-arbre-768x768.png 768w, https:\/\/www.lamusereve.fr\/wp-content\/uploads\/2025\/07\/Visuel-expo-Cest-NOTRE-arbre-600x600.png 600w, https:\/\/www.lamusereve.fr\/wp-content\/uploads\/2025\/07\/Visuel-expo-Cest-NOTRE-arbre-400x400.png 400w, https:\/\/www.lamusereve.fr\/wp-content\/uploads\/2025\/07\/Visuel-expo-Cest-NOTRE-arbre-100x100.png 100w, https:\/\/www.lamusereve.fr\/wp-content\/uploads\/2025\/07\/Visuel-expo-Cest-NOTRE-arbre.png 1240w\" data-sizes=\"(max-width: 1024px) 100vw, 1024px\" src=\"data:image\/svg+xml;base64,PHN2ZyB3aWR0aD0iMSIgaGVpZ2h0PSIxIiB4bWxucz0iaHR0cDovL3d3dy53My5vcmcvMjAwMC9zdmciPjwvc3ZnPg==\" style=\"--smush-placeholder-width: 1024px; --smush-placeholder-aspect-ratio: 1024\/1024;\" \/><\/figure><div class=\"wp-block-media-text__content\">\n<p><\/p>\n\n\n\n<h3 class=\"wp-block-heading has-text-color has-link-color wp-elements-84794b85f84ee2011e13a97824004922\" style=\"color:#ffe1a7\"><em><strong>C&rsquo;est MON arbre <\/strong><\/em><\/h3>\n\n\n\n<p class=\"has-small-font-size\">Auteur et illustrateur : Olivier Tallec<\/p>\n\n\n\n<p class=\"has-small-font-size\">\u00c9diteur : <a href=\"https:\/\/www.ecoledesloisirs.fr\/\">\u00c9cole des loisirs<\/a><\/p>\n\n\n\n<p class=\"has-small-font-size\">\u00ab\u00a0J\u2019adore cet arbre. C\u2019est MON arbre, dit le bel \u00e9cureuil roux. J\u2019adore manger MES pommes de pin \u00e0 l\u2019ombre de MON arbre. C\u2019est MON arbre et ce sont MES pommes de pin. Tout le monde doit savoir que ce sont MES pommes de pin et que c\u2019est MON arbre. Que faudrait-il faire pour le prot\u00e9ger des autres ?\u00a0\u00bb (pr\u00e9sentation de l&rsquo;\u00e9diteur)<\/p>\n\n\n\n<p><a href=\"https:\/\/www.ecoledesloisirs.fr\/theme\/ecureuil\">#\u00e9cureuil<\/a> <a href=\"https:\/\/www.ecoledesloisirs.fr\/theme\/foret\">#for\u00eat<\/a><a href=\"https:\/\/www.ecoledesloisirs.fr\/theme\/arbre\"> #arbre<\/a> <a href=\"https:\/\/www.ecoledesloisirs.fr\/theme\/humour\">#humour<\/a> <a href=\"https:\/\/www.ecoledesloisirs.fr\/theme\/generosite\">#g\u00e9n\u00e9rosit\u00e9<\/a><\/p>\n\n\n\n<p class=\"has-small-font-size\">Parution : Septembre 2019 (pour Pastel) &#8211; 36 pages &#8211; ISBN : 9782211301992<\/p>\n\n\n\n<p><strong>En vente chez La muse r\u00eave<\/strong><\/p>\n\n\n\n<p><em>Et plein d&rsquo;autres superbes ouvrages \u00e0 d\u00e9couvrir !<\/em><\/p>\n<\/div><\/div>\n\n\n\n<div style=\"height:20px\" aria-hidden=\"true\" class=\"wp-block-spacer\"><\/div>\n\n\n\n<div class=\"wp-block-media-text is-stacked-on-mobile is-vertically-aligned-top has-background\" style=\"background-color:#e5945d;grid-template-columns:19% auto\"><figure class=\"wp-block-media-text__media\"><img decoding=\"async\" width=\"1024\" height=\"1024\" data-src=\"https:\/\/www.lamusereve.fr\/wp-content\/uploads\/2025\/07\/Boutavant-edited-1024x1024.jpg\" alt=\"\" class=\"wp-image-2663 size-full lazyload\" data-srcset=\"https:\/\/www.lamusereve.fr\/wp-content\/uploads\/2025\/07\/Boutavant-edited-1024x1024.jpg 1024w, https:\/\/www.lamusereve.fr\/wp-content\/uploads\/2025\/07\/Boutavant-edited-300x300.jpg 300w, https:\/\/www.lamusereve.fr\/wp-content\/uploads\/2025\/07\/Boutavant-edited-150x150.jpg 150w, https:\/\/www.lamusereve.fr\/wp-content\/uploads\/2025\/07\/Boutavant-edited-768x768.jpg 768w, https:\/\/www.lamusereve.fr\/wp-content\/uploads\/2025\/07\/Boutavant-edited-1536x1536.jpg 1536w, https:\/\/www.lamusereve.fr\/wp-content\/uploads\/2025\/07\/Boutavant-edited-600x600.jpg 600w, https:\/\/www.lamusereve.fr\/wp-content\/uploads\/2025\/07\/Boutavant-edited-400x400.jpg 400w, https:\/\/www.lamusereve.fr\/wp-content\/uploads\/2025\/07\/Boutavant-edited-100x100.jpg 100w, https:\/\/www.lamusereve.fr\/wp-content\/uploads\/2025\/07\/Boutavant-edited.jpg 1771w\" data-sizes=\"(max-width: 1024px) 100vw, 1024px\" src=\"data:image\/svg+xml;base64,PHN2ZyB3aWR0aD0iMSIgaGVpZ2h0PSIxIiB4bWxucz0iaHR0cDovL3d3dy53My5vcmcvMjAwMC9zdmciPjwvc3ZnPg==\" style=\"--smush-placeholder-width: 1024px; --smush-placeholder-aspect-ratio: 1024\/1024;\" \/><\/figure><div class=\"wp-block-media-text__content\">\n<p><\/p>\n\n\n\n<h3 class=\"wp-block-heading has-text-color has-link-color wp-elements-59fd42c9129429e4f077ede800b85158\" style=\"color:#ffe1a7\"><em><strong>Au bois dormant<\/strong><\/em><\/h3>\n\n\n\n<p class=\"has-small-font-size\">Texte : Karen Jameson &#8211; Illustrations : Marc Boutavant<\/p>\n\n\n\n<p class=\"has-small-font-size\">\u00c9diteur : <a href=\"https:\/\/www.ecoledesloisirs.fr\/\">\u00c9cole des loisirs<\/a> \/ Kal\u00e9idoscope<\/p>\n\n\n\n<p class=\"has-small-font-size\">\u00ab\u00a0Le soleil se couche, la nuit arrive \u00e0 grands pas. Et les animaux de la for\u00eat veillent encore. En se promenant dans les bois, une petite fille murmure tout bas : \u00ab Chut, plus un bruit ! Il est l&rsquo;heure de se dire bonne nuit. \u00bb\u00a0\u00bb (pr\u00e9sentation de l&rsquo;\u00e9diteur)<\/p>\n\n\n\n<p>arbre, for\u00eat, biodiversit\u00e9, saisons, po\u00e9sie<\/p>\n\n\n\n<p class=\"has-small-font-size\">Parution : Octobre 2020 &#8211; 36 pages &#8211; ISBN : 2211301991<\/p>\n\n\n\n<p><strong>En vente chez La muse r\u00eave<\/strong><\/p>\n\n\n\n<p><em>Et plein d&rsquo;autres superbes ouvrages \u00e0 d\u00e9couvrir !<\/em><\/p>\n<\/div><\/div>\n\n\n\n<div style=\"height:70px\" aria-hidden=\"true\" class=\"wp-block-spacer\"><\/div>\n\n\n\n<p><\/p>\n","protected":false},"excerpt":{"rendered":"<p>Cr\u00e9dits images : \u00a9L&rsquo;\u00c9cole des loisirs L&rsquo;\u00e9diteur L&rsquo;\u00c9cole des loisirs Depuis 1965, \u00e9diteur d\u2019histoires qui ouvrent en grand le c\u0153ur et l&rsquo;esprit des enfants&nbsp;! \u00ab\u00a0Notre projet est celui de l\u2019\u00e9mancipation de chacun par l\u2019\u00e9ducation, le plaisir et la culture, quel que soit son \u00e2ge, son parcours, son lieu de vie, que l\u2019on soit d\u00e9j\u00e0 lecteur [&hellip;]<\/p>\n","protected":false},"author":2,"featured_media":0,"parent":0,"menu_order":0,"comment_status":"closed","ping_status":"closed","template":"","meta":{"ocean_post_layout":"","ocean_both_sidebars_style":"","ocean_both_sidebars_content_width":0,"ocean_both_sidebars_sidebars_width":0,"ocean_sidebar":"","ocean_second_sidebar":"","ocean_disable_margins":"enable","ocean_add_body_class":"","ocean_shortcode_before_top_bar":"","ocean_shortcode_after_top_bar":"","ocean_shortcode_before_header":"","ocean_shortcode_after_header":"","ocean_has_shortcode":"","ocean_shortcode_after_title":"","ocean_shortcode_before_footer_widgets":"","ocean_shortcode_after_footer_widgets":"","ocean_shortcode_before_footer_bottom":"","ocean_shortcode_after_footer_bottom":"","ocean_display_top_bar":"default","ocean_display_header":"default","ocean_header_style":"","ocean_center_header_left_menu":"","ocean_custom_header_template":"","ocean_custom_logo":0,"ocean_custom_retina_logo":0,"ocean_custom_logo_max_width":0,"ocean_custom_logo_tablet_max_width":0,"ocean_custom_logo_mobile_max_width":0,"ocean_custom_logo_max_height":0,"ocean_custom_logo_tablet_max_height":0,"ocean_custom_logo_mobile_max_height":0,"ocean_header_custom_menu":"","ocean_menu_typo_font_family":"","ocean_menu_typo_font_subset":"","ocean_menu_typo_font_size":0,"ocean_menu_typo_font_size_tablet":0,"ocean_menu_typo_font_size_mobile":0,"ocean_menu_typo_font_size_unit":"px","ocean_menu_typo_font_weight":"","ocean_menu_typo_font_weight_tablet":"","ocean_menu_typo_font_weight_mobile":"","ocean_menu_typo_transform":"","ocean_menu_typo_transform_tablet":"","ocean_menu_typo_transform_mobile":"","ocean_menu_typo_line_height":0,"ocean_menu_typo_line_height_tablet":0,"ocean_menu_typo_line_height_mobile":0,"ocean_menu_typo_line_height_unit":"","ocean_menu_typo_spacing":0,"ocean_menu_typo_spacing_tablet":0,"ocean_menu_typo_spacing_mobile":0,"ocean_menu_typo_spacing_unit":"","ocean_menu_link_color":"","ocean_menu_link_color_hover":"","ocean_menu_link_color_active":"","ocean_menu_link_background":"","ocean_menu_link_hover_background":"","ocean_menu_link_active_background":"","ocean_menu_social_links_bg":"","ocean_menu_social_hover_links_bg":"","ocean_menu_social_links_color":"","ocean_menu_social_hover_links_color":"","ocean_disable_title":"default","ocean_disable_heading":"default","ocean_post_title":"","ocean_post_subheading":"","ocean_post_title_style":"","ocean_post_title_background_color":"","ocean_post_title_background":0,"ocean_post_title_bg_image_position":"","ocean_post_title_bg_image_attachment":"","ocean_post_title_bg_image_repeat":"","ocean_post_title_bg_image_size":"","ocean_post_title_height":0,"ocean_post_title_bg_overlay":0.5,"ocean_post_title_bg_overlay_color":"","ocean_disable_breadcrumbs":"default","ocean_breadcrumbs_color":"","ocean_breadcrumbs_separator_color":"","ocean_breadcrumbs_links_color":"","ocean_breadcrumbs_links_hover_color":"","ocean_display_footer_widgets":"default","ocean_display_footer_bottom":"default","ocean_custom_footer_template":"","_themeisle_gutenberg_block_has_review":false,"footnotes":""},"class_list":["post-3607","page","type-page","status-publish","hentry","entry","owp-thumbs-layout-horizontal","owp-btn-normal","owp-tabs-layout-horizontal","has-no-thumbnails","has-product-nav","circle-sale"],"jetpack_sharing_enabled":true,"_links":{"self":[{"href":"https:\/\/www.lamusereve.fr\/index.php\/wp-json\/wp\/v2\/pages\/3607","targetHints":{"allow":["GET"]}}],"collection":[{"href":"https:\/\/www.lamusereve.fr\/index.php\/wp-json\/wp\/v2\/pages"}],"about":[{"href":"https:\/\/www.lamusereve.fr\/index.php\/wp-json\/wp\/v2\/types\/page"}],"author":[{"embeddable":true,"href":"https:\/\/www.lamusereve.fr\/index.php\/wp-json\/wp\/v2\/users\/2"}],"replies":[{"embeddable":true,"href":"https:\/\/www.lamusereve.fr\/index.php\/wp-json\/wp\/v2\/comments?post=3607"}],"version-history":[{"count":1,"href":"https:\/\/www.lamusereve.fr\/index.php\/wp-json\/wp\/v2\/pages\/3607\/revisions"}],"predecessor-version":[{"id":3608,"href":"https:\/\/www.lamusereve.fr\/index.php\/wp-json\/wp\/v2\/pages\/3607\/revisions\/3608"}],"wp:attachment":[{"href":"https:\/\/www.lamusereve.fr\/index.php\/wp-json\/wp\/v2\/media?parent=3607"}],"curies":[{"name":"wp","href":"https:\/\/api.w.org\/{rel}","templated":true}]}}