{"id":33,"date":"2022-10-03T19:41:54","date_gmt":"2022-10-03T17:41:54","guid":{"rendered":"http:\/\/127.0.0.1\/wordpress\/?page_id=33"},"modified":"2025-11-07T13:33:20","modified_gmt":"2025-11-07T12:33:20","slug":"concept","status":"publish","type":"page","link":"https:\/\/www.lamusereve.fr\/index.php\/concept\/","title":{"rendered":"Concept"},"content":{"rendered":"\n<p class=\"has-medium-font-size\">Lieu multiforme destin\u00e9 \u00e0 <strong>l\u2019\u00e9veil artistique et culturel des enfants<\/strong>, la muse r\u00eave se veut \u00e0 la fois <strong>espace d\u2019exposition, atelier et boutique-librairie<\/strong>, pour s\u2019initier \u00e0 l&rsquo;art de mani\u00e8re ludique et cr\u00e9ative, en douceur et d\u00e8s le plus jeune \u00e2ge.<\/p>\n\n\n\n<p class=\"has-medium-font-size\">Tous les sens y sont convoqu\u00e9s : on observe, on joue, on lit, on cr\u00e9e et on laisse surtout parler son <strong>imagination<\/strong> ! <br>Ouvrir l\u2019esprit, aiguiser le regard, d\u00e9lier les petits doigts, pour faire germer et grandir la graine de la cr\u00e9ativit\u00e9 afin qu\u2019elle accompagne l\u2019enfant dans tous <strong>ses apprentissages et sa d\u00e9couverte du monde<\/strong>, voici les missions de ce lieu original.<\/p>\n\n\n\n<div style=\"height:20px\" aria-hidden=\"true\" class=\"wp-block-spacer\"><\/div>\n\n\n\n<p class=\"has-text-color has-link-color wp-elements-19f749f063fe73f11893b4f1e994059a\" style=\"color:#a6553c;font-size:24px\"><strong>Mais pourquoi un espace culturel d\u00e9di\u00e9 aux plus jeunes ?<\/strong><\/p>\n\n\n\n<div style=\"height:20px\" aria-hidden=\"true\" class=\"wp-block-spacer\"><\/div>\n\n\n\n<div class=\"wp-block-group\" style=\"margin-top:0;margin-bottom:0;padding-top:calc( 0.5 * var(--wp--style--root--padding-right, var(--wp--custom--gap--horizontal)));padding-right:var(--wp--style--root--padding-right, var(--wp--custom--gap--horizontal));padding-bottom:calc( 0.5 * var(--wp--style--root--padding-right, var(--wp--custom--gap--horizontal)));padding-left:var(--wp--style--root--padding-left, var(--wp--custom--gap--horizontal))\"><div class=\"wp-block-group__inner-container is-layout-constrained wp-container-core-group-is-layout-5d63491a wp-block-group-is-layout-constrained\">\n<div style=\"height:calc( 0.25 * var(--wp--style--root--padding-right, var(--wp--custom--gap--horizontal)))\" aria-hidden=\"true\" class=\"wp-block-spacer\"><\/div>\n\n\n\n<div class=\"wp-block-columns has-text-color has-link-color wp-elements-d258e45f13c9675b55ef014b627fea20 is-layout-flex wp-container-core-columns-is-layout-3da6863c wp-block-columns-is-layout-flex\" style=\"color:#a6553c\">\n<div class=\"wp-block-column is-layout-flow wp-block-column-is-layout-flow\">\n<h2 class=\"wp-block-heading\"><strong><a href=\"https:\/\/www.culture.gouv.fr\/Actualites\/L-eveil-artistique-des-jeunes-enfants-passerelle-vers-l-acces-a-la-culture\" target=\"_blank\" rel=\"noreferrer noopener\">L\u2019importance de l\u2019\u00e9veil artistique et culturel chez le tout-petit<\/a><\/strong><\/h2>\n\n\n\n<p class=\"has-medium-font-size\"><strong>L\u2019\u00c9veil artistique<\/strong>, notion d\u00e9finie avec pr\u00e9cision depuis 2009 et prenant une importance grandissante ces dix derni\u00e8res ann\u00e9es, est <strong>une invitation \u00e0 un rapport sensible au monde<\/strong>, \u00e0 \u00e9prouver des pratiques dont les processus viennent nourrir et amplifier la r\u00e9alit\u00e9 quotidienne \u00e0 la fois des professionnels et des enfants.<\/p>\n<\/div>\n\n\n\n<div class=\"wp-block-column is-vertically-aligned-center is-layout-flow wp-block-column-is-layout-flow\">\n<figure class=\"wp-block-image size-full is-resized has-custom-border\"><img fetchpriority=\"high\" decoding=\"async\" width=\"475\" height=\"475\" src=\"https:\/\/www.lamusereve.fr\/wp-content\/uploads\/2025\/03\/Tous-les-enfants-ont-droit-a-la-culture-1.gif\" alt=\"\" class=\"wp-image-1626\" style=\"border-style:none;border-width:0px;border-radius:100em;aspect-ratio:1.3333333333333333;object-fit:cover;width:420px\"\/><\/figure>\n<\/div>\n<\/div>\n<\/div><\/div>\n\n\n\n<div style=\"height:20px\" aria-hidden=\"true\" class=\"wp-block-spacer\"><\/div>\n\n\n\n<blockquote class=\"wp-block-quote is-style-default has-background is-layout-flow wp-block-quote-is-layout-flow\" style=\"background-color:#ffe1a7\">\n<p class=\"has-text-color has-link-color wp-elements-dc8549036f591632f9d675eb49493c6f\" style=\"color:#188282;font-size:16px\">\u00ab&nbsp;La culture pour tous ne se d\u00e9cr\u00e8te pas ; elle se vit, s\u2019inscrit dans le quotidien des familles, et ce d\u00e8s la naissance de l\u2019enfant. Impr\u00e9gn\u00e9s par l\u2019exp\u00e9rience partag\u00e9e de l\u2019\u00e9veil et de ses apports tant pour le b\u00e9b\u00e9 que pour eux-m\u00eames, les parents mesureront la force de grandir dans un \u00abbain culturel\u00bb. \u00c9veil culturel, <a href=\"https:\/\/www.goodgout.fr\/coin-parents\/faites-manger-des-livres-a-votre-bebe-c-est-bon-pour-la-sante-214.html\" target=\"_blank\" rel=\"noreferrer noopener\">lecture<\/a>, chant, arts plastiques, danse, th\u00e9\u00e2tre, marionnettes, jeux, mus\u00e9es, cirque : tout est propre \u00e0 faire grandir les enfants dans <strong>une approche sensible et esth\u00e9tique \u00e0 l\u2019origine de leur \u00e9quilibre<\/strong>. Un pari majeur pour notre soci\u00e9t\u00e9, qui doit prendre appui sur les parents, premiers interlocuteurs de l\u2019enfant.&nbsp;\u00bb &#8211; Sophie Marinopoulos <\/p>\n\n\n\n<p class=\"has-text-color has-link-color wp-elements-0b38f206c5627810845a408cd94be256\" style=\"color:#188282;font-size:16px\">(Extrait de son rapport <em><strong>Une strat\u00e9gie nationale pour la Sant\u00e9 Culturelle\u00a9 : promouvoir et p\u00e9renniser l\u2019\u00e9veil culturel et artistique de l\u2019enfant de 0 \u00e0 3 ans dans le lien \u00e0 son parent (ECA-LEP)<\/strong><\/em>, 2019, pour le Minist\u00e8re de la Culture)<\/p>\n<\/blockquote>\n\n\n\n<div style=\"height:30px\" aria-hidden=\"true\" class=\"wp-block-spacer\"><\/div>\n\n\n\n<div class=\"wp-block-group\" style=\"margin-top:0;margin-bottom:0;padding-top:calc( 0.5 * var(--wp--style--root--padding-right, var(--wp--custom--gap--horizontal)));padding-right:var(--wp--style--root--padding-right, var(--wp--custom--gap--horizontal));padding-bottom:calc( 0.5 * var(--wp--style--root--padding-right, var(--wp--custom--gap--horizontal)));padding-left:var(--wp--style--root--padding-left, var(--wp--custom--gap--horizontal))\"><div class=\"wp-block-group__inner-container is-layout-constrained wp-container-core-group-is-layout-5d63491a wp-block-group-is-layout-constrained\">\n<div style=\"height:calc( 0.25 * var(--wp--style--root--padding-right, var(--wp--custom--gap--horizontal)))\" aria-hidden=\"true\" class=\"wp-block-spacer\"><\/div>\n\n\n\n<div class=\"wp-block-columns are-vertically-aligned-center is-layout-flex wp-container-core-columns-is-layout-3da6863c wp-block-columns-is-layout-flex\">\n<div class=\"wp-block-column is-vertically-aligned-center is-layout-flow wp-block-column-is-layout-flow\">\n<figure class=\"wp-block-image size-full is-resized has-custom-border is-style-rounded\"><img decoding=\"async\" width=\"900\" height=\"600\" data-src=\"https:\/\/www.lamusereve.fr\/wp-content\/uploads\/2023\/03\/Livre-parent-enfants.jpeg\" alt=\"\" class=\"wp-image-631 lazyload\" style=\"--smush-placeholder-width: 900px; --smush-placeholder-aspect-ratio: 900\/600;border-style:none;border-width:0px;border-radius:100em;aspect-ratio:4\/3;object-fit:cover;width:420px\" data-srcset=\"https:\/\/www.lamusereve.fr\/wp-content\/uploads\/2023\/03\/Livre-parent-enfants.jpeg 900w, https:\/\/www.lamusereve.fr\/wp-content\/uploads\/2023\/03\/Livre-parent-enfants-300x200.jpeg 300w, https:\/\/www.lamusereve.fr\/wp-content\/uploads\/2023\/03\/Livre-parent-enfants-768x512.jpeg 768w\" data-sizes=\"(max-width: 900px) 100vw, 900px\" src=\"data:image\/svg+xml;base64,PHN2ZyB3aWR0aD0iMSIgaGVpZ2h0PSIxIiB4bWxucz0iaHR0cDovL3d3dy53My5vcmcvMjAwMC9zdmciPjwvc3ZnPg==\" \/><\/figure>\n<\/div>\n\n\n\n<div class=\"wp-block-column is-vertically-aligned-center is-layout-flow wp-block-column-is-layout-flow\">\n<p class=\"has-text-align-left has-medium-font-size\">Depuis ce rapport \u00e0 la fois alarmant et \u00e9difiant, l<strong>\u2018enjeu d\u2019une vraie politique publique en faveur de l\u2019acc\u00e8s \u00e0 l\u2019art et la culture, et ce d\u00e8s le plus jeune \u00e2ge, est devenu capital<\/strong>. De multiples initiatives ont fleuri partout en France, et c\u2019est dans cette m\u00eame volont\u00e9 que s\u2019inscrit le projet de <strong>la muse r\u00eave<\/strong>.<\/p>\n<\/div>\n<\/div>\n\n\n\n<div style=\"height:calc( 0.25 * var(--wp--style--root--padding-right, var(--wp--custom--gap--horizontal)))\" aria-hidden=\"true\" class=\"wp-block-spacer\"><\/div>\n<\/div><\/div>\n\n\n\n<div style=\"height:30px\" aria-hidden=\"true\" class=\"wp-block-spacer\"><\/div>\n\n\n\n<div class=\"wp-block-columns are-vertically-aligned-center is-layout-flex wp-container-core-columns-is-layout-3da6863c wp-block-columns-is-layout-flex\">\n<div class=\"wp-block-column is-vertically-aligned-center is-layout-flow wp-block-column-is-layout-flow\">\n<h2 class=\"wp-block-heading\"><a href=\"https:\/\/www.culture.gouv.fr\/Thematiques\/Education-artistique-et-culturelle\/L-Eveil-artistique-et-culturel-des-jeunes-enfants\" target=\"_blank\" rel=\"noreferrer noopener\">L\u2019\u00e9ducation artistique et culturelle, un enjeu actuel majeur<\/a><\/h2>\n\n\n\n<p class=\"has-text-align-left has-medium-font-size\">A l&rsquo;\u00e9veil succ\u00e8de <strong>l&rsquo;\u00e9ducation artistique et culturelle<\/strong>. Elle n&rsquo;est aujourd&rsquo;hui plus \u00e0 d\u00e9finir, tant les projets, dispositifs, financements, structures d\u00e9di\u00e9es se sont multipli\u00e9s sur notre territoire. Elle fait d\u00e9sormais partie du programme scolaire et donc du paysage \u00e9ducatif et artistique.<\/p>\n<\/div>\n\n\n\n<div class=\"wp-block-column is-vertically-aligned-center is-layout-flow wp-block-column-is-layout-flow\">\n<figure class=\"wp-block-image size-full is-resized has-custom-border is-style-rounded\"><img decoding=\"async\" width=\"1024\" height=\"768\" data-src=\"https:\/\/www.lamusereve.fr\/wp-content\/uploads\/2025\/02\/full-shot-teacher-watching-little-kids-learn.jpg\" alt=\"\" class=\"wp-image-1346 lazyload\" style=\"--smush-placeholder-width: 1024px; --smush-placeholder-aspect-ratio: 1024\/768;border-style:none;border-width:0px;border-radius:100em;aspect-ratio:4\/3;object-fit:cover;width:420px\" data-srcset=\"https:\/\/www.lamusereve.fr\/wp-content\/uploads\/2025\/02\/full-shot-teacher-watching-little-kids-learn.jpg 1024w, https:\/\/www.lamusereve.fr\/wp-content\/uploads\/2025\/02\/full-shot-teacher-watching-little-kids-learn-400x300.jpg 400w\" data-sizes=\"(max-width: 1024px) 100vw, 1024px\" src=\"data:image\/svg+xml;base64,PHN2ZyB3aWR0aD0iMSIgaGVpZ2h0PSIxIiB4bWxucz0iaHR0cDovL3d3dy53My5vcmcvMjAwMC9zdmciPjwvc3ZnPg==\" \/><\/figure>\n<\/div>\n<\/div>\n\n\n\n<div class=\"wp-block-columns are-vertically-aligned-center is-layout-flex wp-container-core-columns-is-layout-3da6863c wp-block-columns-is-layout-flex\">\n<div class=\"wp-block-column is-vertically-aligned-center is-layout-flow wp-block-column-is-layout-flow\">\n<figure class=\"wp-block-image size-full is-resized has-custom-border is-style-rounded\"><img decoding=\"async\" width=\"333\" height=\"500\" data-src=\"https:\/\/www.lamusereve.fr\/wp-content\/uploads\/2025\/03\/Ma-sante-a-moi-elle-est-culturelle.jpg\" alt=\"\" class=\"wp-image-1651 lazyload\" style=\"--smush-placeholder-width: 333px; --smush-placeholder-aspect-ratio: 333\/500;border-style:none;border-width:0px;border-radius:100em;aspect-ratio:3\/4;object-fit:cover;width:420px\" data-srcset=\"https:\/\/www.lamusereve.fr\/wp-content\/uploads\/2025\/03\/Ma-sante-a-moi-elle-est-culturelle.jpg 333w, https:\/\/www.lamusereve.fr\/wp-content\/uploads\/2025\/03\/Ma-sante-a-moi-elle-est-culturelle-200x300.jpg 200w\" data-sizes=\"(max-width: 333px) 100vw, 333px\" src=\"data:image\/svg+xml;base64,PHN2ZyB3aWR0aD0iMSIgaGVpZ2h0PSIxIiB4bWxucz0iaHR0cDovL3d3dy53My5vcmcvMjAwMC9zdmciPjwvc3ZnPg==\" \/><\/figure>\n<\/div>\n\n\n\n<div class=\"wp-block-column is-vertically-aligned-center is-layout-flow wp-block-column-is-layout-flow\">\n<p class=\"has-text-align-left has-medium-font-size\">Mais m\u00eame si <strong>elle est d\u00e9sormais partie int\u00e9grante de la vie scolaire de l&rsquo;enfant d\u00e8s l&rsquo;\u00e9cole primaire<\/strong>, cette notion, essentielle pour la Sant\u00e9 culturelle\u00a9 de l&rsquo;enfant, n&rsquo;est pourtant pas un dossier prioritaire. Et pourtant, nous en sommes convaincus, elle est bien aujourd&rsquo;hui <strong>un enjeu de sant\u00e9 mentale et de lien social d\u00e8s le plus jeune \u00e2ge<\/strong>, comme le d\u00e9fendent Sophie Marinopoulos et d&rsquo;autres professionnel\u00b7les.<\/p>\n<\/div>\n<\/div>\n\n\n\n<div style=\"height:30px\" aria-hidden=\"true\" class=\"wp-block-spacer\"><\/div>\n\n\n\n<p class=\"has-text-color has-link-color wp-elements-ab80d2868a15961fd5cc3e4c29288888\" style=\"color:#a6553c;font-size:24px\"><strong>Pourquoi cette importance accord\u00e9e au livre chez La muse r\u00eave ?<\/strong><\/p>\n\n\n\n<div style=\"height:20px\" aria-hidden=\"true\" class=\"wp-block-spacer\"><\/div>\n\n\n\n<div class=\"wp-block-columns are-vertically-aligned-center is-layout-flex wp-container-core-columns-is-layout-3da6863c wp-block-columns-is-layout-flex\">\n<div class=\"wp-block-column is-vertically-aligned-center is-layout-flow wp-block-column-is-layout-flow\">\n<p class=\"has-text-align-left has-medium-font-size\">On sait aujourd\u2019hui \u00e0 quel point la lecture est importante, pour favoriser l<strong>e d\u00e9veloppement du langage et l\u2019enrichissement du vocabulaire<\/strong>, pour stimuler <strong>la r\u00e9flexion et l\u2019imaginaire chez l\u2019enfant<\/strong>. En outre, il n\u2019y a qu\u2019\u00e0 se rendre dans la premi\u00e8re librairie pour constater avec quelles profusion et inventivit\u00e9 cr\u00e9ateurs et \u00e9diteurs se sont empar\u00e9s de ce secteur en plein boum qu\u2019est la litt\u00e9rature jeunesse. Mais la place capitale du livre chez le jeune enfant va bien au-del\u00e0 du simple champ p\u00e9dagogique.<\/p>\n\n\n\n<div style=\"height:15px\" aria-hidden=\"true\" class=\"wp-block-spacer\"><\/div>\n\n\n\n<div class=\"wp-block-columns is-layout-flex wp-container-core-columns-is-layout-9d6595d7 wp-block-columns-is-layout-flex\">\n<div class=\"wp-block-column is-layout-flow wp-block-column-is-layout-flow\">\n<p class=\"has-medium-font-size\"><strong>Le livre est l\u2019un des tout premier objet culturel et artistique que rencontre et d\u00e9couvre le tout-petit.<\/strong> Qu\u2019il soit en tissu, en plastique, en carton, le b\u00e9b\u00e9, \u00e0 quelques moi \u00e0 peine, apprend tr\u00e8s vite \u00e0 le manipuler, \u00e0 en tourner les pages, \u00e0 en admirer le contenu, les formes, les couleurs, les textures. <\/p>\n<\/div>\n\n\n\n<div class=\"wp-block-column is-layout-flow wp-block-column-is-layout-flow\">\n<figure class=\"wp-block-image size-full is-resized has-custom-border is-style-rounded\"><img decoding=\"async\" width=\"1200\" height=\"706\" data-src=\"https:\/\/www.lamusereve.fr\/wp-content\/uploads\/2023\/03\/Eveil-culturel-et-artistique-1.jpg\" alt=\"\" class=\"wp-image-633 lazyload\" style=\"--smush-placeholder-width: 1200px; --smush-placeholder-aspect-ratio: 1200\/706;border-style:none;border-width:0px;border-radius:100em;aspect-ratio:4\/3;object-fit:cover;width:420px\" data-srcset=\"https:\/\/www.lamusereve.fr\/wp-content\/uploads\/2023\/03\/Eveil-culturel-et-artistique-1.jpg 1200w, https:\/\/www.lamusereve.fr\/wp-content\/uploads\/2023\/03\/Eveil-culturel-et-artistique-1-300x177.jpg 300w, https:\/\/www.lamusereve.fr\/wp-content\/uploads\/2023\/03\/Eveil-culturel-et-artistique-1-1024x602.jpg 1024w, https:\/\/www.lamusereve.fr\/wp-content\/uploads\/2023\/03\/Eveil-culturel-et-artistique-1-768x452.jpg 768w, https:\/\/www.lamusereve.fr\/wp-content\/uploads\/2023\/03\/Eveil-culturel-et-artistique-1-1140x671.jpg 1140w\" data-sizes=\"(max-width: 1200px) 100vw, 1200px\" src=\"data:image\/svg+xml;base64,PHN2ZyB3aWR0aD0iMSIgaGVpZ2h0PSIxIiB4bWxucz0iaHR0cDovL3d3dy53My5vcmcvMjAwMC9zdmciPjwvc3ZnPg==\" \/><\/figure>\n<\/div>\n<\/div>\n<\/div>\n<\/div>\n\n\n\n<div class=\"wp-block-columns are-vertically-aligned-center is-layout-flex wp-container-core-columns-is-layout-3da6863c wp-block-columns-is-layout-flex\">\n<div class=\"wp-block-column is-vertically-aligned-center is-layout-flow wp-block-column-is-layout-flow\">\n<figure class=\"wp-block-image size-full is-resized has-custom-border is-style-rounded\"><img decoding=\"async\" width=\"2560\" height=\"1483\" data-src=\"https:\/\/www.lamusereve.fr\/wp-content\/uploads\/2025\/11\/Livre-et-bebe-6-copie-2-scaled.jpg\" alt=\"\" class=\"wp-image-3726 lazyload\" style=\"--smush-placeholder-width: 2560px; --smush-placeholder-aspect-ratio: 2560\/1483;border-style:none;border-width:0px;border-radius:100em;aspect-ratio:4\/3;object-fit:cover;width:420px\" data-srcset=\"https:\/\/www.lamusereve.fr\/wp-content\/uploads\/2025\/11\/Livre-et-bebe-6-copie-2-scaled.jpg 2560w, https:\/\/www.lamusereve.fr\/wp-content\/uploads\/2025\/11\/Livre-et-bebe-6-copie-2-300x174.jpg 300w, https:\/\/www.lamusereve.fr\/wp-content\/uploads\/2025\/11\/Livre-et-bebe-6-copie-2-1024x593.jpg 1024w, https:\/\/www.lamusereve.fr\/wp-content\/uploads\/2025\/11\/Livre-et-bebe-6-copie-2-768x445.jpg 768w, https:\/\/www.lamusereve.fr\/wp-content\/uploads\/2025\/11\/Livre-et-bebe-6-copie-2-1536x890.jpg 1536w, https:\/\/www.lamusereve.fr\/wp-content\/uploads\/2025\/11\/Livre-et-bebe-6-copie-2-2048x1186.jpg 2048w, https:\/\/www.lamusereve.fr\/wp-content\/uploads\/2025\/11\/Livre-et-bebe-6-copie-2-400x232.jpg 400w\" data-sizes=\"(max-width: 2560px) 100vw, 2560px\" src=\"data:image\/svg+xml;base64,PHN2ZyB3aWR0aD0iMSIgaGVpZ2h0PSIxIiB4bWxucz0iaHR0cDovL3d3dy53My5vcmcvMjAwMC9zdmciPjwvc3ZnPg==\" \/><\/figure>\n<\/div>\n\n\n\n<div class=\"wp-block-column is-vertically-aligned-center is-layout-flow wp-block-column-is-layout-flow\">\n<p class=\"has-text-align-left has-medium-font-size\"><strong>Cette rencontre \u00e0 la fois sensorielle et esth\u00e9tique marque l\u2019entr\u00e9e dans un monde infini d\u2019\u00e9merveillement<\/strong> qui, lorsqu\u2019elle est bien accompagn\u00e9e, encourag\u00e9e, stimul\u00e9e, peut faire des merveilles sur l<strong>e plan \u00e9motionnel, psychologique, social, p\u00e9dagogique<\/strong>.<\/p>\n<\/div>\n<\/div>\n\n\n\n<div style=\"height:30px\" aria-hidden=\"true\" class=\"wp-block-spacer\"><\/div>\n\n\n\n<h1 class=\"wp-block-heading\">La naissance du concept<\/h1>\n\n\n\n<div class=\"wp-block-columns is-layout-flex wp-container-core-columns-is-layout-9d6595d7 wp-block-columns-is-layout-flex\">\n<div class=\"wp-block-column is-layout-flow wp-block-column-is-layout-flow\">\n<p class=\"has-medium-font-size\"><strong>Le livre est un outil puissant du d\u00e9veloppement et du bien-\u00eatre de l&rsquo;enfant, mais aussi de tout son cercle proche <\/strong>(parents, famille, professionnel\u00b7les de l&rsquo;enfance qui s&rsquo;occupent de lui). <br>En outre, il est aussi, comme l&rsquo;ont d\u00e9montr\u00e9 de nombreuses initiatives qui se d\u00e9veloppent un peu partout, <strong>un vecteur de lien social et affectif fort, de plus en plus investi par de nombreux professionnel\u00b7les et structures qui en ont compris les effets plus que positifs.<\/strong><\/p>\n<\/div>\n\n\n\n<div class=\"wp-block-column is-vertically-aligned-center is-layout-flow wp-block-column-is-layout-flow\">\n<figure class=\"wp-block-image size-full is-resized has-custom-border is-style-rounded\"><img decoding=\"async\" width=\"800\" height=\"525\" data-src=\"https:\/\/www.lamusereve.fr\/wp-content\/uploads\/2023\/03\/lire-un-livre-aux-bebes-1-an-2-ans-3-ans.jpg\" alt=\"\" class=\"wp-image-624 lazyload\" style=\"--smush-placeholder-width: 800px; --smush-placeholder-aspect-ratio: 800\/525;border-style:none;border-width:0px;border-radius:100em;aspect-ratio:4\/3;object-fit:cover;width:420px\" data-srcset=\"https:\/\/www.lamusereve.fr\/wp-content\/uploads\/2023\/03\/lire-un-livre-aux-bebes-1-an-2-ans-3-ans.jpg 800w, https:\/\/www.lamusereve.fr\/wp-content\/uploads\/2023\/03\/lire-un-livre-aux-bebes-1-an-2-ans-3-ans-300x197.jpg 300w, https:\/\/www.lamusereve.fr\/wp-content\/uploads\/2023\/03\/lire-un-livre-aux-bebes-1-an-2-ans-3-ans-768x504.jpg 768w\" data-sizes=\"(max-width: 800px) 100vw, 800px\" src=\"data:image\/svg+xml;base64,PHN2ZyB3aWR0aD0iMSIgaGVpZ2h0PSIxIiB4bWxucz0iaHR0cDovL3d3dy53My5vcmcvMjAwMC9zdmciPjwvc3ZnPg==\" \/><\/figure>\n<\/div>\n<\/div>\n\n\n\n<div style=\"height:20px\" aria-hidden=\"true\" class=\"wp-block-spacer\"><\/div>\n\n\n\n<h1 class=\"wp-block-heading\">L&rsquo;\u00e9vidence m&rsquo;appara\u00eet&#8230;<\/h1>\n\n\n\n<div class=\"wp-block-columns is-layout-flex wp-container-core-columns-is-layout-9d6595d7 wp-block-columns-is-layout-flex\">\n<div class=\"wp-block-column is-layout-flow wp-block-column-is-layout-flow\" style=\"flex-basis:100%\">\n<p class=\"has-medium-font-size\">Il m&rsquo;a donc paru tout naturel de m&rsquo;orienter vers le livre dans le projet artistique et p\u00e9dagogique de<strong> La muse r\u00eave<\/strong>.<\/p>\n\n\n\n<div class=\"wp-block-columns is-layout-flex wp-container-core-columns-is-layout-9d6595d7 wp-block-columns-is-layout-flex\">\n<div class=\"wp-block-column is-vertically-aligned-center is-layout-flow wp-block-column-is-layout-flow\">\n<p class=\"has-medium-font-size\">Par ailleurs, mon go\u00fbt prononc\u00e9 pour la litt\u00e9rature, depuis tr\u00e8s jeune, ainsi que pour cet objet lui-m\u00eame qu&rsquo;est le livre, m&rsquo;a toujours fascin\u00e9e. Au fil de mes \u00e9tudes et exp\u00e9riences professionnelles, cette attirance s&rsquo;est mu\u00e9e en une v\u00e9ritable passion pour le monde de <strong>l&rsquo;illustration jeunesse<\/strong> et du <strong>cin\u00e9ma d&rsquo;animation<\/strong>.<\/p>\n\n\n\n<p class=\"has-medium-font-size\">Apr\u00e8s un passage inoubliable en tant que <strong>m\u00e9diatrice culturelle<\/strong> dans une galerie parisienne sp\u00e9cialis\u00e9e dans l&rsquo;illustration jeunesse et l&rsquo;art du conte, l&rsquo;\u00e9tincelle a jailli : j&rsquo;avais trouv\u00e9 ma voie ! Les premiers jalons de <strong>La muse r\u00eave<\/strong> \u00e9tait pos\u00e9s&#8230;<\/p>\n<\/div>\n\n\n\n<div class=\"wp-block-column is-vertically-aligned-center is-layout-flow wp-block-column-is-layout-flow\">\n<figure class=\"wp-block-image size-full is-resized is-style-default\"><img decoding=\"async\" width=\"400\" height=\"506\" data-src=\"https:\/\/www.lamusereve.fr\/wp-content\/uploads\/2025\/05\/Un-jour-j-ai-eu-une-idee.jpg\" alt=\"\" class=\"wp-image-2105 lazyload\" style=\"--smush-placeholder-width: 400px; --smush-placeholder-aspect-ratio: 400\/506;width:320px\" data-srcset=\"https:\/\/www.lamusereve.fr\/wp-content\/uploads\/2025\/05\/Un-jour-j-ai-eu-une-idee.jpg 400w, https:\/\/www.lamusereve.fr\/wp-content\/uploads\/2025\/05\/Un-jour-j-ai-eu-une-idee-237x300.jpg 237w\" data-sizes=\"(max-width: 400px) 100vw, 400px\" src=\"data:image\/svg+xml;base64,PHN2ZyB3aWR0aD0iMSIgaGVpZ2h0PSIxIiB4bWxucz0iaHR0cDovL3d3dy53My5vcmcvMjAwMC9zdmciPjwvc3ZnPg==\" \/><\/figure>\n<\/div>\n<\/div>\n<\/div>\n<\/div>\n\n\n\n<div style=\"height:20px\" aria-hidden=\"true\" class=\"wp-block-spacer\"><\/div>\n\n\n\n<p class=\"has-medium-font-size\">Il aura pourtant fallu 10 ans pour consolider ces envies et ces id\u00e9es, et les transformer en projet concret.<\/p>\n\n\n\n<div class=\"wp-block-columns are-vertically-aligned-center is-layout-flex wp-container-core-columns-is-layout-9d6595d7 wp-block-columns-is-layout-flex\">\n<div class=\"wp-block-column is-vertically-aligned-center is-layout-flow wp-block-column-is-layout-flow\">\n<p class=\"has-medium-font-size\"><strong>Associer art et livre, mais aussi p\u00e9dagogie et jeu, dans un lieu agr\u00e9able, bienveillant et stimulant<\/strong>, m\u2019a donc sembl\u00e9 la r\u00e9ponse id\u00e9ale pour sensibiliser le jeune enfant \u00e0 la culture et pour l\u2019accompagner, par ce biais, dans son ouverture au monde.<\/p>\n<\/div>\n<\/div>\n\n\n\n<p class=\"has-medium-font-size\">Quel plus beau cadeau lui offrir pour commencer cette grande aventure qu&rsquo;est la vie ? \ud83d\ude09 <\/p>\n","protected":false},"excerpt":{"rendered":"<p>Lieu multiforme destin\u00e9 \u00e0 l\u2019\u00e9veil artistique et culturel des enfants, la muse r\u00eave se veut \u00e0 la fois espace d\u2019exposition, atelier et boutique-librairie, pour s\u2019initier \u00e0 l&rsquo;art de mani\u00e8re ludique et cr\u00e9ative, en douceur et d\u00e8s le plus jeune \u00e2ge. Tous les sens y sont convoqu\u00e9s : on observe, on joue, on lit, on cr\u00e9e [&hellip;]<\/p>\n","protected":false},"author":3,"featured_media":0,"parent":0,"menu_order":0,"comment_status":"closed","ping_status":"closed","template":"","meta":{"ocean_post_layout":"","ocean_both_sidebars_style":"","ocean_both_sidebars_content_width":0,"ocean_both_sidebars_sidebars_width":0,"ocean_sidebar":"","ocean_second_sidebar":"","ocean_disable_margins":"enable","ocean_add_body_class":"","ocean_shortcode_before_top_bar":"","ocean_shortcode_after_top_bar":"","ocean_shortcode_before_header":"","ocean_shortcode_after_header":"","ocean_has_shortcode":"","ocean_shortcode_after_title":"","ocean_shortcode_before_footer_widgets":"","ocean_shortcode_after_footer_widgets":"","ocean_shortcode_before_footer_bottom":"","ocean_shortcode_after_footer_bottom":"","ocean_display_top_bar":"default","ocean_display_header":"default","ocean_header_style":"","ocean_center_header_left_menu":"","ocean_custom_header_template":"","ocean_custom_logo":0,"ocean_custom_retina_logo":0,"ocean_custom_logo_max_width":0,"ocean_custom_logo_tablet_max_width":0,"ocean_custom_logo_mobile_max_width":0,"ocean_custom_logo_max_height":0,"ocean_custom_logo_tablet_max_height":0,"ocean_custom_logo_mobile_max_height":0,"ocean_header_custom_menu":"","ocean_menu_typo_font_family":"","ocean_menu_typo_font_subset":"","ocean_menu_typo_font_size":0,"ocean_menu_typo_font_size_tablet":0,"ocean_menu_typo_font_size_mobile":0,"ocean_menu_typo_font_size_unit":"px","ocean_menu_typo_font_weight":"","ocean_menu_typo_font_weight_tablet":"","ocean_menu_typo_font_weight_mobile":"","ocean_menu_typo_transform":"","ocean_menu_typo_transform_tablet":"","ocean_menu_typo_transform_mobile":"","ocean_menu_typo_line_height":0,"ocean_menu_typo_line_height_tablet":0,"ocean_menu_typo_line_height_mobile":0,"ocean_menu_typo_line_height_unit":"","ocean_menu_typo_spacing":0,"ocean_menu_typo_spacing_tablet":0,"ocean_menu_typo_spacing_mobile":0,"ocean_menu_typo_spacing_unit":"","ocean_menu_link_color":"","ocean_menu_link_color_hover":"","ocean_menu_link_color_active":"","ocean_menu_link_background":"","ocean_menu_link_hover_background":"","ocean_menu_link_active_background":"","ocean_menu_social_links_bg":"","ocean_menu_social_hover_links_bg":"","ocean_menu_social_links_color":"","ocean_menu_social_hover_links_color":"","ocean_disable_title":"default","ocean_disable_heading":"default","ocean_post_title":"","ocean_post_subheading":"","ocean_post_title_style":"","ocean_post_title_background_color":"","ocean_post_title_background":0,"ocean_post_title_bg_image_position":"","ocean_post_title_bg_image_attachment":"","ocean_post_title_bg_image_repeat":"","ocean_post_title_bg_image_size":"","ocean_post_title_height":0,"ocean_post_title_bg_overlay":0.5,"ocean_post_title_bg_overlay_color":"","ocean_disable_breadcrumbs":"default","ocean_breadcrumbs_color":"","ocean_breadcrumbs_separator_color":"","ocean_breadcrumbs_links_color":"","ocean_breadcrumbs_links_hover_color":"","ocean_display_footer_widgets":"default","ocean_display_footer_bottom":"default","ocean_custom_footer_template":"","_themeisle_gutenberg_block_has_review":false,"footnotes":""},"class_list":["post-33","page","type-page","status-publish","hentry","entry","owp-thumbs-layout-horizontal","owp-btn-normal","owp-tabs-layout-horizontal","has-no-thumbnails","has-product-nav","circle-sale"],"jetpack_sharing_enabled":true,"_links":{"self":[{"href":"https:\/\/www.lamusereve.fr\/index.php\/wp-json\/wp\/v2\/pages\/33","targetHints":{"allow":["GET"]}}],"collection":[{"href":"https:\/\/www.lamusereve.fr\/index.php\/wp-json\/wp\/v2\/pages"}],"about":[{"href":"https:\/\/www.lamusereve.fr\/index.php\/wp-json\/wp\/v2\/types\/page"}],"author":[{"embeddable":true,"href":"https:\/\/www.lamusereve.fr\/index.php\/wp-json\/wp\/v2\/users\/3"}],"replies":[{"embeddable":true,"href":"https:\/\/www.lamusereve.fr\/index.php\/wp-json\/wp\/v2\/comments?post=33"}],"version-history":[{"count":64,"href":"https:\/\/www.lamusereve.fr\/index.php\/wp-json\/wp\/v2\/pages\/33\/revisions"}],"predecessor-version":[{"id":3727,"href":"https:\/\/www.lamusereve.fr\/index.php\/wp-json\/wp\/v2\/pages\/33\/revisions\/3727"}],"wp:attachment":[{"href":"https:\/\/www.lamusereve.fr\/index.php\/wp-json\/wp\/v2\/media?parent=33"}],"curies":[{"name":"wp","href":"https:\/\/api.w.org\/{rel}","templated":true}]}}