{"id":2630,"date":"2025-07-01T16:25:09","date_gmt":"2025-07-01T14:25:09","guid":{"rendered":"https:\/\/www.lamusereve.fr\/?page_id=2630"},"modified":"2025-07-01T16:25:09","modified_gmt":"2025-07-01T14:25:09","slug":"poesie-pour-tout-petits-et-autres-mignonneries","status":"publish","type":"page","link":"https:\/\/www.lamusereve.fr\/index.php\/poesie-pour-tout-petits-et-autres-mignonneries\/","title":{"rendered":"Po\u00e9sie pour tout-petits et autres mignonneries"},"content":{"rendered":"\n<div class=\"wp-block-media-text is-stacked-on-mobile has-background\" style=\"background-color:#f9d7d7;grid-template-columns:40% auto\"><figure class=\"wp-block-media-text__media\"><img fetchpriority=\"high\" decoding=\"async\" width=\"490\" height=\"490\" src=\"https:\/\/www.lamusereve.fr\/wp-content\/uploads\/2025\/05\/Les-haikus-des-tout-petits_A-lenvers.webp\" alt=\"\" class=\"wp-image-1893 size-full\" srcset=\"https:\/\/www.lamusereve.fr\/wp-content\/uploads\/2025\/05\/Les-haikus-des-tout-petits_A-lenvers.webp 490w, https:\/\/www.lamusereve.fr\/wp-content\/uploads\/2025\/05\/Les-haikus-des-tout-petits_A-lenvers-300x300.webp 300w, https:\/\/www.lamusereve.fr\/wp-content\/uploads\/2025\/05\/Les-haikus-des-tout-petits_A-lenvers-150x150.webp 150w, https:\/\/www.lamusereve.fr\/wp-content\/uploads\/2025\/05\/Les-haikus-des-tout-petits_A-lenvers-400x400.webp 400w, https:\/\/www.lamusereve.fr\/wp-content\/uploads\/2025\/05\/Les-haikus-des-tout-petits_A-lenvers-100x100.webp 100w\" sizes=\"(max-width: 490px) 100vw, 490px\" \/><\/figure><div class=\"wp-block-media-text__content\">\n<h1 class=\"wp-block-heading has-text-color has-link-color wp-elements-c8bc6d0faa477ee7f3fc5937d4ebceb0\" style=\"color:#188282\"><em><strong>Po\u00e9sie pour tout-petits et autres mignonneries<\/strong><\/em><\/h1>\n\n\n\n<h3 class=\"wp-block-heading has-text-color has-link-color wp-elements-c520efb6b5716ca45d02811c9740e36d\" style=\"color:#188282\">Du 7 mai au 21 juin 2025<\/h3>\n\n\n\n<p class=\"has-text-color has-link-color wp-elements-9ab15bdac9a7881734b5df8609734146\" style=\"color:#188282;font-size:14px\">Avec les illustrations originales de Judith Gueyfier, extraites de l&rsquo;album <em>Les ha\u00efkus des tout-petits<\/em>, publi\u00e9 aux \u00e9ditions Rue du monde.<\/p>\n\n\n\n<p class=\"has-text-color has-link-color wp-elements-4c55b0037033401ed42c8fdda9df3992\" style=\"color:#188282;font-size:14px\"><strong>Du lever au coucher, en passant par l&rsquo;heure du repas, de la balan\u00e7oire ou du bain, les magnifiques gouaches de Judith Gueyfier, murmure en touches po\u00e9tiques les sensations de la journ\u00e9e du jeune enfant. Les diff\u00e9rents moments se d\u00e9ploient sous la forme d&rsquo;un imagier d\u00e9licat qui fait \u00e9cho aux planches de son autre imagier, \u00e9galement pr\u00e9sentes dans l&rsquo;exposition. Po\u00e9sie, douceur et \u00e9motion se d\u00e9gagent de ses peintures d&rsquo;une remarquable finesse.<\/strong><\/p>\n\n\n\n<p class=\"has-text-color has-link-color wp-elements-f72016c22750395696eea8c271278844\" style=\"color:#188282;font-size:13px\">Th\u00e8mes : b\u00e9b\u00e9, enfant, activit\u00e9s du quotidien, journ\u00e9e, maison, po\u00e9sie, nature<\/p>\n<\/div><\/div>\n\n\n\n<div style=\"height:100px\" aria-hidden=\"true\" class=\"wp-block-spacer\"><\/div>\n\n\n\n<figure class=\"wp-block-gallery has-nested-images columns-default is-cropped is-style-rectangular wp-block-gallery-1 is-layout-flex wp-block-gallery-is-layout-flex\">\n<figure class=\"wp-block-image size-large\"><img decoding=\"async\" width=\"498\" height=\"499\" data-id=\"1885\" data-src=\"https:\/\/www.lamusereve.fr\/wp-content\/uploads\/2025\/05\/Haikus-de-la-sieste_Nuages_web.jpg\" alt=\"\" class=\"wp-image-1885 lazyload\" data-srcset=\"https:\/\/www.lamusereve.fr\/wp-content\/uploads\/2025\/05\/Haikus-de-la-sieste_Nuages_web.jpg 498w, https:\/\/www.lamusereve.fr\/wp-content\/uploads\/2025\/05\/Haikus-de-la-sieste_Nuages_web-300x300.jpg 300w, https:\/\/www.lamusereve.fr\/wp-content\/uploads\/2025\/05\/Haikus-de-la-sieste_Nuages_web-150x150.jpg 150w, https:\/\/www.lamusereve.fr\/wp-content\/uploads\/2025\/05\/Haikus-de-la-sieste_Nuages_web-400x401.jpg 400w, https:\/\/www.lamusereve.fr\/wp-content\/uploads\/2025\/05\/Haikus-de-la-sieste_Nuages_web-100x100.jpg 100w\" data-sizes=\"(max-width: 498px) 100vw, 498px\" src=\"data:image\/svg+xml;base64,PHN2ZyB3aWR0aD0iMSIgaGVpZ2h0PSIxIiB4bWxucz0iaHR0cDovL3d3dy53My5vcmcvMjAwMC9zdmciPjwvc3ZnPg==\" style=\"--smush-placeholder-width: 498px; --smush-placeholder-aspect-ratio: 498\/499;\" \/><\/figure>\n\n\n\n<figure class=\"wp-block-image size-large\"><img decoding=\"async\" width=\"448\" height=\"437\" data-id=\"1886\" data-src=\"https:\/\/www.lamusereve.fr\/wp-content\/uploads\/2025\/05\/Haikus-du-livre_Premieres-lectures_web.jpg\" alt=\"\" class=\"wp-image-1886 lazyload\" data-srcset=\"https:\/\/www.lamusereve.fr\/wp-content\/uploads\/2025\/05\/Haikus-du-livre_Premieres-lectures_web.jpg 448w, https:\/\/www.lamusereve.fr\/wp-content\/uploads\/2025\/05\/Haikus-du-livre_Premieres-lectures_web-300x293.jpg 300w, https:\/\/www.lamusereve.fr\/wp-content\/uploads\/2025\/05\/Haikus-du-livre_Premieres-lectures_web-400x390.jpg 400w\" data-sizes=\"(max-width: 448px) 100vw, 448px\" src=\"data:image\/svg+xml;base64,PHN2ZyB3aWR0aD0iMSIgaGVpZ2h0PSIxIiB4bWxucz0iaHR0cDovL3d3dy53My5vcmcvMjAwMC9zdmciPjwvc3ZnPg==\" style=\"--smush-placeholder-width: 448px; --smush-placeholder-aspect-ratio: 448\/437;\" \/><\/figure>\n\n\n\n<figure class=\"wp-block-image size-large\"><img decoding=\"async\" width=\"498\" height=\"498\" data-id=\"1887\" data-src=\"https:\/\/www.lamusereve.fr\/wp-content\/uploads\/2025\/05\/Haikus-de-la-balancoire_Au-revoir-balancoire_web.jpg\" alt=\"\" class=\"wp-image-1887 lazyload\" data-srcset=\"https:\/\/www.lamusereve.fr\/wp-content\/uploads\/2025\/05\/Haikus-de-la-balancoire_Au-revoir-balancoire_web.jpg 498w, https:\/\/www.lamusereve.fr\/wp-content\/uploads\/2025\/05\/Haikus-de-la-balancoire_Au-revoir-balancoire_web-300x300.jpg 300w, https:\/\/www.lamusereve.fr\/wp-content\/uploads\/2025\/05\/Haikus-de-la-balancoire_Au-revoir-balancoire_web-150x150.jpg 150w, https:\/\/www.lamusereve.fr\/wp-content\/uploads\/2025\/05\/Haikus-de-la-balancoire_Au-revoir-balancoire_web-400x400.jpg 400w, https:\/\/www.lamusereve.fr\/wp-content\/uploads\/2025\/05\/Haikus-de-la-balancoire_Au-revoir-balancoire_web-100x100.jpg 100w\" data-sizes=\"(max-width: 498px) 100vw, 498px\" src=\"data:image\/svg+xml;base64,PHN2ZyB3aWR0aD0iMSIgaGVpZ2h0PSIxIiB4bWxucz0iaHR0cDovL3d3dy53My5vcmcvMjAwMC9zdmciPjwvc3ZnPg==\" style=\"--smush-placeholder-width: 498px; --smush-placeholder-aspect-ratio: 498\/498;\" \/><\/figure>\n\n\n\n<figure class=\"wp-block-image size-large\"><img decoding=\"async\" width=\"499\" height=\"499\" data-id=\"1890\" data-src=\"https:\/\/www.lamusereve.fr\/wp-content\/uploads\/2025\/05\/Imagier_Les-mures_web.jpg\" alt=\"\" class=\"wp-image-1890 lazyload\" data-srcset=\"https:\/\/www.lamusereve.fr\/wp-content\/uploads\/2025\/05\/Imagier_Les-mures_web.jpg 499w, https:\/\/www.lamusereve.fr\/wp-content\/uploads\/2025\/05\/Imagier_Les-mures_web-300x300.jpg 300w, https:\/\/www.lamusereve.fr\/wp-content\/uploads\/2025\/05\/Imagier_Les-mures_web-150x150.jpg 150w, https:\/\/www.lamusereve.fr\/wp-content\/uploads\/2025\/05\/Imagier_Les-mures_web-400x400.jpg 400w, https:\/\/www.lamusereve.fr\/wp-content\/uploads\/2025\/05\/Imagier_Les-mures_web-100x100.jpg 100w\" data-sizes=\"(max-width: 499px) 100vw, 499px\" src=\"data:image\/svg+xml;base64,PHN2ZyB3aWR0aD0iMSIgaGVpZ2h0PSIxIiB4bWxucz0iaHR0cDovL3d3dy53My5vcmcvMjAwMC9zdmciPjwvc3ZnPg==\" style=\"--smush-placeholder-width: 499px; --smush-placeholder-aspect-ratio: 499\/499;\" \/><\/figure>\n\n\n\n<figure class=\"wp-block-image size-large\"><img decoding=\"async\" width=\"498\" height=\"498\" data-id=\"1889\" data-src=\"https:\/\/www.lamusereve.fr\/wp-content\/uploads\/2025\/05\/Imagier_Feuille-de-marronnier_web.jpg\" alt=\"\" class=\"wp-image-1889 lazyload\" data-srcset=\"https:\/\/www.lamusereve.fr\/wp-content\/uploads\/2025\/05\/Imagier_Feuille-de-marronnier_web.jpg 498w, https:\/\/www.lamusereve.fr\/wp-content\/uploads\/2025\/05\/Imagier_Feuille-de-marronnier_web-300x300.jpg 300w, https:\/\/www.lamusereve.fr\/wp-content\/uploads\/2025\/05\/Imagier_Feuille-de-marronnier_web-150x150.jpg 150w, https:\/\/www.lamusereve.fr\/wp-content\/uploads\/2025\/05\/Imagier_Feuille-de-marronnier_web-400x400.jpg 400w, https:\/\/www.lamusereve.fr\/wp-content\/uploads\/2025\/05\/Imagier_Feuille-de-marronnier_web-100x100.jpg 100w\" data-sizes=\"(max-width: 498px) 100vw, 498px\" src=\"data:image\/svg+xml;base64,PHN2ZyB3aWR0aD0iMSIgaGVpZ2h0PSIxIiB4bWxucz0iaHR0cDovL3d3dy53My5vcmcvMjAwMC9zdmciPjwvc3ZnPg==\" style=\"--smush-placeholder-width: 498px; --smush-placeholder-aspect-ratio: 498\/498;\" \/><\/figure>\n\n\n\n<figure class=\"wp-block-image size-large\"><img decoding=\"async\" width=\"1024\" height=\"768\" data-id=\"1898\" data-src=\"https:\/\/www.lamusereve.fr\/wp-content\/uploads\/2025\/05\/IMG_20250508_110024-1024x768.jpg\" alt=\"\" class=\"wp-image-1898 lazyload\" data-srcset=\"https:\/\/www.lamusereve.fr\/wp-content\/uploads\/2025\/05\/IMG_20250508_110024-1024x768.jpg 1024w, https:\/\/www.lamusereve.fr\/wp-content\/uploads\/2025\/05\/IMG_20250508_110024-300x225.jpg 300w, https:\/\/www.lamusereve.fr\/wp-content\/uploads\/2025\/05\/IMG_20250508_110024-768x576.jpg 768w, https:\/\/www.lamusereve.fr\/wp-content\/uploads\/2025\/05\/IMG_20250508_110024-1536x1152.jpg 1536w, https:\/\/www.lamusereve.fr\/wp-content\/uploads\/2025\/05\/IMG_20250508_110024-2048x1536.jpg 2048w, https:\/\/www.lamusereve.fr\/wp-content\/uploads\/2025\/05\/IMG_20250508_110024-400x300.jpg 400w\" data-sizes=\"(max-width: 1024px) 100vw, 1024px\" src=\"data:image\/svg+xml;base64,PHN2ZyB3aWR0aD0iMSIgaGVpZ2h0PSIxIiB4bWxucz0iaHR0cDovL3d3dy53My5vcmcvMjAwMC9zdmciPjwvc3ZnPg==\" style=\"--smush-placeholder-width: 1024px; --smush-placeholder-aspect-ratio: 1024\/768;\" \/><\/figure>\n<\/figure>\n\n\n\n<p style=\"font-size:12px\">Cr\u00e9dits images : \u00a9Jolie Galerie, Paris ; @La muse r\u00eave<\/p>\n\n\n\n<div style=\"height:80px\" aria-hidden=\"true\" class=\"wp-block-spacer\"><\/div>\n\n\n\n<h2 class=\"wp-block-heading\">L&rsquo;artiste<\/h2>\n\n\n\n<div class=\"wp-block-columns are-vertically-aligned-center has-background is-layout-flex wp-container-core-columns-is-layout-3da6863c wp-block-columns-is-layout-flex\" style=\"background-color:#f9d7d7\">\n<div class=\"wp-block-column is-layout-flow wp-block-column-is-layout-flow\" style=\"flex-basis:50px\"><\/div>\n\n\n\n<div class=\"wp-block-column is-vertically-aligned-center is-layout-flow wp-block-column-is-layout-flow\" style=\"flex-basis:450px\">\n<div style=\"height:30px\" aria-hidden=\"true\" class=\"wp-block-spacer\"><\/div>\n\n\n\n<h2 class=\"wp-block-heading has-text-color has-link-color wp-elements-0b04662a73496fd2d4eb3e44a330d350\" style=\"color:#188282\">Judith Gueyfier<\/h2>\n\n\n\n<p class=\"has-text-align-left has-text-color has-link-color wp-elements-63bc6b3417a64356c81eea335f049719\" style=\"color:#188282\">Form\u00e9e aux Arts D\u00e9coratifs de Strasbourg, Judith Gueyfier est une illustratrice passionn\u00e9e par le voyage et les cultures du monde, notamment l&rsquo;Afrique. Depuis 2004, elle enchante la litt\u00e9rature jeunesse et la presse par ses illustrations d\u00e9licates et expressives, o\u00f9 la douceur des \u00e9motions transpara\u00eet avec finesse. Ses carnets de voyage sont une source d&rsquo;inspiration constante pour ses peintures, mais aussi pour des fresques qu&rsquo;elle r\u00e9alise pour les particuliers et les professionnels, en collaboration \u00e9troite avec la <a href=\"https:\/\/www.jolie-galerie.com\/\">Jolie Galerie<\/a> (Paris).<\/p>\n\n\n\n<div id=\"wp-block-themeisle-blocks-icon-list-e996d773\" class=\"wp-block-themeisle-blocks-icon-list\">\n<div id=\"wp-block-themeisle-blocks-icon-list-item-5dc8cbf1\" class=\"wp-block-themeisle-blocks-icon-list-item\"><i class=\"far fa-address-card wp-block-themeisle-blocks-icon-list-item-icon\"><\/i><p class=\"wp-block-themeisle-blocks-icon-list-item-content\"><em>> <a href=\"https:\/\/www.lamusereve.fr\/wp-content\/uploads\/2025\/05\/Bio-Judith-Gueyfier-web.pdf\">Voir la fiche d&rsquo;identit\u00e9 de l&rsquo;artiste<\/a><\/em><\/p><\/div>\n\n\n\n<div id=\"wp-block-themeisle-blocks-icon-list-item-da53880f\" class=\"wp-block-themeisle-blocks-icon-list-item\"><i class=\"fas fa-paint-brush wp-block-themeisle-blocks-icon-list-item-icon\"><\/i><p class=\"wp-block-themeisle-blocks-icon-list-item-content\"><em>> <a href=\"https:\/\/judithgueyfier.over-blog.com\/\">Voir le site de l&rsquo;artiste<\/a><\/em><\/p><\/div>\n<\/div>\n\n\n\n<div style=\"height:30px\" aria-hidden=\"true\" class=\"wp-block-spacer\"><\/div>\n<\/div>\n\n\n\n<div class=\"wp-block-column is-vertically-aligned-center is-layout-flow wp-block-column-is-layout-flow\"><div class=\"wp-block-image\">\n<figure class=\"aligncenter size-full is-resized has-custom-border\"><img decoding=\"async\" data-src=\"https:\/\/www.lamusereve.fr\/wp-content\/uploads\/2025\/02\/ob_e287f7_judith-gueyfier.jpg\" alt=\"\" class=\"wp-image-1271 lazyload\" style=\"border-style:none;border-width:0px;border-radius:100em;object-fit:cover;width:250px;height:250px\" src=\"data:image\/svg+xml;base64,PHN2ZyB3aWR0aD0iMSIgaGVpZ2h0PSIxIiB4bWxucz0iaHR0cDovL3d3dy53My5vcmcvMjAwMC9zdmciPjwvc3ZnPg==\" \/><\/figure>\n<\/div><\/div>\n\n\n\n<div class=\"wp-block-column is-layout-flow wp-block-column-is-layout-flow\" style=\"flex-basis:50px\"><\/div>\n<\/div>\n\n\n\n<div style=\"height:80px\" aria-hidden=\"true\" class=\"wp-block-spacer\"><\/div>\n\n\n\n<h2 class=\"wp-block-heading\">Le livre de l&rsquo;exposition<\/h2>\n\n\n\n<div class=\"wp-block-media-text is-stacked-on-mobile is-vertically-aligned-top has-background\" style=\"background-color:#f9d7d7;grid-template-columns:19% auto\"><figure class=\"wp-block-media-text__media\"><img decoding=\"async\" width=\"475\" height=\"475\" data-src=\"https:\/\/www.lamusereve.fr\/wp-content\/uploads\/2025\/05\/Couv-Les-haikus-des-tout-petits-e1746992322777.jpg\" alt=\"\" class=\"wp-image-1876 size-full lazyload\" data-srcset=\"https:\/\/www.lamusereve.fr\/wp-content\/uploads\/2025\/05\/Couv-Les-haikus-des-tout-petits-e1746992322777.jpg 475w, https:\/\/www.lamusereve.fr\/wp-content\/uploads\/2025\/05\/Couv-Les-haikus-des-tout-petits-e1746992322777-300x300.jpg 300w, https:\/\/www.lamusereve.fr\/wp-content\/uploads\/2025\/05\/Couv-Les-haikus-des-tout-petits-e1746992322777-150x150.jpg 150w, https:\/\/www.lamusereve.fr\/wp-content\/uploads\/2025\/05\/Couv-Les-haikus-des-tout-petits-e1746992322777-400x400.jpg 400w, https:\/\/www.lamusereve.fr\/wp-content\/uploads\/2025\/05\/Couv-Les-haikus-des-tout-petits-e1746992322777-100x100.jpg 100w\" data-sizes=\"(max-width: 475px) 100vw, 475px\" src=\"data:image\/svg+xml;base64,PHN2ZyB3aWR0aD0iMSIgaGVpZ2h0PSIxIiB4bWxucz0iaHR0cDovL3d3dy53My5vcmcvMjAwMC9zdmciPjwvc3ZnPg==\" style=\"--smush-placeholder-width: 475px; --smush-placeholder-aspect-ratio: 475\/475;\" \/><\/figure><div class=\"wp-block-media-text__content\">\n<p><\/p>\n\n\n\n<h3 class=\"wp-block-heading has-text-color has-link-color wp-elements-97e570c64f44c02ff027d07e7631acee\" style=\"color:#571e40\"><em><strong>Les ha\u00efkus des tout-petits<\/strong><\/em><\/h3>\n\n\n\n<p class=\"has-small-font-size\">Auteur(s) : <a href=\"https:\/\/judithgueyfier.over-blog.com\/\">Judith Gueyfier<\/a>, <a href=\"https:\/\/www.rue-des-livres.com\/auteurs\/4141\/alain-serres.html\">Alain Serres<\/a><\/p>\n\n\n\n<p class=\"has-small-font-size\">\u00c9diteur : <a href=\"https:\/\/www.rue-des-livres.com\/editeurs\/654\/rue_du_monde.html\">Rue du Monde \u203a<\/a><\/p>\n\n\n\n<p class=\"has-small-font-size\">\u00ab\u00a0Inspir\u00e9es du ha\u00efku, 32 formes br\u00e8ves \u00e9voquent impressions et \u00e9motions per\u00e7ues par de tr\u00e8s jeunes enfants au cours d&rsquo;une journ\u00e9e. Depuis le r\u00e9veil, Les oiseaux du rideau sont d\u00e9j\u00e0 debout. O\u00f9 est donc pass\u00e9e la nuit ? jusqu&rsquo;\u00e0 l&rsquo;heure du coucher o\u00f9 l&rsquo;on \u00e9coute fondre en soi la chanson du silence.<br>Ce petit pav\u00e9 \u00e9pais, facile \u00e0 saisir par des mains d&rsquo;enfants, nous fait passer par la salle de bain, le jardin public, la chambre, la cuisine, o\u00f9 l&rsquo;accident de l&rsquo;assiette fait d\u00e9gouliner des larmes de potiron sur les chaussons.<br>Pour chaque s\u00e9quence, une page de titre annonce les nouveaux ha\u00efkus, avec une image autour d&rsquo;une famille d&rsquo;oiseaux, puis suivent deux illustrations d&rsquo;enfants pour un duo de ha\u00efkus sur un m\u00eame th\u00e8me. Parents et enfants d\u00e8s 18 mois vont sourire, s&rsquo;\u00e9tonner ou r\u00eaver ensemble.\u00a0\u00bb (pr\u00e9sentation de l&rsquo;\u00e9diteur)<\/p>\n\n\n\n<p class=\"has-small-font-size\">Parution : Mars 2016, r\u00e9\u00e9dition Avril 2023 &#8211; 70 pages &#8211; ISBN : 978-2-3550-4410-6<\/p>\n\n\n\n<p><strong>En vente chez La muse r\u00eave<\/strong><\/p>\n<\/div><\/div>\n\n\n\n<div style=\"height:70px\" aria-hidden=\"true\" class=\"wp-block-spacer\"><\/div>\n\n\n\n<p><\/p>\n","protected":false},"excerpt":{"rendered":"<p>Po\u00e9sie pour tout-petits et autres mignonneries Du 7 mai au 21 juin 2025 Avec les illustrations originales de Judith Gueyfier, extraites de l&rsquo;album Les ha\u00efkus des tout-petits, publi\u00e9 aux \u00e9ditions Rue du monde. Du lever au coucher, en passant par l&rsquo;heure du repas, de la balan\u00e7oire ou du bain, les magnifiques gouaches de Judith Gueyfier, [&hellip;]<\/p>\n","protected":false},"author":2,"featured_media":0,"parent":0,"menu_order":0,"comment_status":"closed","ping_status":"closed","template":"","meta":{"ocean_post_layout":"","ocean_both_sidebars_style":"","ocean_both_sidebars_content_width":0,"ocean_both_sidebars_sidebars_width":0,"ocean_sidebar":"","ocean_second_sidebar":"","ocean_disable_margins":"enable","ocean_add_body_class":"","ocean_shortcode_before_top_bar":"","ocean_shortcode_after_top_bar":"","ocean_shortcode_before_header":"","ocean_shortcode_after_header":"","ocean_has_shortcode":"","ocean_shortcode_after_title":"","ocean_shortcode_before_footer_widgets":"","ocean_shortcode_after_footer_widgets":"","ocean_shortcode_before_footer_bottom":"","ocean_shortcode_after_footer_bottom":"","ocean_display_top_bar":"default","ocean_display_header":"default","ocean_header_style":"","ocean_center_header_left_menu":"","ocean_custom_header_template":"","ocean_custom_logo":0,"ocean_custom_retina_logo":0,"ocean_custom_logo_max_width":0,"ocean_custom_logo_tablet_max_width":0,"ocean_custom_logo_mobile_max_width":0,"ocean_custom_logo_max_height":0,"ocean_custom_logo_tablet_max_height":0,"ocean_custom_logo_mobile_max_height":0,"ocean_header_custom_menu":"","ocean_menu_typo_font_family":"","ocean_menu_typo_font_subset":"","ocean_menu_typo_font_size":0,"ocean_menu_typo_font_size_tablet":0,"ocean_menu_typo_font_size_mobile":0,"ocean_menu_typo_font_size_unit":"px","ocean_menu_typo_font_weight":"","ocean_menu_typo_font_weight_tablet":"","ocean_menu_typo_font_weight_mobile":"","ocean_menu_typo_transform":"","ocean_menu_typo_transform_tablet":"","ocean_menu_typo_transform_mobile":"","ocean_menu_typo_line_height":0,"ocean_menu_typo_line_height_tablet":0,"ocean_menu_typo_line_height_mobile":0,"ocean_menu_typo_line_height_unit":"","ocean_menu_typo_spacing":0,"ocean_menu_typo_spacing_tablet":0,"ocean_menu_typo_spacing_mobile":0,"ocean_menu_typo_spacing_unit":"","ocean_menu_link_color":"","ocean_menu_link_color_hover":"","ocean_menu_link_color_active":"","ocean_menu_link_background":"","ocean_menu_link_hover_background":"","ocean_menu_link_active_background":"","ocean_menu_social_links_bg":"","ocean_menu_social_hover_links_bg":"","ocean_menu_social_links_color":"","ocean_menu_social_hover_links_color":"","ocean_disable_title":"default","ocean_disable_heading":"default","ocean_post_title":"","ocean_post_subheading":"","ocean_post_title_style":"","ocean_post_title_background_color":"","ocean_post_title_background":0,"ocean_post_title_bg_image_position":"","ocean_post_title_bg_image_attachment":"","ocean_post_title_bg_image_repeat":"","ocean_post_title_bg_image_size":"","ocean_post_title_height":0,"ocean_post_title_bg_overlay":0.5,"ocean_post_title_bg_overlay_color":"","ocean_disable_breadcrumbs":"default","ocean_breadcrumbs_color":"","ocean_breadcrumbs_separator_color":"","ocean_breadcrumbs_links_color":"","ocean_breadcrumbs_links_hover_color":"","ocean_display_footer_widgets":"default","ocean_display_footer_bottom":"default","ocean_custom_footer_template":"","_themeisle_gutenberg_block_has_review":false,"footnotes":""},"class_list":["post-2630","page","type-page","status-publish","hentry","entry","owp-thumbs-layout-horizontal","owp-btn-normal","owp-tabs-layout-horizontal","has-no-thumbnails","has-product-nav","circle-sale"],"jetpack_sharing_enabled":true,"_links":{"self":[{"href":"https:\/\/www.lamusereve.fr\/index.php\/wp-json\/wp\/v2\/pages\/2630","targetHints":{"allow":["GET"]}}],"collection":[{"href":"https:\/\/www.lamusereve.fr\/index.php\/wp-json\/wp\/v2\/pages"}],"about":[{"href":"https:\/\/www.lamusereve.fr\/index.php\/wp-json\/wp\/v2\/types\/page"}],"author":[{"embeddable":true,"href":"https:\/\/www.lamusereve.fr\/index.php\/wp-json\/wp\/v2\/users\/2"}],"replies":[{"embeddable":true,"href":"https:\/\/www.lamusereve.fr\/index.php\/wp-json\/wp\/v2\/comments?post=2630"}],"version-history":[{"count":1,"href":"https:\/\/www.lamusereve.fr\/index.php\/wp-json\/wp\/v2\/pages\/2630\/revisions"}],"predecessor-version":[{"id":2638,"href":"https:\/\/www.lamusereve.fr\/index.php\/wp-json\/wp\/v2\/pages\/2630\/revisions\/2638"}],"wp:attachment":[{"href":"https:\/\/www.lamusereve.fr\/index.php\/wp-json\/wp\/v2\/media?parent=2630"}],"curies":[{"name":"wp","href":"https:\/\/api.w.org\/{rel}","templated":true}]}}