{"id":2225,"date":"2025-05-21T23:22:39","date_gmt":"2025-05-21T21:22:39","guid":{"rendered":"https:\/\/www.lamusereve.fr\/?page_id=2225"},"modified":"2026-03-24T17:02:34","modified_gmt":"2026-03-24T16:02:34","slug":"vacances","status":"publish","type":"page","link":"https:\/\/www.lamusereve.fr\/index.php\/vacances\/","title":{"rendered":"Vacances"},"content":{"rendered":"\n<h1 class=\"wp-block-heading\">Les stages <strong>Artymuse<\/strong> : une immersion artistique et culturelle pour cr\u00e9er, r\u00eaver et s&rsquo;amuser !&nbsp;<\/h1>\n\n\n\n<p class=\"has-text-color has-link-color wp-elements-f3e4f6b15dc18a436612827ba3f04453\" style=\"color:#a6553c;font-size:18px\">Vos enfants ont entre <strong>3 et 12 ans<\/strong> et vous cherchez une activit\u00e9 stimulante pour les vacances ? D\u00e9couvrez les <strong>stages Artymuse<\/strong> de La muse r\u00eave !<\/p>\n\n\n\n<p style=\"font-size:18px\">Durant <strong>3 demi-journ\u00e9es<\/strong> cons\u00e9cutives, vos enfants plongeront dans la <strong>litt\u00e9rature de jeunesse<\/strong>, s&rsquo;initieront joyeusement \u00e0 l&rsquo;<strong>histoire de l&rsquo;art<\/strong> et exploreront diverses <strong>techniques artistiques<\/strong>.<\/p>\n\n\n\n<p style=\"font-size:18px\"><strong>L&rsquo;objectif ? D\u00e9velopper leur cr\u00e9ativit\u00e9, leur curiosit\u00e9 et leur sens artistique \u00e0 travers des activit\u00e9s amusantes et encadr\u00e9es.<\/strong><\/p>\n\n\n\n<p class=\"has-text-color has-link-color wp-elements-0467816e26224ce6407e68dbfe615532\" style=\"color:#a6553c;font-size:18px\">Les <strong>stages<\/strong> <strong>Artymuse<\/strong> chez La muse r\u00eave, c&rsquo;est :<\/p>\n\n\n\n<ul style=\"font-size:18px\" class=\"wp-block-list\">\n<li style=\"font-size:18px\">Une exp\u00e9rience unique pour <strong>stimuler leur imagination<\/strong>&nbsp;;<\/li>\n\n\n\n<li style=\"font-size:18px\">Un <strong>format court et ludique<\/strong>, pour leur laisser le temps d\u2019assimiler ce qu&rsquo;ils auront d\u00e9couvert et de profiter aussi de leurs vacances&nbsp;;<\/li>\n\n\n\n<li style=\"font-size:18px\">Un <strong>accueil soign\u00e9 en petit groupe<\/strong>, pour <strong>favoriser l&rsquo;inclusion, l&rsquo;\u00e9coute, le partage et les \u00e9changes bienveillants.<\/strong><\/li>\n<\/ul>\n\n\n\n<div style=\"height:20px\" aria-hidden=\"true\" class=\"wp-block-spacer\"><\/div>\n\n\n\n<div id=\"wp-block-themeisle-blocks-icon-list-aaf6c3d6\" class=\"wp-block-themeisle-blocks-icon-list\">\n<div id=\"wp-block-themeisle-blocks-icon-list-item-c58f6043\" class=\"wp-block-themeisle-blocks-icon-list-item\"><i class=\"far fa-sticky-note wp-block-themeisle-blocks-icon-list-item-icon-custom\"><\/i><p class=\"wp-block-themeisle-blocks-icon-list-item-content-custom\"><strong>Une fiche d&rsquo;inscription compl\u00e9mentaire et une autorisation de droits \u00e0 l&rsquo;image vous seront transmises par mail, une fois l&rsquo;inscription valid\u00e9e et pay\u00e9e.<\/strong><\/p><\/div>\n<\/div>\n\n\n\n<div style=\"height:30px\" aria-hidden=\"true\" class=\"wp-block-spacer\"><\/div>\n\n\n\n<div class=\"wp-block-buttons is-layout-flex wp-block-buttons-is-layout-flex\">\n<div class=\"wp-block-button\"><a class=\"wp-block-button__link has-custom-font-size wp-element-button\" href=\"#calendrier-stages-Artymuse\" style=\"font-size:18px\">Voir le calendrier des stages Artymuse<\/a><\/div>\n<\/div>\n\n\n\n<div style=\"height:70px\" aria-hidden=\"true\" class=\"wp-block-spacer\"><\/div>\n\n\n\n<div id=\"wp-block-themeisle-blocks-advanced-columns-d87d87fb\" class=\"wp-block-themeisle-blocks-advanced-columns alignwide has-1-columns has-desktop-equal-layout has-tablet-equal-layout has-mobile-collapsedRows-layout has-vertical-center ticss-c00aadba has-light-bg\"><div class=\"wp-block-themeisle-blocks-advanced-columns-overlay\"><\/div><div class=\"innerblocks-wrap\">\n<div id=\"wp-block-themeisle-blocks-advanced-column-60dad16e\" class=\"wp-block-themeisle-blocks-advanced-column\">\n<div id=\"wp-block-themeisle-blocks-advanced-columns-d2e20cf0\" class=\"wp-block-themeisle-blocks-advanced-columns has-1-columns has-desktop-equal-layout has-tablet-equal-layout has-mobile-equal-layout has-vertical-center\"><div class=\"wp-block-themeisle-blocks-advanced-columns-overlay\"><\/div><div class=\"innerblocks-wrap\">\n<div id=\"wp-block-themeisle-blocks-advanced-column-8b4ed85a\" class=\"wp-block-themeisle-blocks-advanced-column\">\n<h2 class=\"wp-block-heading has-text-align-center\">Stages Artymuse de 3 \u00e0 12 ans<\/h2>\n<\/div>\n<\/div><\/div>\n\n\n\n<div id=\"wp-block-themeisle-blocks-advanced-columns-be71e345\" class=\"wp-block-themeisle-blocks-advanced-columns has-2-columns has-desktop-equal-layout has-tablet-twoColumnGrid-layout has-mobile-collapsedRows-layout has-vertical-unset has-vertical-undefined\"><div class=\"wp-block-themeisle-blocks-advanced-columns-overlay\"><\/div><div class=\"innerblocks-wrap\">\n<div id=\"wp-block-themeisle-blocks-advanced-column-7e32a82b\" class=\"wp-block-themeisle-blocks-advanced-column\"><div class=\"wp-block-image is-style-rounded\">\n<figure class=\"aligncenter size-full is-resized\"><a href=\"https:\/\/www.lamusereve.fr\/index.php\/produit\/inscription-pour-les-stages-artymuse-kidy-3-6-ans\/\"><img fetchpriority=\"high\" decoding=\"async\" width=\"2560\" height=\"1920\" src=\"https:\/\/www.lamusereve.fr\/wp-content\/uploads\/2025\/03\/high-angle-paint-brushes-paint-scaled.jpg\" alt=\"\" class=\"wp-image-1672\" style=\"width:250px\" srcset=\"https:\/\/www.lamusereve.fr\/wp-content\/uploads\/2025\/03\/high-angle-paint-brushes-paint-scaled.jpg 2560w, https:\/\/www.lamusereve.fr\/wp-content\/uploads\/2025\/03\/high-angle-paint-brushes-paint-scaled-400x300.jpg 400w, https:\/\/www.lamusereve.fr\/wp-content\/uploads\/2025\/03\/high-angle-paint-brushes-paint-300x225.jpg 300w, https:\/\/www.lamusereve.fr\/wp-content\/uploads\/2025\/03\/high-angle-paint-brushes-paint-1024x768.jpg 1024w, https:\/\/www.lamusereve.fr\/wp-content\/uploads\/2025\/03\/high-angle-paint-brushes-paint-768x576.jpg 768w, https:\/\/www.lamusereve.fr\/wp-content\/uploads\/2025\/03\/high-angle-paint-brushes-paint-1536x1152.jpg 1536w, https:\/\/www.lamusereve.fr\/wp-content\/uploads\/2025\/03\/high-angle-paint-brushes-paint-2048x1536.jpg 2048w\" sizes=\"(max-width: 2560px) 100vw, 2560px\" \/><\/a><\/figure>\n<\/div>\n\n\n<h3 id=\"wp-block-themeisle-blocks-advanced-heading-5cdd08a0\" class=\"wp-block-themeisle-blocks-advanced-heading wp-block-themeisle-blocks-advanced-heading-5cdd08a0\">Artymuse Kidy<\/h3>\n\n\n\n<p id=\"wp-block-themeisle-blocks-advanced-heading-a4688a0d\" class=\"wp-block-themeisle-blocks-advanced-heading wp-block-themeisle-blocks-advanced-heading-a4688a0d\"><strong>stages 3-6 ans<\/strong><\/p>\n\n\n\n<div class=\"wp-block-buttons is-content-justification-center is-layout-flex wp-container-core-buttons-is-layout-16018d1d wp-block-buttons-is-layout-flex\">\n<div class=\"wp-block-button\"><a class=\"wp-block-button__link wp-element-button\" href=\"https:\/\/www.lamusereve.fr\/index.php\/produit\/inscription-stage-artymuse-kidy-3-6-ans\/\">Infos et inscription Artymuse Kidy demi-journ\u00e9e<\/a><\/div>\n\n\n\n<div class=\"wp-block-button\"><a class=\"wp-block-button__link wp-element-button\" href=\"https:\/\/www.lamusereve.fr\/index.php\/produit\/abonnement-stage-complet-artymuse-kidy-3-6-ans\/\">Infos et abonnement Artymuse Kidy<\/a><\/div>\n<\/div>\n<\/div>\n\n\n\n<div id=\"wp-block-themeisle-blocks-advanced-column-47c7b5bd\" class=\"wp-block-themeisle-blocks-advanced-column\"><div class=\"wp-block-image is-style-rounded\">\n<figure class=\"aligncenter size-full is-resized\"><a href=\"https:\/\/www.lamusereve.fr\/index.php\/produit\/inscription-pour-les-stages-artymuse-maxi-6-12-ans\/\"><img decoding=\"async\" width=\"1707\" height=\"2560\" data-src=\"https:\/\/www.lamusereve.fr\/wp-content\/uploads\/2025\/03\/high-angle-assortment-paint-brushes-mug-with-palette-scaled.jpg\" alt=\"\" class=\"wp-image-1675 lazyload\" style=\"--smush-placeholder-width: 1707px; --smush-placeholder-aspect-ratio: 1707\/2560;width:200px\" data-srcset=\"https:\/\/www.lamusereve.fr\/wp-content\/uploads\/2025\/03\/high-angle-assortment-paint-brushes-mug-with-palette-scaled.jpg 1707w, https:\/\/www.lamusereve.fr\/wp-content\/uploads\/2025\/03\/high-angle-assortment-paint-brushes-mug-with-palette-scaled-400x600.jpg 400w, https:\/\/www.lamusereve.fr\/wp-content\/uploads\/2025\/03\/high-angle-assortment-paint-brushes-mug-with-palette-200x300.jpg 200w, https:\/\/www.lamusereve.fr\/wp-content\/uploads\/2025\/03\/high-angle-assortment-paint-brushes-mug-with-palette-683x1024.jpg 683w, https:\/\/www.lamusereve.fr\/wp-content\/uploads\/2025\/03\/high-angle-assortment-paint-brushes-mug-with-palette-768x1152.jpg 768w, https:\/\/www.lamusereve.fr\/wp-content\/uploads\/2025\/03\/high-angle-assortment-paint-brushes-mug-with-palette-1024x1536.jpg 1024w\" data-sizes=\"(max-width: 1707px) 100vw, 1707px\" src=\"data:image\/svg+xml;base64,PHN2ZyB3aWR0aD0iMSIgaGVpZ2h0PSIxIiB4bWxucz0iaHR0cDovL3d3dy53My5vcmcvMjAwMC9zdmciPjwvc3ZnPg==\" \/><\/a><\/figure>\n<\/div>\n\n\n<h3 id=\"wp-block-themeisle-blocks-advanced-heading-d67c0dbf\" class=\"wp-block-themeisle-blocks-advanced-heading wp-block-themeisle-blocks-advanced-heading-d67c0dbf\">Artymuse Maxi<\/h3>\n\n\n\n<p id=\"wp-block-themeisle-blocks-advanced-heading-ab27dee0\" class=\"wp-block-themeisle-blocks-advanced-heading wp-block-themeisle-blocks-advanced-heading-ab27dee0\"><strong>stages 6-12 ans<\/strong><\/p>\n\n\n\n<div class=\"wp-block-buttons is-content-justification-center is-layout-flex wp-container-core-buttons-is-layout-16018d1d wp-block-buttons-is-layout-flex\">\n<div class=\"wp-block-button\"><a class=\"wp-block-button__link wp-element-button\" href=\"https:\/\/www.lamusereve.fr\/index.php\/produit\/inscription-stage-artymuse-maxi-6-12-ans\/\">Infos et inscription Artymuse Maxi demi-journ\u00e9e<\/a><\/div>\n\n\n\n<div class=\"wp-block-button\"><a class=\"wp-block-button__link wp-element-button\" href=\"https:\/\/www.lamusereve.fr\/index.php\/produit\/abonnement-stage-complet-artymuse-maxi-6-12-ans\/\">Infos et abonnement Artymuse Maxi<\/a><\/div>\n<\/div>\n<\/div>\n<\/div><\/div>\n<\/div>\n<\/div><\/div>\n\n\n\n<div style=\"height:50px\" aria-hidden=\"true\" class=\"wp-block-spacer\"><\/div>\n\n\n\n<blockquote class=\"wp-block-quote has-text-align-center is-style-large is-layout-flow wp-block-quote-is-layout-flow\">\n<p class=\"has-text-color has-link-color wp-elements-d7c599bfa307365a944e5e8957e8b484\" style=\"color:#a6553c\"><em>\u00ab&nbsp;La cr\u00e9ativit\u00e9, c&rsquo;est l&rsquo;intelligence qui s&rsquo;amuse.&nbsp;\u00bb<\/em><\/p>\n<cite>\u2014 Albert Einstein<\/cite><\/blockquote>\n\n\n\n<div style=\"height:60px\" aria-hidden=\"true\" class=\"wp-block-spacer\"><\/div>\n\n\n\n<h2 class=\"wp-block-heading has-text-color has-link-color wp-elements-af0fcb09e0f49cfe4c64f90cfc64cb58\" id=\"calendrier-stages-Artymuse\" style=\"color:#e1b772\">Calendrier des stages Artymuse Kidy<\/h2>\n\n\n\n<div style=\"height:20px\" aria-hidden=\"true\" class=\"wp-block-spacer\"><\/div>\n\n\n\n<h3 class=\"wp-block-heading has-text-color has-background has-link-color wp-elements-f402d46e437e1edc87255263365bb122\" style=\"color:#571e40;background-color:#e1b772\">OCTOBRE 2025 &#8211; Du 21 au 23 octobre de 10h \u00e0 11h30<\/h3>\n\n\n\n<div class=\"wp-block-media-text is-stacked-on-mobile\" style=\"grid-template-columns:25% auto\"><figure class=\"wp-block-media-text__media\"><a href=\"https:\/\/www.lamusereve.fr\/index.php\/expositions\/\"><img decoding=\"async\" width=\"827\" height=\"827\" data-src=\"https:\/\/www.lamusereve.fr\/wp-content\/uploads\/2025\/07\/Visuel-expo-Cest-NOTRE-arbre-VF.jpg\" alt=\"\" class=\"wp-image-2653 size-full lazyload\" data-srcset=\"https:\/\/www.lamusereve.fr\/wp-content\/uploads\/2025\/07\/Visuel-expo-Cest-NOTRE-arbre-VF.jpg 827w, https:\/\/www.lamusereve.fr\/wp-content\/uploads\/2025\/07\/Visuel-expo-Cest-NOTRE-arbre-VF-300x300.jpg 300w, https:\/\/www.lamusereve.fr\/wp-content\/uploads\/2025\/07\/Visuel-expo-Cest-NOTRE-arbre-VF-150x150.jpg 150w, https:\/\/www.lamusereve.fr\/wp-content\/uploads\/2025\/07\/Visuel-expo-Cest-NOTRE-arbre-VF-768x768.jpg 768w, https:\/\/www.lamusereve.fr\/wp-content\/uploads\/2025\/07\/Visuel-expo-Cest-NOTRE-arbre-VF-600x600.jpg 600w, https:\/\/www.lamusereve.fr\/wp-content\/uploads\/2025\/07\/Visuel-expo-Cest-NOTRE-arbre-VF-400x400.jpg 400w, https:\/\/www.lamusereve.fr\/wp-content\/uploads\/2025\/07\/Visuel-expo-Cest-NOTRE-arbre-VF-100x100.jpg 100w\" data-sizes=\"(max-width: 827px) 100vw, 827px\" src=\"data:image\/svg+xml;base64,PHN2ZyB3aWR0aD0iMSIgaGVpZ2h0PSIxIiB4bWxucz0iaHR0cDovL3d3dy53My5vcmcvMjAwMC9zdmciPjwvc3ZnPg==\" style=\"--smush-placeholder-width: 827px; --smush-placeholder-aspect-ratio: 827\/827;\" \/><\/a><\/figure><div class=\"wp-block-media-text__content\">\n<p>Ateliers en lien avec l&rsquo;exposition <\/p>\n\n\n\n<p style=\"font-size:15px\"><em><strong><em><strong>C&rsquo;est NOTRE arbre<\/strong><\/em><\/strong><\/em><\/p>\n\n\n\n<p>Avec les \u0153uvres des auteurs-illustrateurs de l&rsquo;\u00c9cole des loisirs<\/p>\n\n\n\n<p><strong><strong><strong><strong>Th\u00e8mes et techniques explor\u00e9s : <strong><strong>arbre, nature, for\u00eat, automne, couleurs, nuances, gouache, impression, crayon, pastel<\/strong><\/strong><\/strong><\/strong><\/strong><\/strong><\/p>\n\n\n\n<div class=\"wp-block-buttons is-content-justification-left is-layout-flex wp-container-core-buttons-is-layout-fdcfc74e wp-block-buttons-is-layout-flex\">\n<div class=\"wp-block-button\"><a class=\"wp-block-button__link wp-element-button\" href=\"https:\/\/www.lamusereve.fr\/index.php\/produit\/inscription-pour-les-stages-artymuse-kidy-3-6-ans\/\">Infos et inscriptions<\/a><\/div>\n<\/div>\n<\/div><\/div>\n\n\n\n<div style=\"height:30px\" aria-hidden=\"true\" class=\"wp-block-spacer\"><\/div>\n\n\n\n<h3 class=\"wp-block-heading has-text-color has-background has-link-color wp-elements-6819aca0b845705e2044990f345d3667\" style=\"color:#571e40;background-color:#e1b772\">F\u00c9VRIER 2026 &#8211; Du 10 au 12 f\u00e9vrier de 10h \u00e0 11h30<\/h3>\n\n\n\n<div class=\"wp-block-media-text is-stacked-on-mobile\" style=\"grid-template-columns:25% auto\"><figure class=\"wp-block-media-text__media\"><a href=\"https:\/\/www.lamusereve.fr\/index.php\/expositions\/\"><img decoding=\"async\" width=\"1024\" height=\"986\" data-src=\"https:\/\/www.lamusereve.fr\/wp-content\/uploads\/2025\/09\/HATIER-VIOLAINE-COSTA-LA-NUIT-LA-CHOUETTE-ET-LE-SOLEIL-11-scaled-e1757101029174-1024x986.jpg\" alt=\"\" class=\"wp-image-3209 size-full lazyload\" data-srcset=\"https:\/\/www.lamusereve.fr\/wp-content\/uploads\/2025\/09\/HATIER-VIOLAINE-COSTA-LA-NUIT-LA-CHOUETTE-ET-LE-SOLEIL-11-scaled-e1757101029174-1024x986.jpg 1024w, https:\/\/www.lamusereve.fr\/wp-content\/uploads\/2025\/09\/HATIER-VIOLAINE-COSTA-LA-NUIT-LA-CHOUETTE-ET-LE-SOLEIL-11-scaled-e1757101029174-300x289.jpg 300w, https:\/\/www.lamusereve.fr\/wp-content\/uploads\/2025\/09\/HATIER-VIOLAINE-COSTA-LA-NUIT-LA-CHOUETTE-ET-LE-SOLEIL-11-scaled-e1757101029174-768x739.jpg 768w, https:\/\/www.lamusereve.fr\/wp-content\/uploads\/2025\/09\/HATIER-VIOLAINE-COSTA-LA-NUIT-LA-CHOUETTE-ET-LE-SOLEIL-11-scaled-e1757101029174-400x385.jpg 400w, https:\/\/www.lamusereve.fr\/wp-content\/uploads\/2025\/09\/HATIER-VIOLAINE-COSTA-LA-NUIT-LA-CHOUETTE-ET-LE-SOLEIL-11-scaled-e1757101029174.jpg 1374w\" data-sizes=\"(max-width: 1024px) 100vw, 1024px\" src=\"data:image\/svg+xml;base64,PHN2ZyB3aWR0aD0iMSIgaGVpZ2h0PSIxIiB4bWxucz0iaHR0cDovL3d3dy53My5vcmcvMjAwMC9zdmciPjwvc3ZnPg==\" style=\"--smush-placeholder-width: 1024px; --smush-placeholder-aspect-ratio: 1024\/986;\" \/><\/a><\/figure><div class=\"wp-block-media-text__content\">\n<p>Ateliers en lien avec l&rsquo;exposition <\/p>\n\n\n\n<p style=\"font-size:15px\"><em><strong><em><strong>La nuit, la chouette et le soleil<\/strong><\/em><\/strong><\/em><\/p>\n\n\n\n<p>Avec les \u0153uvres de Violaine Costa, tir\u00e9 de l&rsquo;album \u00e9ponyme<\/p>\n\n\n\n<p><strong><strong><strong><strong>Th\u00e8mes et techniques explor\u00e9s : chouette, for\u00eat, nuit, soleil, ciel, encre, crayon, aquarelle<\/strong><\/strong><\/strong><\/strong><\/p>\n\n\n\n<div class=\"wp-block-buttons is-content-justification-left is-layout-flex wp-container-core-buttons-is-layout-fdcfc74e wp-block-buttons-is-layout-flex\">\n<div class=\"wp-block-button\"><a class=\"wp-block-button__link wp-element-button\" href=\"https:\/\/www.lamusereve.fr\/index.php\/produit\/inscription-pour-les-stages-artymuse-kidy-3-6-ans\/\">Infos et inscriptions<\/a><\/div>\n<\/div>\n<\/div><\/div>\n\n\n\n<div style=\"height:30px\" aria-hidden=\"true\" class=\"wp-block-spacer\"><\/div>\n\n\n\n<h3 class=\"wp-block-heading has-text-color has-background has-link-color wp-elements-b4aae8dfa5e8de6552386dffce4a46d9\" style=\"color:#571e40;background-color:#e1b772\">AVRIL 2026 &#8211; Du 7 au 9 avril de 10h \u00e0 11h30<\/h3>\n\n\n\n<div class=\"wp-block-media-text is-stacked-on-mobile\" style=\"grid-template-columns:25% auto\"><figure class=\"wp-block-media-text__media\"><a href=\"https:\/\/www.lamusereve.fr\/index.php\/expositions\/\"><img decoding=\"async\" data-src=\"https:\/\/www.lamusereve.fr\/wp-content\/uploads\/2026\/02\/LNTMR22.jpg\" alt=\"\" class=\"wp-image-4191 size-full lazyload\" src=\"data:image\/svg+xml;base64,PHN2ZyB3aWR0aD0iMSIgaGVpZ2h0PSIxIiB4bWxucz0iaHR0cDovL3d3dy53My5vcmcvMjAwMC9zdmciPjwvc3ZnPg==\" \/><\/a><\/figure><div class=\"wp-block-media-text__content\">\n<p>Ateliers en lien avec l&rsquo;exposition <\/p>\n\n\n\n<p style=\"font-size:15px\"><em><strong><em><strong>Que font les parents quand les enfants dorment ?<\/strong><\/em><\/strong><\/em><\/p>\n\n\n\n<p>Avec les \u0153uvres d&rsquo;\u00c8ve Gentilhomme, tir\u00e9 de l&rsquo;album <em>La nuit tombe, Maman r\u00eave<\/em><\/p>\n\n\n\n<p><strong><strong><strong><strong>Th\u00e8mes et techniques explor\u00e9s : nuit, r\u00eave, ville, parents, enfants, sommeil, coucher, f\u00eate, guirlande, couleurs, techniques mixtes<\/strong><\/strong><\/strong><\/strong><\/p>\n\n\n\n<div class=\"wp-block-buttons is-content-justification-left is-layout-flex wp-container-core-buttons-is-layout-fdcfc74e wp-block-buttons-is-layout-flex\">\n<div class=\"wp-block-button\"><a class=\"wp-block-button__link wp-element-button\" href=\"https:\/\/www.lamusereve.fr\/index.php\/produit\/inscription-pour-les-stages-artymuse-kidy-3-6-ans\/\">Infos et inscriptions<\/a><\/div>\n<\/div>\n<\/div><\/div>\n\n\n\n<div style=\"height:30px\" aria-hidden=\"true\" class=\"wp-block-spacer\"><\/div>\n\n\n\n<h3 class=\"wp-block-heading has-text-color has-background has-link-color wp-elements-925ea86bf26b12baf317e9f670f361ae\" style=\"color:#571e40;background-color:#e1b772\">JUILLET 2026 &#8211; Du 7 au 9 juillet de 10h \u00e0 11h30<\/h3>\n\n\n\n<div style=\"height:50px\" aria-hidden=\"true\" class=\"wp-block-spacer\"><\/div>\n\n\n\n<h2 class=\"wp-block-heading has-text-color has-link-color wp-elements-c3abc5a65fcda303127d860b346be2c5\" style=\"color:#6fc2be\">Calendrier des stages Artymuse Maxi<\/h2>\n\n\n\n<div style=\"height:20px\" aria-hidden=\"true\" class=\"wp-block-spacer\"><\/div>\n\n\n\n<h3 class=\"wp-block-heading has-text-color has-background has-link-color wp-elements-9cd1ee2f18dc08710c0317abf226dfe7\" style=\"color:#571e40;background-color:#6fc2be\">OCTOBRE 2025 &#8211; Du 21 au 23 octobre de 14h30 \u00e0 16h30<\/h3>\n\n\n\n<div class=\"wp-block-media-text is-stacked-on-mobile\" style=\"grid-template-columns:25% auto\"><figure class=\"wp-block-media-text__media\"><a href=\"https:\/\/www.lamusereve.fr\/index.php\/expositions\/\"><img decoding=\"async\" width=\"827\" height=\"827\" data-src=\"https:\/\/www.lamusereve.fr\/wp-content\/uploads\/2025\/07\/Visuel-expo-Cest-NOTRE-arbre-VF.jpg\" alt=\"\" class=\"wp-image-2653 size-full lazyload\" data-srcset=\"https:\/\/www.lamusereve.fr\/wp-content\/uploads\/2025\/07\/Visuel-expo-Cest-NOTRE-arbre-VF.jpg 827w, https:\/\/www.lamusereve.fr\/wp-content\/uploads\/2025\/07\/Visuel-expo-Cest-NOTRE-arbre-VF-300x300.jpg 300w, https:\/\/www.lamusereve.fr\/wp-content\/uploads\/2025\/07\/Visuel-expo-Cest-NOTRE-arbre-VF-150x150.jpg 150w, https:\/\/www.lamusereve.fr\/wp-content\/uploads\/2025\/07\/Visuel-expo-Cest-NOTRE-arbre-VF-768x768.jpg 768w, https:\/\/www.lamusereve.fr\/wp-content\/uploads\/2025\/07\/Visuel-expo-Cest-NOTRE-arbre-VF-600x600.jpg 600w, https:\/\/www.lamusereve.fr\/wp-content\/uploads\/2025\/07\/Visuel-expo-Cest-NOTRE-arbre-VF-400x400.jpg 400w, https:\/\/www.lamusereve.fr\/wp-content\/uploads\/2025\/07\/Visuel-expo-Cest-NOTRE-arbre-VF-100x100.jpg 100w\" data-sizes=\"(max-width: 827px) 100vw, 827px\" src=\"data:image\/svg+xml;base64,PHN2ZyB3aWR0aD0iMSIgaGVpZ2h0PSIxIiB4bWxucz0iaHR0cDovL3d3dy53My5vcmcvMjAwMC9zdmciPjwvc3ZnPg==\" style=\"--smush-placeholder-width: 827px; --smush-placeholder-aspect-ratio: 827\/827;\" \/><\/a><\/figure><div class=\"wp-block-media-text__content\">\n<p>Ateliers en lien avec l&rsquo;exposition <\/p>\n\n\n\n<p style=\"font-size:15px\"><em><strong>C&rsquo;est NOTRE arbre<\/strong><\/em><\/p>\n\n\n\n<p>Avec les \u0153uvres des auteurs-illustrateurs de l&rsquo;\u00c9cole des loisirs<\/p>\n\n\n\n<p><strong><strong>Th\u00e8mes et techniques explor\u00e9s : <strong><strong><strong><strong>arbres, for\u00eat, saisons, mouvement, couleurs, dessin, peinture, flip-book<\/strong><\/strong><\/strong><\/strong><\/strong><\/strong><\/p>\n\n\n\n<div class=\"wp-block-buttons is-content-justification-left is-layout-flex wp-container-core-buttons-is-layout-fdcfc74e wp-block-buttons-is-layout-flex\">\n<div class=\"wp-block-button\"><a class=\"wp-block-button__link wp-element-button\" href=\"https:\/\/www.lamusereve.fr\/index.php\/produit\/inscription-pour-les-stages-artymuse-maxi-6-12-ans\/\">Infos et inscriptions<\/a><\/div>\n<\/div>\n<\/div><\/div>\n\n\n\n<div style=\"height:30px\" aria-hidden=\"true\" class=\"wp-block-spacer\"><\/div>\n\n\n\n<h3 class=\"wp-block-heading has-text-color has-background has-link-color wp-elements-c8abefa40c12a305b4639f3c12590196\" style=\"color:#571e40;background-color:#6fc2be\">F\u00c9VRIER 2026 &#8211; Du 10 au 12 f\u00e9vrier de 14h30 \u00e0 16h30<\/h3>\n\n\n\n<div class=\"wp-block-media-text is-stacked-on-mobile\" style=\"grid-template-columns:25% auto\"><figure class=\"wp-block-media-text__media\"><a href=\"https:\/\/www.lamusereve.fr\/index.php\/expositions\/\"><img decoding=\"async\" width=\"1024\" height=\"986\" data-src=\"https:\/\/www.lamusereve.fr\/wp-content\/uploads\/2025\/09\/HATIER-VIOLAINE-COSTA-LA-NUIT-LA-CHOUETTE-ET-LE-SOLEIL-11-scaled-e1757101029174-1024x986.jpg\" alt=\"\" class=\"wp-image-3209 size-full lazyload\" data-srcset=\"https:\/\/www.lamusereve.fr\/wp-content\/uploads\/2025\/09\/HATIER-VIOLAINE-COSTA-LA-NUIT-LA-CHOUETTE-ET-LE-SOLEIL-11-scaled-e1757101029174-1024x986.jpg 1024w, https:\/\/www.lamusereve.fr\/wp-content\/uploads\/2025\/09\/HATIER-VIOLAINE-COSTA-LA-NUIT-LA-CHOUETTE-ET-LE-SOLEIL-11-scaled-e1757101029174-300x289.jpg 300w, https:\/\/www.lamusereve.fr\/wp-content\/uploads\/2025\/09\/HATIER-VIOLAINE-COSTA-LA-NUIT-LA-CHOUETTE-ET-LE-SOLEIL-11-scaled-e1757101029174-768x739.jpg 768w, https:\/\/www.lamusereve.fr\/wp-content\/uploads\/2025\/09\/HATIER-VIOLAINE-COSTA-LA-NUIT-LA-CHOUETTE-ET-LE-SOLEIL-11-scaled-e1757101029174-400x385.jpg 400w, https:\/\/www.lamusereve.fr\/wp-content\/uploads\/2025\/09\/HATIER-VIOLAINE-COSTA-LA-NUIT-LA-CHOUETTE-ET-LE-SOLEIL-11-scaled-e1757101029174.jpg 1374w\" data-sizes=\"(max-width: 1024px) 100vw, 1024px\" src=\"data:image\/svg+xml;base64,PHN2ZyB3aWR0aD0iMSIgaGVpZ2h0PSIxIiB4bWxucz0iaHR0cDovL3d3dy53My5vcmcvMjAwMC9zdmciPjwvc3ZnPg==\" style=\"--smush-placeholder-width: 1024px; --smush-placeholder-aspect-ratio: 1024\/986;\" \/><\/a><\/figure><div class=\"wp-block-media-text__content\">\n<p>Ateliers en lien avec l&rsquo;exposition <\/p>\n\n\n\n<p style=\"font-size:15px\"><em><strong><em><strong>La nuit, la chouette et le soleil<\/strong><\/em><\/strong><\/em><\/p>\n\n\n\n<p>Avec les \u0153uvres de Violaine Costa, tir\u00e9 de l&rsquo;album \u00e9ponyme<\/p>\n\n\n\n<p><strong><strong><strong><strong>Th\u00e8mes et techniques explor\u00e9s : chouette, for\u00eat, nuit, soleil, ciel, encre, crayon, aquarelle<\/strong><\/strong><\/strong><\/strong><\/p>\n\n\n\n<div class=\"wp-block-buttons is-content-justification-left is-layout-flex wp-container-core-buttons-is-layout-fdcfc74e wp-block-buttons-is-layout-flex\">\n<div class=\"wp-block-button\"><a class=\"wp-block-button__link wp-element-button\" href=\"https:\/\/www.lamusereve.fr\/index.php\/produit\/inscription-pour-les-stages-artymuse-kidy-3-6-ans\/\">Infos et inscriptions<\/a><\/div>\n<\/div>\n<\/div><\/div>\n\n\n\n<div style=\"height:30px\" aria-hidden=\"true\" class=\"wp-block-spacer\"><\/div>\n\n\n\n<h3 class=\"wp-block-heading has-text-color has-background has-link-color wp-elements-79ab0e5698e5b550ee469bd690af4990\" style=\"color:#571e40;background-color:#6fc2be\">AVRIL 2026 &#8211; Du 7 au 9 avril de 14h30 \u00e0 16h30<\/h3>\n\n\n\n<div class=\"wp-block-media-text is-stacked-on-mobile\" style=\"grid-template-columns:25% auto\"><figure class=\"wp-block-media-text__media\"><a href=\"https:\/\/www.lamusereve.fr\/index.php\/expositions\/\"><img decoding=\"async\" data-src=\"https:\/\/www.lamusereve.fr\/wp-content\/uploads\/2026\/02\/LNTMR22.jpg\" alt=\"\" class=\"wp-image-4191 size-full lazyload\" src=\"data:image\/svg+xml;base64,PHN2ZyB3aWR0aD0iMSIgaGVpZ2h0PSIxIiB4bWxucz0iaHR0cDovL3d3dy53My5vcmcvMjAwMC9zdmciPjwvc3ZnPg==\" \/><\/a><\/figure><div class=\"wp-block-media-text__content\">\n<p>Ateliers en lien avec l&rsquo;exposition <\/p>\n\n\n\n<p style=\"font-size:15px\"><em><strong><em><strong><em><strong><em><strong>Que font les parents quand les enfants dorment ?<\/strong><\/em><\/strong><\/em><\/strong><\/em><\/strong><\/em><\/p>\n\n\n\n<p>Avec les \u0153uvres d&rsquo;\u00c8ve Gentilhomme, tir\u00e9 de l&rsquo;album <em>La nuit tombe, Maman r\u00eave<\/em><\/p>\n\n\n\n<p><strong><strong><strong><strong>Th\u00e8mes et techniques explor\u00e9s : nuit, r\u00eave, ville, parents, enfants, sommeil, coucher, f\u00eate, guirlande, couleurs, techniques mixtes<\/strong><\/strong><\/strong><\/strong><\/p>\n\n\n\n<div class=\"wp-block-buttons is-content-justification-left is-layout-flex wp-container-core-buttons-is-layout-fdcfc74e wp-block-buttons-is-layout-flex\">\n<div class=\"wp-block-button\"><a class=\"wp-block-button__link wp-element-button\" href=\"https:\/\/www.lamusereve.fr\/index.php\/produit\/inscription-pour-les-stages-artymuse-kidy-3-6-ans\/\">Infos et inscriptions<\/a><\/div>\n<\/div>\n<\/div><\/div>\n\n\n\n<div style=\"height:30px\" aria-hidden=\"true\" class=\"wp-block-spacer\"><\/div>\n\n\n\n<h3 class=\"wp-block-heading has-text-color has-background has-link-color wp-elements-bfb11ec417d82d55b5c95db89a2fc048\" style=\"color:#571e40;background-color:#6fc2be\">JUILLET 2026 &#8211; Du 7 au 9 juillet de 14h30 \u00e0 16h30<\/h3>\n\n\n\n<div style=\"height:30px\" aria-hidden=\"true\" class=\"wp-block-spacer\"><\/div>\n\n\n\n<div style=\"height:80px\" aria-hidden=\"true\" class=\"wp-block-spacer\"><\/div>\n\n\n\n<p><\/p>\n","protected":false},"excerpt":{"rendered":"<p>Les stages Artymuse : une immersion artistique et culturelle pour cr\u00e9er, r\u00eaver et s&rsquo;amuser !&nbsp; Vos enfants ont entre 3 et 12 ans et vous cherchez une activit\u00e9 stimulante pour les vacances ? D\u00e9couvrez les stages Artymuse de La muse r\u00eave ! Durant 3 demi-journ\u00e9es cons\u00e9cutives, vos enfants plongeront dans la litt\u00e9rature de jeunesse, s&rsquo;initieront [&hellip;]<\/p>\n","protected":false},"author":2,"featured_media":0,"parent":0,"menu_order":0,"comment_status":"closed","ping_status":"closed","template":"","meta":{"ocean_post_layout":"","ocean_both_sidebars_style":"","ocean_both_sidebars_content_width":0,"ocean_both_sidebars_sidebars_width":0,"ocean_sidebar":"","ocean_second_sidebar":"","ocean_disable_margins":"enable","ocean_add_body_class":"","ocean_shortcode_before_top_bar":"","ocean_shortcode_after_top_bar":"","ocean_shortcode_before_header":"","ocean_shortcode_after_header":"","ocean_has_shortcode":"","ocean_shortcode_after_title":"","ocean_shortcode_before_footer_widgets":"","ocean_shortcode_after_footer_widgets":"","ocean_shortcode_before_footer_bottom":"","ocean_shortcode_after_footer_bottom":"","ocean_display_top_bar":"default","ocean_display_header":"default","ocean_header_style":"","ocean_center_header_left_menu":"","ocean_custom_header_template":"","ocean_custom_logo":0,"ocean_custom_retina_logo":0,"ocean_custom_logo_max_width":0,"ocean_custom_logo_tablet_max_width":0,"ocean_custom_logo_mobile_max_width":0,"ocean_custom_logo_max_height":0,"ocean_custom_logo_tablet_max_height":0,"ocean_custom_logo_mobile_max_height":0,"ocean_header_custom_menu":"","ocean_menu_typo_font_family":"","ocean_menu_typo_font_subset":"","ocean_menu_typo_font_size":0,"ocean_menu_typo_font_size_tablet":0,"ocean_menu_typo_font_size_mobile":0,"ocean_menu_typo_font_size_unit":"px","ocean_menu_typo_font_weight":"","ocean_menu_typo_font_weight_tablet":"","ocean_menu_typo_font_weight_mobile":"","ocean_menu_typo_transform":"","ocean_menu_typo_transform_tablet":"","ocean_menu_typo_transform_mobile":"","ocean_menu_typo_line_height":0,"ocean_menu_typo_line_height_tablet":0,"ocean_menu_typo_line_height_mobile":0,"ocean_menu_typo_line_height_unit":"","ocean_menu_typo_spacing":0,"ocean_menu_typo_spacing_tablet":0,"ocean_menu_typo_spacing_mobile":0,"ocean_menu_typo_spacing_unit":"","ocean_menu_link_color":"","ocean_menu_link_color_hover":"","ocean_menu_link_color_active":"","ocean_menu_link_background":"","ocean_menu_link_hover_background":"","ocean_menu_link_active_background":"","ocean_menu_social_links_bg":"","ocean_menu_social_hover_links_bg":"","ocean_menu_social_links_color":"","ocean_menu_social_hover_links_color":"","ocean_disable_title":"default","ocean_disable_heading":"default","ocean_post_title":"","ocean_post_subheading":"","ocean_post_title_style":"","ocean_post_title_background_color":"","ocean_post_title_background":0,"ocean_post_title_bg_image_position":"","ocean_post_title_bg_image_attachment":"","ocean_post_title_bg_image_repeat":"","ocean_post_title_bg_image_size":"","ocean_post_title_height":0,"ocean_post_title_bg_overlay":0.5,"ocean_post_title_bg_overlay_color":"","ocean_disable_breadcrumbs":"default","ocean_breadcrumbs_color":"","ocean_breadcrumbs_separator_color":"","ocean_breadcrumbs_links_color":"","ocean_breadcrumbs_links_hover_color":"","ocean_display_footer_widgets":"default","ocean_display_footer_bottom":"default","ocean_custom_footer_template":"","_themeisle_gutenberg_block_has_review":false,"footnotes":""},"class_list":["post-2225","page","type-page","status-publish","hentry","entry","owp-thumbs-layout-horizontal","owp-btn-normal","owp-tabs-layout-horizontal","has-no-thumbnails","has-product-nav","circle-sale"],"jetpack_sharing_enabled":true,"_links":{"self":[{"href":"https:\/\/www.lamusereve.fr\/index.php\/wp-json\/wp\/v2\/pages\/2225","targetHints":{"allow":["GET"]}}],"collection":[{"href":"https:\/\/www.lamusereve.fr\/index.php\/wp-json\/wp\/v2\/pages"}],"about":[{"href":"https:\/\/www.lamusereve.fr\/index.php\/wp-json\/wp\/v2\/types\/page"}],"author":[{"embeddable":true,"href":"https:\/\/www.lamusereve.fr\/index.php\/wp-json\/wp\/v2\/users\/2"}],"replies":[{"embeddable":true,"href":"https:\/\/www.lamusereve.fr\/index.php\/wp-json\/wp\/v2\/comments?post=2225"}],"version-history":[{"count":74,"href":"https:\/\/www.lamusereve.fr\/index.php\/wp-json\/wp\/v2\/pages\/2225\/revisions"}],"predecessor-version":[{"id":4389,"href":"https:\/\/www.lamusereve.fr\/index.php\/wp-json\/wp\/v2\/pages\/2225\/revisions\/4389"}],"wp:attachment":[{"href":"https:\/\/www.lamusereve.fr\/index.php\/wp-json\/wp\/v2\/media?parent=2225"}],"curies":[{"name":"wp","href":"https:\/\/api.w.org\/{rel}","templated":true}]}}