{"id":1171,"date":"2025-02-05T22:43:08","date_gmt":"2025-02-05T21:43:08","guid":{"rendered":"https:\/\/www.lamusereve.fr\/?page_id=1171"},"modified":"2026-03-06T17:00:38","modified_gmt":"2026-03-06T16:00:38","slug":"evenements","status":"publish","type":"page","link":"https:\/\/www.lamusereve.fr\/index.php\/evenements\/","title":{"rendered":"\u00c9v\u00e9nements"},"content":{"rendered":"\n<p style=\"font-size:18px\">Journ\u00e9es internationales ou mondiales, f\u00eates nationales, c\u00e9l\u00e9brations annuelles, cong\u00e9s festifs, vernissages, inaugurations&#8230; Chez La muse r\u00eave, on aime se r\u00e9unir \u00e0 l&rsquo;occasion des \u00e9v\u00e9nements riches et vari\u00e9s qui ponctuent l&rsquo;ann\u00e9e et lors de nos expositions, pour \u00e9changer autour des th\u00e9matiques et valeurs qui nous animent !<\/p>\n\n\n\n<p style=\"font-size:18px\">Chacun de ces moments est unique et offre une programmation de <strong>rencontres, animations, d\u00e9dicaces et autres surprises <\/strong>toujours soigneusement pr\u00e9par\u00e9e pour vous <strong>surprendre<\/strong> et vous <strong>\u00e9merveiller<\/strong>, vous <strong>\u00e9mouvoir<\/strong> et vous faire <strong>r\u00eaver<\/strong>&#8230; Et comme nous avons \u00e0 c\u0153ur de satisfaire le plus grand monde, il y en a toujours pour tous les \u00e2ges et tous les go\u00fbts !<\/p>\n\n\n\n<p style=\"font-size:18px\">Pour \u00eatre inform\u00e9\u00b7e\u00b7s du programme et ne rien manquer de nos \u00e9v\u00e9nements, inscrivez-vous \u00e0 notre <strong>newsletter<\/strong> !<\/p>\n\n\n\n<div style=\"height:20px\" aria-hidden=\"true\" class=\"wp-block-spacer\"><\/div>\n\n\n\n<div class=\"wp-block-buttons is-layout-flex wp-block-buttons-is-layout-flex\">\n<div class=\"wp-block-button\"><a class=\"wp-block-button__link has-custom-font-size wp-element-button\" href=\"#LinkNewletter\" style=\"font-size:18px\">Je m&rsquo;inscris \u00e0 la newsletter<\/a><\/div>\n<\/div>\n\n\n\n<div style=\"height:80px\" aria-hidden=\"true\" class=\"wp-block-spacer\"><\/div>\n\n\n\n<div id=\"wp-block-themeisle-blocks-advanced-columns-dfd643f3\" class=\"wp-block-themeisle-blocks-advanced-columns has-2-columns has-desktop-equal-layout has-tablet-equal-layout has-mobile-collapsedRows-layout has-reverse-columns-mobile has-vertical-center ticss-c00aadba\"><div class=\"wp-block-themeisle-blocks-advanced-columns-overlay\"><\/div><div class=\"innerblocks-wrap\">\n<div id=\"wp-block-themeisle-blocks-advanced-column-9136d16a\" class=\"wp-block-themeisle-blocks-advanced-column\">\n<div class=\"wp-block-cover is-light\"><img fetchpriority=\"high\" decoding=\"async\" width=\"1024\" height=\"768\" class=\"wp-block-cover__image-background wp-image-3938 size-large\" alt=\"\" src=\"https:\/\/www.lamusereve.fr\/wp-content\/uploads\/2025\/12\/IMG_20240603_104446-edited-1024x768.jpg\" data-object-fit=\"cover\" srcset=\"https:\/\/www.lamusereve.fr\/wp-content\/uploads\/2025\/12\/IMG_20240603_104446-edited-1024x768.jpg 1024w, https:\/\/www.lamusereve.fr\/wp-content\/uploads\/2025\/12\/IMG_20240603_104446-edited-300x225.jpg 300w, https:\/\/www.lamusereve.fr\/wp-content\/uploads\/2025\/12\/IMG_20240603_104446-edited-768x576.jpg 768w, https:\/\/www.lamusereve.fr\/wp-content\/uploads\/2025\/12\/IMG_20240603_104446-edited-1536x1152.jpg 1536w, https:\/\/www.lamusereve.fr\/wp-content\/uploads\/2025\/12\/IMG_20240603_104446-edited-2048x1536.jpg 2048w, https:\/\/www.lamusereve.fr\/wp-content\/uploads\/2025\/12\/IMG_20240603_104446-edited-400x300.jpg 400w\" sizes=\"(max-width: 1024px) 100vw, 1024px\" \/><span aria-hidden=\"true\" class=\"wp-block-cover__background has-background-dim\" style=\"background-color:#9c8e85\"><\/span><div class=\"wp-block-cover__inner-container is-layout-constrained wp-block-cover-is-layout-constrained\">\n<h1 class=\"wp-block-heading has-text-align-center has-text-color has-link-color wp-elements-e2bd66ea832272d1c79edec22a12c0b7\" style=\"color:#571e40;font-size:22px\"><strong>Initiation au ukul\u00e9l\u00e9 17 janvier 2026<\/strong><\/h1>\n\n\n\n<div class=\"wp-block-buttons is-content-justification-center is-layout-flex wp-container-core-buttons-is-layout-16018d1d wp-block-buttons-is-layout-flex\">\n<div class=\"wp-block-button is-style-primary\"><a class=\"wp-block-button__link wp-element-button\" href=\"https:\/\/www.lamusereve.fr\/index.php\/2025\/12\/29\/atelier-dinitiation-au-ukulele\/\">Demandez le programme !<\/a><\/div>\n<\/div>\n<\/div><\/div>\n<\/div>\n\n\n\n<div id=\"wp-block-themeisle-blocks-advanced-column-eefb8312\" class=\"wp-block-themeisle-blocks-advanced-column\">\n<div class=\"wp-block-cover\"><img decoding=\"async\" width=\"819\" height=\"1024\" class=\"wp-block-cover__image-background wp-image-3860 size-large lazyload\" alt=\"\" data-src=\"https:\/\/www.lamusereve.fr\/wp-content\/uploads\/2025\/12\/POST-INSTA_1080x1350px-819x1024.jpg\" data-object-fit=\"cover\" data-srcset=\"https:\/\/www.lamusereve.fr\/wp-content\/uploads\/2025\/12\/POST-INSTA_1080x1350px-819x1024.jpg 819w, https:\/\/www.lamusereve.fr\/wp-content\/uploads\/2025\/12\/POST-INSTA_1080x1350px-240x300.jpg 240w, https:\/\/www.lamusereve.fr\/wp-content\/uploads\/2025\/12\/POST-INSTA_1080x1350px-768x960.jpg 768w, https:\/\/www.lamusereve.fr\/wp-content\/uploads\/2025\/12\/POST-INSTA_1080x1350px-400x500.jpg 400w, https:\/\/www.lamusereve.fr\/wp-content\/uploads\/2025\/12\/POST-INSTA_1080x1350px.jpg 1080w\" data-sizes=\"(max-width: 819px) 100vw, 819px\" src=\"data:image\/svg+xml;base64,PHN2ZyB3aWR0aD0iMSIgaGVpZ2h0PSIxIiB4bWxucz0iaHR0cDovL3d3dy53My5vcmcvMjAwMC9zdmciPjwvc3ZnPg==\" style=\"--smush-placeholder-width: 819px; --smush-placeholder-aspect-ratio: 819\/1024;\" \/><span aria-hidden=\"true\" class=\"wp-block-cover__background has-background-dim\" style=\"background-color:#635f6d\"><\/span><div class=\"wp-block-cover__inner-container is-layout-flow wp-block-cover-is-layout-flow\">\n<h1 class=\"wp-block-heading has-text-align-center has-text-color\" id=\"buildings\" style=\"color:#f9d7d7;font-size:22px\">Nuits de la Lecture 23-24 janvier 2026<\/h1>\n\n\n\n<div class=\"wp-block-buttons is-content-justification-center is-layout-flex wp-container-core-buttons-is-layout-16018d1d wp-block-buttons-is-layout-flex\">\n<div class=\"wp-block-button is-style-primary\"><a class=\"wp-block-button__link wp-element-button\" href=\"https:\/\/www.lamusereve.fr\/index.php\/2026\/01\/16\/les-nuits-de-la-lecture-chez-la-muse-reve-une-parenthese-enchantee\/\">Demandez le programme !<\/a><\/div>\n<\/div>\n<\/div><\/div>\n<\/div>\n<\/div><\/div>\n\n\n\n<div style=\"height:30px\" aria-hidden=\"true\" class=\"wp-block-spacer\"><\/div>\n\n\n\n<div class=\"wp-block-cover is-light\" style=\"min-height:507px;aspect-ratio:unset;\"><img decoding=\"async\" width=\"1024\" height=\"418\" class=\"wp-block-cover__image-background wp-image-3542 size-large lazyload\" alt=\"\" data-src=\"https:\/\/www.lamusereve.fr\/wp-content\/uploads\/2025\/10\/Marche-de-Noel-LAtelier-des-Reves-web-e1761857913516-1024x418.jpg\" data-object-fit=\"cover\" data-srcset=\"https:\/\/www.lamusereve.fr\/wp-content\/uploads\/2025\/10\/Marche-de-Noel-LAtelier-des-Reves-web-e1761857913516-1024x418.jpg 1024w, https:\/\/www.lamusereve.fr\/wp-content\/uploads\/2025\/10\/Marche-de-Noel-LAtelier-des-Reves-web-e1761857913516-300x123.jpg 300w, https:\/\/www.lamusereve.fr\/wp-content\/uploads\/2025\/10\/Marche-de-Noel-LAtelier-des-Reves-web-e1761857913516-768x314.jpg 768w, https:\/\/www.lamusereve.fr\/wp-content\/uploads\/2025\/10\/Marche-de-Noel-LAtelier-des-Reves-web-e1761857913516-400x163.jpg 400w, https:\/\/www.lamusereve.fr\/wp-content\/uploads\/2025\/10\/Marche-de-Noel-LAtelier-des-Reves-web-e1761857913516.jpg 1412w\" data-sizes=\"(max-width: 1024px) 100vw, 1024px\" src=\"data:image\/svg+xml;base64,PHN2ZyB3aWR0aD0iMSIgaGVpZ2h0PSIxIiB4bWxucz0iaHR0cDovL3d3dy53My5vcmcvMjAwMC9zdmciPjwvc3ZnPg==\" style=\"--smush-placeholder-width: 1024px; --smush-placeholder-aspect-ratio: 1024\/418;\" \/><span aria-hidden=\"true\" class=\"wp-block-cover__background has-background-dim\" style=\"background-color:#e6d9cc\"><\/span><div class=\"wp-block-cover__inner-container is-layout-flow wp-block-cover-is-layout-flow\">\n<h1 class=\"wp-block-heading has-text-align-center has-text-color\" id=\"nature\" style=\"color:#571e40\">1er March\u00e9 de No\u00ebl artistique <\/h1>\n\n\n\n<h2 class=\"wp-block-heading has-text-align-center has-text-color has-link-color wp-elements-e2ca6f121bb22d68d0c22a36f65752da\" style=\"color:#571e40\">de La muse r\u00eave <\/h2>\n\n\n\n<p class=\"has-text-align-center has-text-color has-link-color has-medium-font-size wp-elements-92afb3d119507cb49f383d88563e923f\" style=\"color:#571e40\"><strong>3-7 d\u00e9cembre 2025<\/strong><\/p>\n\n\n\n<div class=\"wp-block-buttons is-content-justification-center is-layout-flex wp-container-core-buttons-is-layout-16018d1d wp-block-buttons-is-layout-flex\">\n<div class=\"wp-block-button is-style-primary\"><a class=\"wp-block-button__link wp-element-button\" href=\"https:\/\/www.lamusereve.fr\/index.php\/2025\/10\/30\/latelier-des-reves-1er-marche-de-noel-artistique-et-creatif-de-la-muse-reve\/\">Demandez le programme !<\/a><\/div>\n<\/div>\n<\/div><\/div>\n\n\n\n<div style=\"height:30px\" aria-hidden=\"true\" class=\"wp-block-spacer\"><\/div>\n\n\n\n<div id=\"wp-block-themeisle-blocks-advanced-columns-1f7333ae\" class=\"wp-block-themeisle-blocks-advanced-columns has-3-columns has-desktop-equal-layout has-tablet-equal-layout has-mobile-collapsedRows-layout has-reverse-columns-mobile has-vertical-center ticss-c00aadba\"><div class=\"wp-block-themeisle-blocks-advanced-columns-overlay\"><\/div><div class=\"innerblocks-wrap\">\n<div id=\"wp-block-themeisle-blocks-advanced-column-63fc3129\" class=\"wp-block-themeisle-blocks-advanced-column\">\n<div class=\"wp-block-cover is-light\"><img decoding=\"async\" width=\"1024\" height=\"1024\" class=\"wp-block-cover__image-background wp-image-3330 size-large lazyload\" alt=\"\" data-src=\"https:\/\/www.lamusereve.fr\/wp-content\/uploads\/2025\/09\/IMG_5780-edited-1024x1024.jpg\" data-object-fit=\"cover\" data-srcset=\"https:\/\/www.lamusereve.fr\/wp-content\/uploads\/2025\/09\/IMG_5780-edited-1024x1024.jpg 1024w, https:\/\/www.lamusereve.fr\/wp-content\/uploads\/2025\/09\/IMG_5780-edited-300x300.jpg 300w, https:\/\/www.lamusereve.fr\/wp-content\/uploads\/2025\/09\/IMG_5780-edited-150x150.jpg 150w, https:\/\/www.lamusereve.fr\/wp-content\/uploads\/2025\/09\/IMG_5780-edited-768x768.jpg 768w, https:\/\/www.lamusereve.fr\/wp-content\/uploads\/2025\/09\/IMG_5780-edited-600x600.jpg 600w, https:\/\/www.lamusereve.fr\/wp-content\/uploads\/2025\/09\/IMG_5780-edited-400x400.jpg 400w, https:\/\/www.lamusereve.fr\/wp-content\/uploads\/2025\/09\/IMG_5780-edited-100x100.jpg 100w, https:\/\/www.lamusereve.fr\/wp-content\/uploads\/2025\/09\/IMG_5780-edited.jpg 1430w\" data-sizes=\"(max-width: 1024px) 100vw, 1024px\" src=\"data:image\/svg+xml;base64,PHN2ZyB3aWR0aD0iMSIgaGVpZ2h0PSIxIiB4bWxucz0iaHR0cDovL3d3dy53My5vcmcvMjAwMC9zdmciPjwvc3ZnPg==\" style=\"--smush-placeholder-width: 1024px; --smush-placeholder-aspect-ratio: 1024\/1024;\" \/><span aria-hidden=\"true\" class=\"wp-block-cover__background has-background-dim\" style=\"background-color:#d5ccb0\"><\/span><div class=\"wp-block-cover__inner-container is-layout-flow wp-block-cover-is-layout-flow\">\n<h1 class=\"wp-block-heading has-text-align-center has-text-color\" id=\"nature\" style=\"color:#571e40;font-size:22px\">Atelier sp\u00e9cial La muse r\u00eave &amp; Wool Mood 1er octobre 2025<\/h1>\n\n\n\n<div class=\"wp-block-buttons is-content-justification-center is-layout-flex wp-container-core-buttons-is-layout-16018d1d wp-block-buttons-is-layout-flex\">\n<div class=\"wp-block-button is-style-primary\"><a class=\"wp-block-button__link wp-element-button\" href=\"https:\/\/www.lamusereve.fr\/index.php\/2025\/09\/25\/atelier-special-la-muse-reve-wool-mood\/\">Demandez le programme !<\/a><\/div>\n<\/div>\n<\/div><\/div>\n<\/div>\n\n\n\n<div id=\"wp-block-themeisle-blocks-advanced-column-f8c3c3bb\" class=\"wp-block-themeisle-blocks-advanced-column\">\n<div class=\"wp-block-cover is-light\"><img decoding=\"async\" width=\"1024\" height=\"1024\" class=\"wp-block-cover__image-background wp-image-2492 size-large lazyload\" alt=\"\" data-src=\"https:\/\/www.lamusereve.fr\/wp-content\/uploads\/2025\/06\/Atelier-LMR-x-WM-1_Juillet2025_image3-1024x1024.jpg\" data-object-fit=\"cover\" data-srcset=\"https:\/\/www.lamusereve.fr\/wp-content\/uploads\/2025\/06\/Atelier-LMR-x-WM-1_Juillet2025_image3-1024x1024.jpg 1024w, https:\/\/www.lamusereve.fr\/wp-content\/uploads\/2025\/06\/Atelier-LMR-x-WM-1_Juillet2025_image3-300x300.jpg 300w, https:\/\/www.lamusereve.fr\/wp-content\/uploads\/2025\/06\/Atelier-LMR-x-WM-1_Juillet2025_image3-150x150.jpg 150w, https:\/\/www.lamusereve.fr\/wp-content\/uploads\/2025\/06\/Atelier-LMR-x-WM-1_Juillet2025_image3-768x768.jpg 768w, https:\/\/www.lamusereve.fr\/wp-content\/uploads\/2025\/06\/Atelier-LMR-x-WM-1_Juillet2025_image3-600x600.jpg 600w, https:\/\/www.lamusereve.fr\/wp-content\/uploads\/2025\/06\/Atelier-LMR-x-WM-1_Juillet2025_image3-400x400.jpg 400w, https:\/\/www.lamusereve.fr\/wp-content\/uploads\/2025\/06\/Atelier-LMR-x-WM-1_Juillet2025_image3-100x100.jpg 100w, https:\/\/www.lamusereve.fr\/wp-content\/uploads\/2025\/06\/Atelier-LMR-x-WM-1_Juillet2025_image3.jpg 1509w\" data-sizes=\"(max-width: 1024px) 100vw, 1024px\" src=\"data:image\/svg+xml;base64,PHN2ZyB3aWR0aD0iMSIgaGVpZ2h0PSIxIiB4bWxucz0iaHR0cDovL3d3dy53My5vcmcvMjAwMC9zdmciPjwvc3ZnPg==\" style=\"--smush-placeholder-width: 1024px; --smush-placeholder-aspect-ratio: 1024\/1024;\" \/><span aria-hidden=\"true\" class=\"wp-block-cover__background has-background-dim\" style=\"background-color:#c49c94\"><\/span><div class=\"wp-block-cover__inner-container is-layout-flow wp-block-cover-is-layout-flow\">\n<h1 class=\"wp-block-heading has-text-align-center has-text-color\" id=\"nature\" style=\"color:#571e40;font-size:22px\">Atelier sp\u00e9cial La muse r\u00eave &amp; Wool Mood 2 juillet 2025<\/h1>\n\n\n\n<div class=\"wp-block-buttons is-content-justification-center is-layout-flex wp-container-core-buttons-is-layout-16018d1d wp-block-buttons-is-layout-flex\">\n<div class=\"wp-block-button is-style-primary\"><a class=\"wp-block-button__link wp-element-button\" href=\"https:\/\/www.lamusereve.fr\/index.php\/2025\/06\/17\/atelier-special-la-muse-reve-x-wool-mood\/\">Demandez le programme !<\/a><\/div>\n<\/div>\n<\/div><\/div>\n<\/div>\n\n\n\n<div id=\"wp-block-themeisle-blocks-advanced-column-e45cd6d6\" class=\"wp-block-themeisle-blocks-advanced-column\">\n<div class=\"wp-block-cover is-light\"><img decoding=\"async\" width=\"1024\" height=\"729\" class=\"wp-block-cover__image-background wp-image-2350 size-large lazyload\" alt=\"\" data-src=\"https:\/\/www.lamusereve.fr\/wp-content\/uploads\/2025\/05\/DSCF5748-1024x729.png\" data-object-fit=\"cover\" data-srcset=\"https:\/\/www.lamusereve.fr\/wp-content\/uploads\/2025\/05\/DSCF5748-1024x729.png 1024w, https:\/\/www.lamusereve.fr\/wp-content\/uploads\/2025\/05\/DSCF5748-300x214.png 300w, https:\/\/www.lamusereve.fr\/wp-content\/uploads\/2025\/05\/DSCF5748-768x547.png 768w, https:\/\/www.lamusereve.fr\/wp-content\/uploads\/2025\/05\/DSCF5748-1536x1094.png 1536w, https:\/\/www.lamusereve.fr\/wp-content\/uploads\/2025\/05\/DSCF5748-2048x1459.png 2048w, https:\/\/www.lamusereve.fr\/wp-content\/uploads\/2025\/05\/DSCF5748-400x285.png 400w\" data-sizes=\"(max-width: 1024px) 100vw, 1024px\" src=\"data:image\/svg+xml;base64,PHN2ZyB3aWR0aD0iMSIgaGVpZ2h0PSIxIiB4bWxucz0iaHR0cDovL3d3dy53My5vcmcvMjAwMC9zdmciPjwvc3ZnPg==\" style=\"--smush-placeholder-width: 1024px; --smush-placeholder-aspect-ratio: 1024\/729;\" \/><span aria-hidden=\"true\" class=\"wp-block-cover__background has-background-dim\" style=\"background-color:#9e9185\"><\/span><div class=\"wp-block-cover__inner-container is-layout-flow wp-block-cover-is-layout-flow\">\n<h1 class=\"wp-block-heading has-text-align-center has-text-color\" id=\"buildings\" style=\"color:#571e40;font-size:22px\">F\u00eate de la Musique 20 juin 2025<\/h1>\n\n\n\n<div class=\"wp-block-buttons is-content-justification-center is-layout-flex wp-container-core-buttons-is-layout-16018d1d wp-block-buttons-is-layout-flex\">\n<div class=\"wp-block-button is-style-primary\"><a class=\"wp-block-button__link wp-element-button\" href=\"https:\/\/www.lamusereve.fr\/index.php\/2025\/05\/19\/fete-de-la-musique-2025\/\">Demandez le programme !<\/a><\/div>\n<\/div>\n<\/div><\/div>\n<\/div>\n<\/div><\/div>\n\n\n\n<div style=\"height:30px\" aria-hidden=\"true\" class=\"wp-block-spacer\"><\/div>\n\n\n\n<div id=\"wp-block-themeisle-blocks-advanced-columns-5504d86c\" class=\"wp-block-themeisle-blocks-advanced-columns has-1-columns has-desktop-equal-layout has-tablet-equal-layout has-mobile-collapsedRows-layout has-reverse-columns-mobile has-vertical-center ticss-c00aadba\"><div class=\"wp-block-themeisle-blocks-advanced-columns-overlay\"><\/div><div class=\"innerblocks-wrap\">\n<div id=\"wp-block-themeisle-blocks-advanced-column-e2e9f720\" class=\"wp-block-themeisle-blocks-advanced-column\">\n<div class=\"wp-block-cover is-light\"><img decoding=\"async\" width=\"1024\" height=\"768\" class=\"wp-block-cover__image-background wp-image-2388 size-large lazyload\" alt=\"\" data-src=\"https:\/\/www.lamusereve.fr\/wp-content\/uploads\/2025\/05\/IMG_20250520_115518-1024x768.jpg\" data-object-fit=\"cover\" data-srcset=\"https:\/\/www.lamusereve.fr\/wp-content\/uploads\/2025\/05\/IMG_20250520_115518-1024x768.jpg 1024w, https:\/\/www.lamusereve.fr\/wp-content\/uploads\/2025\/05\/IMG_20250520_115518-300x225.jpg 300w, https:\/\/www.lamusereve.fr\/wp-content\/uploads\/2025\/05\/IMG_20250520_115518-768x576.jpg 768w, https:\/\/www.lamusereve.fr\/wp-content\/uploads\/2025\/05\/IMG_20250520_115518-1536x1152.jpg 1536w, https:\/\/www.lamusereve.fr\/wp-content\/uploads\/2025\/05\/IMG_20250520_115518-2048x1536.jpg 2048w, https:\/\/www.lamusereve.fr\/wp-content\/uploads\/2025\/05\/IMG_20250520_115518-400x300.jpg 400w\" data-sizes=\"(max-width: 1024px) 100vw, 1024px\" src=\"data:image\/svg+xml;base64,PHN2ZyB3aWR0aD0iMSIgaGVpZ2h0PSIxIiB4bWxucz0iaHR0cDovL3d3dy53My5vcmcvMjAwMC9zdmciPjwvc3ZnPg==\" style=\"--smush-placeholder-width: 1024px; --smush-placeholder-aspect-ratio: 1024\/768;\" \/><span aria-hidden=\"true\" class=\"wp-block-cover__background has-background-dim\" style=\"background-color:#948a80\"><\/span><div class=\"wp-block-cover__inner-container is-layout-flow wp-block-cover-is-layout-flow\">\n<h1 class=\"wp-block-heading has-text-align-center has-text-color\" id=\"nature\" style=\"color:#571e40\">Inauguration festive de La muse r\u00eave 24-25 septembre 2025<\/h1>\n\n\n\n<div class=\"wp-block-buttons is-content-justification-center is-layout-flex wp-container-core-buttons-is-layout-16018d1d wp-block-buttons-is-layout-flex\">\n<div class=\"wp-block-button is-style-primary\"><a class=\"wp-block-button__link wp-element-button\" href=\"https:\/\/www.lamusereve.fr\/?p=2378\">Demandez le programme !<\/a><\/div>\n<\/div>\n<\/div><\/div>\n<\/div>\n<\/div><\/div>\n\n\n\n<div style=\"height:80px\" aria-hidden=\"true\" class=\"wp-block-spacer\"><\/div>\n\n\n\n<p><\/p>\n","protected":false},"excerpt":{"rendered":"<p>Journ\u00e9es internationales ou mondiales, f\u00eates nationales, c\u00e9l\u00e9brations annuelles, cong\u00e9s festifs, vernissages, inaugurations&#8230; Chez La muse r\u00eave, on aime se r\u00e9unir \u00e0 l&rsquo;occasion des \u00e9v\u00e9nements riches et vari\u00e9s qui ponctuent l&rsquo;ann\u00e9e et lors de nos expositions, pour \u00e9changer autour des th\u00e9matiques et valeurs qui nous animent ! Chacun de ces moments est unique et offre une [&hellip;]<\/p>\n","protected":false},"author":2,"featured_media":0,"parent":0,"menu_order":0,"comment_status":"closed","ping_status":"closed","template":"","meta":{"ocean_post_layout":"","ocean_both_sidebars_style":"","ocean_both_sidebars_content_width":0,"ocean_both_sidebars_sidebars_width":0,"ocean_sidebar":"","ocean_second_sidebar":"","ocean_disable_margins":"enable","ocean_add_body_class":"","ocean_shortcode_before_top_bar":"","ocean_shortcode_after_top_bar":"","ocean_shortcode_before_header":"","ocean_shortcode_after_header":"","ocean_has_shortcode":"","ocean_shortcode_after_title":"","ocean_shortcode_before_footer_widgets":"","ocean_shortcode_after_footer_widgets":"","ocean_shortcode_before_footer_bottom":"","ocean_shortcode_after_footer_bottom":"","ocean_display_top_bar":"default","ocean_display_header":"default","ocean_header_style":"","ocean_center_header_left_menu":"","ocean_custom_header_template":"","ocean_custom_logo":0,"ocean_custom_retina_logo":0,"ocean_custom_logo_max_width":0,"ocean_custom_logo_tablet_max_width":0,"ocean_custom_logo_mobile_max_width":0,"ocean_custom_logo_max_height":0,"ocean_custom_logo_tablet_max_height":0,"ocean_custom_logo_mobile_max_height":0,"ocean_header_custom_menu":"","ocean_menu_typo_font_family":"","ocean_menu_typo_font_subset":"","ocean_menu_typo_font_size":0,"ocean_menu_typo_font_size_tablet":0,"ocean_menu_typo_font_size_mobile":0,"ocean_menu_typo_font_size_unit":"px","ocean_menu_typo_font_weight":"","ocean_menu_typo_font_weight_tablet":"","ocean_menu_typo_font_weight_mobile":"","ocean_menu_typo_transform":"","ocean_menu_typo_transform_tablet":"","ocean_menu_typo_transform_mobile":"","ocean_menu_typo_line_height":0,"ocean_menu_typo_line_height_tablet":0,"ocean_menu_typo_line_height_mobile":0,"ocean_menu_typo_line_height_unit":"","ocean_menu_typo_spacing":0,"ocean_menu_typo_spacing_tablet":0,"ocean_menu_typo_spacing_mobile":0,"ocean_menu_typo_spacing_unit":"","ocean_menu_link_color":"","ocean_menu_link_color_hover":"","ocean_menu_link_color_active":"","ocean_menu_link_background":"","ocean_menu_link_hover_background":"","ocean_menu_link_active_background":"","ocean_menu_social_links_bg":"","ocean_menu_social_hover_links_bg":"","ocean_menu_social_links_color":"","ocean_menu_social_hover_links_color":"","ocean_disable_title":"default","ocean_disable_heading":"default","ocean_post_title":"","ocean_post_subheading":"","ocean_post_title_style":"","ocean_post_title_background_color":"","ocean_post_title_background":0,"ocean_post_title_bg_image_position":"","ocean_post_title_bg_image_attachment":"","ocean_post_title_bg_image_repeat":"","ocean_post_title_bg_image_size":"","ocean_post_title_height":0,"ocean_post_title_bg_overlay":0.5,"ocean_post_title_bg_overlay_color":"","ocean_disable_breadcrumbs":"default","ocean_breadcrumbs_color":"","ocean_breadcrumbs_separator_color":"","ocean_breadcrumbs_links_color":"","ocean_breadcrumbs_links_hover_color":"","ocean_display_footer_widgets":"default","ocean_display_footer_bottom":"default","ocean_custom_footer_template":"","_themeisle_gutenberg_block_has_review":false,"footnotes":""},"class_list":["post-1171","page","type-page","status-publish","hentry","entry","owp-thumbs-layout-horizontal","owp-btn-normal","owp-tabs-layout-horizontal","has-no-thumbnails","has-product-nav","circle-sale"],"jetpack_sharing_enabled":true,"_links":{"self":[{"href":"https:\/\/www.lamusereve.fr\/index.php\/wp-json\/wp\/v2\/pages\/1171","targetHints":{"allow":["GET"]}}],"collection":[{"href":"https:\/\/www.lamusereve.fr\/index.php\/wp-json\/wp\/v2\/pages"}],"about":[{"href":"https:\/\/www.lamusereve.fr\/index.php\/wp-json\/wp\/v2\/types\/page"}],"author":[{"embeddable":true,"href":"https:\/\/www.lamusereve.fr\/index.php\/wp-json\/wp\/v2\/users\/2"}],"replies":[{"embeddable":true,"href":"https:\/\/www.lamusereve.fr\/index.php\/wp-json\/wp\/v2\/comments?post=1171"}],"version-history":[{"count":57,"href":"https:\/\/www.lamusereve.fr\/index.php\/wp-json\/wp\/v2\/pages\/1171\/revisions"}],"predecessor-version":[{"id":4359,"href":"https:\/\/www.lamusereve.fr\/index.php\/wp-json\/wp\/v2\/pages\/1171\/revisions\/4359"}],"wp:attachment":[{"href":"https:\/\/www.lamusereve.fr\/index.php\/wp-json\/wp\/v2\/media?parent=1171"}],"curies":[{"name":"wp","href":"https:\/\/api.w.org\/{rel}","templated":true}]}}