{"id":1153,"date":"2025-02-04T18:10:08","date_gmt":"2025-02-04T17:10:08","guid":{"rendered":"https:\/\/www.lamusereve.fr\/?page_id=1153"},"modified":"2026-04-23T17:46:51","modified_gmt":"2026-04-23T15:46:51","slug":"expositions-a-venir","status":"publish","type":"page","link":"https:\/\/www.lamusereve.fr\/index.php\/expositions-a-venir\/","title":{"rendered":"Exposition \u00e0 venir"},"content":{"rendered":"\n<div class=\"wp-block-media-text is-stacked-on-mobile is-vertically-aligned-center has-background\" style=\"background-color:#ffe1a7;grid-template-columns:37% auto\"><figure class=\"wp-block-media-text__media\"><img fetchpriority=\"high\" decoding=\"async\" width=\"2560\" height=\"2560\" src=\"https:\/\/www.lamusereve.fr\/wp-content\/uploads\/2026\/03\/COV_ComptinesAmandesCitrons0808-scaled.jpg\" alt=\"\" class=\"wp-image-4328 size-full\" srcset=\"https:\/\/www.lamusereve.fr\/wp-content\/uploads\/2026\/03\/COV_ComptinesAmandesCitrons0808-scaled.jpg 2560w, https:\/\/www.lamusereve.fr\/wp-content\/uploads\/2026\/03\/COV_ComptinesAmandesCitrons0808-300x300.jpg 300w\" sizes=\"(max-width: 2560px) 100vw, 2560px\" \/><\/figure><div class=\"wp-block-media-text__content\">\n<div style=\"height:20px\" aria-hidden=\"true\" class=\"wp-block-spacer\"><\/div>\n\n\n\n<h1 class=\"wp-block-heading has-text-color has-link-color wp-elements-4aec3036e03d309d6cb6386e73105333\" style=\"color:#571e40\"><em><strong><strong><em>D&rsquo;amandes et de citrons<\/em><\/strong><\/strong><\/em><\/h1>\n\n\n\n<h3 class=\"wp-block-heading has-text-color has-link-color wp-elements-9add13f816be2d99e4e00315f80c4c9e\" style=\"color:#2b4949\"><strong>Du 29 avril au 26 juin 202<\/strong>6<\/h3>\n\n\n\n<p class=\"has-text-color has-link-color wp-elements-290cdbb26e69e6ec23038253e0a9c53b\" style=\"color:#2b4949;font-size:14px\">Avec les <strong>illustrations d&rsquo;Elisa Caroli<\/strong>, du livre-CD <em><strong>Comptines d&rsquo;amandes et de citrons<\/strong><\/em> (\u00e9d. Didier Jeunesse)<\/p>\n\n\n\n<p class=\"has-text-color has-link-color wp-elements-46138f91f840e053da66fa03ef2c1516\" style=\"color:#2b4949;font-size:14px\">Embarquez avec nous sous le soleil vibrant de l\u2019Italie du Sud ! Cette exposition met \u00e0 l\u2019honneur le travail de l\u2019illustratrice <strong>Elisa Caroli<\/strong> \u00e0 travers les planches de l\u2019album-CD <em>Comptines d\u2019amandes et de citrons<\/em> (\u00e9d. Didier Jeunesse).<\/p>\n\n\n\n<p class=\"has-text-color has-link-color wp-elements-a34f7da59495fe5a804dc4a8c2558b87\" style=\"color:#2b4949\">Laissez-vous porter par <strong>un vent de M\u00e9diterran\u00e9e<\/strong> : ici, les images chantent en napolitain, en calabrais ou en sicilien ! C\u2019est un v\u00e9ritable <strong>banquet visuel <\/strong>o\u00f9 les <strong>couleurs chatoyantes<\/strong> d&rsquo;Elisa r\u00e9pondent au rythme des tarentelles et au doux murmure des berceuses.<\/p>\n\n\n\n<p class=\"has-text-color has-link-color wp-elements-e6dd0e9f5daf7b222e4b1aba295fff43\" style=\"color:#2b4949\">Le trait de l&rsquo;illustratrice italienne est une invitation \u00e0 l\u2019\u00e9vasion. Ses \u0153uvres, telles des <strong>tableaux tendres et po\u00e9tiques<\/strong>, nous donne \u00e0 voir une <strong>Italie authentique et g\u00e9n\u00e9reuse<\/strong>. Entre <strong>jeux de doigts et musiques traditionnelles<\/strong>, chaque image est une escale gourmande qui ravira les yeux des petits comme des grands.<\/p>\n\n\n\n<p class=\"has-text-color has-link-color wp-elements-ae185241d18a97a26d8dfe4cbb0eac42\" style=\"color:#2b4949;font-size:14px\"><em>Un hommage joyeux aux racines, aux dialectes et au patrimoine vivant de la p\u00e9ninsule, \u00e0 savourer sans mod\u00e9ration !<\/em><\/p>\n\n\n\n<p class=\"has-text-color has-link-color wp-elements-45e83633a3d13203381fbd1ee4f3daf6\" style=\"color:#2b4949;font-size:14px\">Th\u00e8mes : \u00e9t\u00e9, soleil, Italie, M\u00e9diterran\u00e9e, chansons, comptines, danses, patrimoine, dialectes, cuisine, gourmandise, amandes, citrons, animaux <\/p>\n\n\n\n<div style=\"height:20px\" aria-hidden=\"true\" class=\"wp-block-spacer\"><\/div>\n<\/div><\/div>\n\n\n\n<div style=\"height:50px\" aria-hidden=\"true\" class=\"wp-block-spacer\"><\/div>\n\n\n\n<p class=\"has-text-align-center has-text-color has-link-color has-medium-font-size wp-elements-8eee515eee52709a783637645a100192\" style=\"color:#a6553c\"><strong>Rencontre-d\u00e9dicace avec l&rsquo;illustratrice le samedi 6 juin 2026 \u00e0 17h<\/strong><\/p>\n\n\n\n<p class=\"has-text-align-center has-text-color has-link-color wp-elements-a6a7cac6984b9d86ed89c480d287f946\" style=\"color:#a6553c;font-size:20px\"><strong>Ateliers de s\u00e9rigraphie avec l&rsquo;artiste le samedi <strong>6 juin<\/strong> \u00e0 15h, 15h30, 16h et 16h30<\/strong><\/p>\n\n\n\n<p class=\"has-text-align-center\" style=\"font-size:16px\"><em><strong>Venez s\u00e9rigraphier sur tote-bag ou affiche et repartir avec votre cr\u00e9ation, lors d&rsquo;un atelier exclusif avec l&rsquo;artiste* !<\/strong><\/em><\/p>\n\n\n\n<p class=\"has-text-align-center has-text-color has-link-color wp-elements-bf2c6807ed038546a10fb377116b334c\" style=\"color:#a6553c;font-size:16px\">(<strong>\u00e0 partir de 5 ans<\/strong> ; infos et inscriptions <strong>par mail ou t\u00e9l\u00e9phone<\/strong> ; places limit\u00e9es, faites vite ! \ud83d\ude09)<\/p>\n\n\n<div class=\"wp-block-image\">\n<figure class=\"aligncenter size-large is-resized\"><img decoding=\"async\" width=\"836\" height=\"1024\" data-src=\"https:\/\/www.lamusereve.fr\/wp-content\/uploads\/2026\/03\/ECaroli1-836x1024.jpg\" alt=\"\" class=\"wp-image-4326 lazyload\" style=\"--smush-placeholder-width: 836px; --smush-placeholder-aspect-ratio: 836\/1024;aspect-ratio:0.816400562471286;width:256px;height:auto\" data-srcset=\"https:\/\/www.lamusereve.fr\/wp-content\/uploads\/2026\/03\/ECaroli1-836x1024.jpg 836w, https:\/\/www.lamusereve.fr\/wp-content\/uploads\/2026\/03\/ECaroli1-245x300.jpg 245w, https:\/\/www.lamusereve.fr\/wp-content\/uploads\/2026\/03\/ECaroli1-768x941.jpg 768w, https:\/\/www.lamusereve.fr\/wp-content\/uploads\/2026\/03\/ECaroli1-400x490.jpg 400w, https:\/\/www.lamusereve.fr\/wp-content\/uploads\/2026\/03\/ECaroli1.jpg 918w\" data-sizes=\"(max-width: 836px) 100vw, 836px\" src=\"data:image\/svg+xml;base64,PHN2ZyB3aWR0aD0iMSIgaGVpZ2h0PSIxIiB4bWxucz0iaHR0cDovL3d3dy53My5vcmcvMjAwMC9zdmciPjwvc3ZnPg==\" \/><\/figure>\n<\/div>\n\n\n<p class=\"has-text-align-center has-background\" style=\"background-color:#fde6d9;font-size:15px\"><strong>*L&rsquo;artiste sera \u00e9galement pr\u00e9sente \u00e0 la F\u00eate du livre jeunesse <em>Mon p&rsquo;tit doigt m&rsquo;a dit&#8230;<\/em> \u00e0 La Motte-Servolex les 5 et 6 juin 2026 en matin\u00e9e, pour des ateliers jeune public. <\/strong><em>(programme \u00e0 venir)<\/em><\/p>\n\n\n\n<p class=\"has-text-align-center has-background\" style=\"background-color:#fde6d9;font-size:15px\"><strong>Et vous pourrez \u00e9galement retrouver quelques unes de ses \u0153uvres chez notre partenaire de l\u2019\u00e9v\u00e9nement : <a href=\"https:\/\/www.ildepinna.com\/accueil\">l&rsquo;Atelier du Citron<\/a>, \u00e0 Chamb\u00e9ry !<\/strong><\/p>\n\n\n\n<div style=\"height:60px\" aria-hidden=\"true\" class=\"wp-block-spacer\"><\/div>\n\n\n\n<figure class=\"wp-block-gallery has-nested-images columns-default is-cropped is-style-rectangular wp-block-gallery-1 is-layout-flex wp-block-gallery-is-layout-flex\">\n<figure class=\"wp-block-image size-full\"><img decoding=\"async\" width=\"2560\" height=\"1304\" data-id=\"4318\" data-src=\"https:\/\/www.lamusereve.fr\/wp-content\/uploads\/2026\/03\/10-11-scaled.jpg\" alt=\"\" class=\"wp-image-4318 lazyload\" data-srcset=\"https:\/\/www.lamusereve.fr\/wp-content\/uploads\/2026\/03\/10-11-scaled.jpg 2560w, https:\/\/www.lamusereve.fr\/wp-content\/uploads\/2026\/03\/10-11-300x153.jpg 300w, https:\/\/www.lamusereve.fr\/wp-content\/uploads\/2026\/03\/10-11-1024x521.jpg 1024w, https:\/\/www.lamusereve.fr\/wp-content\/uploads\/2026\/03\/10-11-768x391.jpg 768w\" data-sizes=\"(max-width: 2560px) 100vw, 2560px\" src=\"data:image\/svg+xml;base64,PHN2ZyB3aWR0aD0iMSIgaGVpZ2h0PSIxIiB4bWxucz0iaHR0cDovL3d3dy53My5vcmcvMjAwMC9zdmciPjwvc3ZnPg==\" style=\"--smush-placeholder-width: 2560px; --smush-placeholder-aspect-ratio: 2560\/1304;\" \/><\/figure>\n\n\n\n<figure class=\"wp-block-image size-full\"><img decoding=\"async\" width=\"2560\" height=\"1304\" data-id=\"4319\" data-src=\"https:\/\/www.lamusereve.fr\/wp-content\/uploads\/2026\/03\/12-13-scaled.jpg\" alt=\"\" class=\"wp-image-4319 lazyload\" data-srcset=\"https:\/\/www.lamusereve.fr\/wp-content\/uploads\/2026\/03\/12-13-scaled.jpg 2560w, https:\/\/www.lamusereve.fr\/wp-content\/uploads\/2026\/03\/12-13-300x153.jpg 300w, https:\/\/www.lamusereve.fr\/wp-content\/uploads\/2026\/03\/12-13-1024x521.jpg 1024w, https:\/\/www.lamusereve.fr\/wp-content\/uploads\/2026\/03\/12-13-768x391.jpg 768w\" data-sizes=\"(max-width: 2560px) 100vw, 2560px\" src=\"data:image\/svg+xml;base64,PHN2ZyB3aWR0aD0iMSIgaGVpZ2h0PSIxIiB4bWxucz0iaHR0cDovL3d3dy53My5vcmcvMjAwMC9zdmciPjwvc3ZnPg==\" style=\"--smush-placeholder-width: 2560px; --smush-placeholder-aspect-ratio: 2560\/1304;\" \/><\/figure>\n\n\n\n<figure class=\"wp-block-image size-full\"><img decoding=\"async\" width=\"2560\" height=\"1304\" data-id=\"4320\" data-src=\"https:\/\/www.lamusereve.fr\/wp-content\/uploads\/2026\/03\/16-17-scaled.jpg\" alt=\"\" class=\"wp-image-4320 lazyload\" data-srcset=\"https:\/\/www.lamusereve.fr\/wp-content\/uploads\/2026\/03\/16-17-scaled.jpg 2560w, https:\/\/www.lamusereve.fr\/wp-content\/uploads\/2026\/03\/16-17-300x153.jpg 300w, https:\/\/www.lamusereve.fr\/wp-content\/uploads\/2026\/03\/16-17-1024x521.jpg 1024w, https:\/\/www.lamusereve.fr\/wp-content\/uploads\/2026\/03\/16-17-768x391.jpg 768w\" data-sizes=\"(max-width: 2560px) 100vw, 2560px\" src=\"data:image\/svg+xml;base64,PHN2ZyB3aWR0aD0iMSIgaGVpZ2h0PSIxIiB4bWxucz0iaHR0cDovL3d3dy53My5vcmcvMjAwMC9zdmciPjwvc3ZnPg==\" style=\"--smush-placeholder-width: 2560px; --smush-placeholder-aspect-ratio: 2560\/1304;\" \/><\/figure>\n\n\n\n<figure class=\"wp-block-image size-full\"><img decoding=\"async\" width=\"2560\" height=\"1304\" data-id=\"4322\" data-src=\"https:\/\/www.lamusereve.fr\/wp-content\/uploads\/2026\/03\/40-41-scaled.jpg\" alt=\"\" class=\"wp-image-4322 lazyload\" data-srcset=\"https:\/\/www.lamusereve.fr\/wp-content\/uploads\/2026\/03\/40-41-scaled.jpg 2560w, https:\/\/www.lamusereve.fr\/wp-content\/uploads\/2026\/03\/40-41-300x153.jpg 300w, https:\/\/www.lamusereve.fr\/wp-content\/uploads\/2026\/03\/40-41-1024x521.jpg 1024w, https:\/\/www.lamusereve.fr\/wp-content\/uploads\/2026\/03\/40-41-768x391.jpg 768w, https:\/\/www.lamusereve.fr\/wp-content\/uploads\/2026\/03\/40-41-1536x782.jpg 1536w\" data-sizes=\"(max-width: 2560px) 100vw, 2560px\" src=\"data:image\/svg+xml;base64,PHN2ZyB3aWR0aD0iMSIgaGVpZ2h0PSIxIiB4bWxucz0iaHR0cDovL3d3dy53My5vcmcvMjAwMC9zdmciPjwvc3ZnPg==\" style=\"--smush-placeholder-width: 2560px; --smush-placeholder-aspect-ratio: 2560\/1304;\" \/><\/figure>\n<\/figure>\n\n\n\n<p style=\"font-size:12px\">Cr\u00e9dits images : \u00a9Elisa Caroli\/Didier Jeunesse<\/p>\n\n\n\n<div style=\"height:30px\" aria-hidden=\"true\" class=\"wp-block-spacer\"><\/div>\n\n\n\n<p style=\"font-size:18px\">Vous souhaitez poursuivre la d\u00e9couverte de ce bel univers et en rapporter un souvenir \u00e0 la maison ? Participez \u00e0 un atelier ! Il y en a pour tous les \u00e2ges et tous les go\u00fbts ! <br>Toujours en lien avec l&rsquo;exposition, leur contenu change toutes les 2 semaines, pour permettre d&rsquo;explorer la richesse de l&rsquo;esth\u00e9tique des artistes et des th\u00e9matiques abord\u00e9es \u00e0 travers les images.<\/p>\n\n\n\n<div style=\"height:30px\" aria-hidden=\"true\" class=\"wp-block-spacer\"><\/div>\n\n\n\n<div class=\"wp-block-buttons is-layout-flex wp-block-buttons-is-layout-flex\">\n<div class=\"wp-block-button\"><a class=\"wp-block-button__link has-medium-font-size has-custom-font-size wp-element-button\" href=\"https:\/\/www.lamusereve.fr\/wp-content\/uploads\/2026\/03\/Programme-Mars-Avril-2026_compressed.pdf\">Je d\u00e9couvre toute la programmation<\/a><\/div>\n<\/div>\n\n\n\n<div style=\"height:60px\" aria-hidden=\"true\" class=\"wp-block-spacer\"><\/div>\n\n\n\n<h2 class=\"wp-block-heading\">Programme des ateliers<\/h2>\n\n\n\n<div id=\"wp-block-themeisle-blocks-tabs-2f2b9667\" class=\"wp-block-themeisle-blocks-tabs is-style-boxed has-light-bg is-align-left\"><div class=\"wp-block-themeisle-blocks-tabs__content\">\n<div data-title=\"Dates \u00e0 venir\" class=\"wp-block-themeisle-blocks-tabs-item\"><div class=\"wp-block-themeisle-blocks-tabs-item__header\" tabindex=\"0\">Dates \u00e0 venir<\/div><div class=\"wp-block-themeisle-blocks-tabs-item__content\">\n<div class=\"wp-block-media-text is-stacked-on-mobile\" style=\"grid-template-columns:15% auto\"><figure class=\"wp-block-media-text__media\"><img decoding=\"async\" width=\"1024\" height=\"1024\" data-src=\"https:\/\/www.lamusereve.fr\/wp-content\/uploads\/woocommerce-placeholder-1024x1024.png\" alt=\"\" class=\"wp-image-1545 size-full lazyload\" data-srcset=\"https:\/\/www.lamusereve.fr\/wp-content\/uploads\/woocommerce-placeholder-1024x1024.png 1024w, https:\/\/www.lamusereve.fr\/wp-content\/uploads\/woocommerce-placeholder-300x300.png 300w, https:\/\/www.lamusereve.fr\/wp-content\/uploads\/woocommerce-placeholder-100x100.png 100w, https:\/\/www.lamusereve.fr\/wp-content\/uploads\/woocommerce-placeholder-400x400.png 400w, https:\/\/www.lamusereve.fr\/wp-content\/uploads\/woocommerce-placeholder-150x150.png 150w, https:\/\/www.lamusereve.fr\/wp-content\/uploads\/woocommerce-placeholder-768x768.png 768w, https:\/\/www.lamusereve.fr\/wp-content\/uploads\/woocommerce-placeholder-600x600.png 600w, https:\/\/www.lamusereve.fr\/wp-content\/uploads\/woocommerce-placeholder.png 1200w\" data-sizes=\"(max-width: 1024px) 100vw, 1024px\" src=\"data:image\/svg+xml;base64,PHN2ZyB3aWR0aD0iMSIgaGVpZ2h0PSIxIiB4bWxucz0iaHR0cDovL3d3dy53My5vcmcvMjAwMC9zdmciPjwvc3ZnPg==\" style=\"--smush-placeholder-width: 1024px; --smush-placeholder-aspect-ratio: 1024\/1024;\" \/><\/figure><div class=\"wp-block-media-text__content\">\n<h5 class=\"wp-block-heading has-text-color has-link-color wp-elements-26ee7ba65aa76d7ad89f9123a01af4ac\" style=\"color:#571e40\">Atelier <\/h5>\n\n\n\n<p class=\"has-text-color has-link-color wp-elements-2b209e844e067e609f1b965bceeb5b34\" style=\"color:#571e40\">Th\u00e8mes et techniques explor\u00e9s : \u00e0 venir<\/p>\n<\/div><\/div>\n<\/div><\/div>\n\n\n\n<div data-title=\"Dates \u00e0 venir\" class=\"wp-block-themeisle-blocks-tabs-item\"><div class=\"wp-block-themeisle-blocks-tabs-item__header\" tabindex=\"0\">Dates \u00e0 venir<\/div><div class=\"wp-block-themeisle-blocks-tabs-item__content\">\n<div class=\"wp-block-media-text is-stacked-on-mobile\" style=\"grid-template-columns:15% auto\"><figure class=\"wp-block-media-text__media\"><img decoding=\"async\" width=\"1024\" height=\"1024\" data-src=\"https:\/\/www.lamusereve.fr\/wp-content\/uploads\/woocommerce-placeholder-1024x1024.png\" alt=\"\" class=\"wp-image-1545 size-full lazyload\" data-srcset=\"https:\/\/www.lamusereve.fr\/wp-content\/uploads\/woocommerce-placeholder-1024x1024.png 1024w, https:\/\/www.lamusereve.fr\/wp-content\/uploads\/woocommerce-placeholder-300x300.png 300w, https:\/\/www.lamusereve.fr\/wp-content\/uploads\/woocommerce-placeholder-100x100.png 100w, https:\/\/www.lamusereve.fr\/wp-content\/uploads\/woocommerce-placeholder-400x400.png 400w, https:\/\/www.lamusereve.fr\/wp-content\/uploads\/woocommerce-placeholder-150x150.png 150w, https:\/\/www.lamusereve.fr\/wp-content\/uploads\/woocommerce-placeholder-768x768.png 768w, https:\/\/www.lamusereve.fr\/wp-content\/uploads\/woocommerce-placeholder-600x600.png 600w, https:\/\/www.lamusereve.fr\/wp-content\/uploads\/woocommerce-placeholder.png 1200w\" data-sizes=\"(max-width: 1024px) 100vw, 1024px\" src=\"data:image\/svg+xml;base64,PHN2ZyB3aWR0aD0iMSIgaGVpZ2h0PSIxIiB4bWxucz0iaHR0cDovL3d3dy53My5vcmcvMjAwMC9zdmciPjwvc3ZnPg==\" style=\"--smush-placeholder-width: 1024px; --smush-placeholder-aspect-ratio: 1024\/1024;\" \/><\/figure><div class=\"wp-block-media-text__content\">\n<h5 class=\"wp-block-heading has-text-color has-link-color wp-elements-26ee7ba65aa76d7ad89f9123a01af4ac\" style=\"color:#571e40\">Atelier <\/h5>\n\n\n\n<p class=\"has-text-color has-link-color wp-elements-2b209e844e067e609f1b965bceeb5b34\" style=\"color:#571e40\">Th\u00e8mes et techniques explor\u00e9s : \u00e0 venir<\/p>\n<\/div><\/div>\n<\/div><\/div>\n\n\n\n<div data-title=\"Dates \u00e0 venir\" class=\"wp-block-themeisle-blocks-tabs-item\"><div class=\"wp-block-themeisle-blocks-tabs-item__header\" tabindex=\"0\">Dates \u00e0 venir<\/div><div class=\"wp-block-themeisle-blocks-tabs-item__content\">\n<div class=\"wp-block-media-text is-stacked-on-mobile\" style=\"grid-template-columns:15% auto\"><figure class=\"wp-block-media-text__media\"><img decoding=\"async\" width=\"1024\" height=\"1024\" data-src=\"https:\/\/www.lamusereve.fr\/wp-content\/uploads\/woocommerce-placeholder-1024x1024.png\" alt=\"\" class=\"wp-image-1545 size-full lazyload\" data-srcset=\"https:\/\/www.lamusereve.fr\/wp-content\/uploads\/woocommerce-placeholder-1024x1024.png 1024w, https:\/\/www.lamusereve.fr\/wp-content\/uploads\/woocommerce-placeholder-300x300.png 300w, https:\/\/www.lamusereve.fr\/wp-content\/uploads\/woocommerce-placeholder-100x100.png 100w, https:\/\/www.lamusereve.fr\/wp-content\/uploads\/woocommerce-placeholder-400x400.png 400w, https:\/\/www.lamusereve.fr\/wp-content\/uploads\/woocommerce-placeholder-150x150.png 150w, https:\/\/www.lamusereve.fr\/wp-content\/uploads\/woocommerce-placeholder-768x768.png 768w, https:\/\/www.lamusereve.fr\/wp-content\/uploads\/woocommerce-placeholder-600x600.png 600w, https:\/\/www.lamusereve.fr\/wp-content\/uploads\/woocommerce-placeholder.png 1200w\" data-sizes=\"(max-width: 1024px) 100vw, 1024px\" src=\"data:image\/svg+xml;base64,PHN2ZyB3aWR0aD0iMSIgaGVpZ2h0PSIxIiB4bWxucz0iaHR0cDovL3d3dy53My5vcmcvMjAwMC9zdmciPjwvc3ZnPg==\" style=\"--smush-placeholder-width: 1024px; --smush-placeholder-aspect-ratio: 1024\/1024;\" \/><\/figure><div class=\"wp-block-media-text__content\">\n<h5 class=\"wp-block-heading has-text-color has-link-color wp-elements-26ee7ba65aa76d7ad89f9123a01af4ac\" style=\"color:#571e40\">Atelier <\/h5>\n\n\n\n<p class=\"has-text-color has-link-color wp-elements-2b209e844e067e609f1b965bceeb5b34\" style=\"color:#571e40\">Th\u00e8mes et techniques explor\u00e9s : \u00e0 venir<\/p>\n<\/div><\/div>\n<\/div><\/div>\n\n\n\n<div data-title=\"Dates \u00e0 venir\" class=\"wp-block-themeisle-blocks-tabs-item\"><div class=\"wp-block-themeisle-blocks-tabs-item__header\" tabindex=\"0\">Dates \u00e0 venir<\/div><div class=\"wp-block-themeisle-blocks-tabs-item__content\">\n<div class=\"wp-block-media-text is-stacked-on-mobile\" style=\"grid-template-columns:15% auto\"><figure class=\"wp-block-media-text__media\"><img decoding=\"async\" width=\"1024\" height=\"1024\" data-src=\"https:\/\/www.lamusereve.fr\/wp-content\/uploads\/woocommerce-placeholder-1024x1024.png\" alt=\"\" class=\"wp-image-1545 size-full lazyload\" data-srcset=\"https:\/\/www.lamusereve.fr\/wp-content\/uploads\/woocommerce-placeholder-1024x1024.png 1024w, https:\/\/www.lamusereve.fr\/wp-content\/uploads\/woocommerce-placeholder-300x300.png 300w, https:\/\/www.lamusereve.fr\/wp-content\/uploads\/woocommerce-placeholder-100x100.png 100w, https:\/\/www.lamusereve.fr\/wp-content\/uploads\/woocommerce-placeholder-400x400.png 400w, https:\/\/www.lamusereve.fr\/wp-content\/uploads\/woocommerce-placeholder-150x150.png 150w, https:\/\/www.lamusereve.fr\/wp-content\/uploads\/woocommerce-placeholder-768x768.png 768w, https:\/\/www.lamusereve.fr\/wp-content\/uploads\/woocommerce-placeholder-600x600.png 600w, https:\/\/www.lamusereve.fr\/wp-content\/uploads\/woocommerce-placeholder.png 1200w\" data-sizes=\"(max-width: 1024px) 100vw, 1024px\" src=\"data:image\/svg+xml;base64,PHN2ZyB3aWR0aD0iMSIgaGVpZ2h0PSIxIiB4bWxucz0iaHR0cDovL3d3dy53My5vcmcvMjAwMC9zdmciPjwvc3ZnPg==\" style=\"--smush-placeholder-width: 1024px; --smush-placeholder-aspect-ratio: 1024\/1024;\" \/><\/figure><div class=\"wp-block-media-text__content\">\n<h5 class=\"wp-block-heading has-text-color has-link-color wp-elements-26ee7ba65aa76d7ad89f9123a01af4ac\" style=\"color:#571e40\">Atelier <\/h5>\n\n\n\n<p class=\"has-text-color has-link-color wp-elements-2b209e844e067e609f1b965bceeb5b34\" style=\"color:#571e40\">Th\u00e8mes et techniques explor\u00e9s : \u00e0 venir<\/p>\n<\/div><\/div>\n<\/div><\/div>\n\n\n\n<div data-title=\"Dates \u00e0 venir\" class=\"wp-block-themeisle-blocks-tabs-item\"><div class=\"wp-block-themeisle-blocks-tabs-item__header\" tabindex=\"0\">Dates \u00e0 venir<\/div><div class=\"wp-block-themeisle-blocks-tabs-item__content\">\n<div class=\"wp-block-media-text is-stacked-on-mobile\" style=\"grid-template-columns:15% auto\"><figure class=\"wp-block-media-text__media\"><img decoding=\"async\" width=\"1024\" height=\"1024\" data-src=\"https:\/\/www.lamusereve.fr\/wp-content\/uploads\/woocommerce-placeholder-1024x1024.png\" alt=\"\" class=\"wp-image-1545 size-full lazyload\" data-srcset=\"https:\/\/www.lamusereve.fr\/wp-content\/uploads\/woocommerce-placeholder-1024x1024.png 1024w, https:\/\/www.lamusereve.fr\/wp-content\/uploads\/woocommerce-placeholder-300x300.png 300w, https:\/\/www.lamusereve.fr\/wp-content\/uploads\/woocommerce-placeholder-100x100.png 100w, https:\/\/www.lamusereve.fr\/wp-content\/uploads\/woocommerce-placeholder-400x400.png 400w, https:\/\/www.lamusereve.fr\/wp-content\/uploads\/woocommerce-placeholder-150x150.png 150w, https:\/\/www.lamusereve.fr\/wp-content\/uploads\/woocommerce-placeholder-768x768.png 768w, https:\/\/www.lamusereve.fr\/wp-content\/uploads\/woocommerce-placeholder-600x600.png 600w, https:\/\/www.lamusereve.fr\/wp-content\/uploads\/woocommerce-placeholder.png 1200w\" data-sizes=\"(max-width: 1024px) 100vw, 1024px\" src=\"data:image\/svg+xml;base64,PHN2ZyB3aWR0aD0iMSIgaGVpZ2h0PSIxIiB4bWxucz0iaHR0cDovL3d3dy53My5vcmcvMjAwMC9zdmciPjwvc3ZnPg==\" style=\"--smush-placeholder-width: 1024px; --smush-placeholder-aspect-ratio: 1024\/1024;\" \/><\/figure><div class=\"wp-block-media-text__content\">\n<h5 class=\"wp-block-heading has-text-color has-link-color wp-elements-26ee7ba65aa76d7ad89f9123a01af4ac\" style=\"color:#571e40\">Atelier <\/h5>\n\n\n\n<p class=\"has-text-color has-link-color wp-elements-2b209e844e067e609f1b965bceeb5b34\" style=\"color:#571e40\">Th\u00e8mes et techniques explor\u00e9s : \u00e0 venir<\/p>\n<\/div><\/div>\n<\/div><\/div>\n\n\n\n<div data-title=\"Dates \u00e0 venir\" class=\"wp-block-themeisle-blocks-tabs-item\"><div class=\"wp-block-themeisle-blocks-tabs-item__header\" tabindex=\"0\">Dates \u00e0 venir<\/div><div class=\"wp-block-themeisle-blocks-tabs-item__content\">\n<div class=\"wp-block-media-text is-stacked-on-mobile\" style=\"grid-template-columns:15% auto\"><figure class=\"wp-block-media-text__media\"><img decoding=\"async\" width=\"1024\" height=\"1024\" data-src=\"https:\/\/www.lamusereve.fr\/wp-content\/uploads\/woocommerce-placeholder-1024x1024.png\" alt=\"\" class=\"wp-image-1545 size-full lazyload\" data-srcset=\"https:\/\/www.lamusereve.fr\/wp-content\/uploads\/woocommerce-placeholder-1024x1024.png 1024w, https:\/\/www.lamusereve.fr\/wp-content\/uploads\/woocommerce-placeholder-300x300.png 300w, https:\/\/www.lamusereve.fr\/wp-content\/uploads\/woocommerce-placeholder-100x100.png 100w, https:\/\/www.lamusereve.fr\/wp-content\/uploads\/woocommerce-placeholder-400x400.png 400w, https:\/\/www.lamusereve.fr\/wp-content\/uploads\/woocommerce-placeholder-150x150.png 150w, https:\/\/www.lamusereve.fr\/wp-content\/uploads\/woocommerce-placeholder-768x768.png 768w, https:\/\/www.lamusereve.fr\/wp-content\/uploads\/woocommerce-placeholder-600x600.png 600w, https:\/\/www.lamusereve.fr\/wp-content\/uploads\/woocommerce-placeholder.png 1200w\" data-sizes=\"(max-width: 1024px) 100vw, 1024px\" src=\"data:image\/svg+xml;base64,PHN2ZyB3aWR0aD0iMSIgaGVpZ2h0PSIxIiB4bWxucz0iaHR0cDovL3d3dy53My5vcmcvMjAwMC9zdmciPjwvc3ZnPg==\" style=\"--smush-placeholder-width: 1024px; --smush-placeholder-aspect-ratio: 1024\/1024;\" \/><\/figure><div class=\"wp-block-media-text__content\">\n<h5 class=\"wp-block-heading has-text-color has-link-color wp-elements-26ee7ba65aa76d7ad89f9123a01af4ac\" style=\"color:#571e40\">Atelier <\/h5>\n\n\n\n<p class=\"has-text-color has-link-color wp-elements-2b209e844e067e609f1b965bceeb5b34\" style=\"color:#571e40\">Th\u00e8mes et techniques explor\u00e9s : \u00e0 venir<\/p>\n<\/div><\/div>\n<\/div><\/div>\n<\/div><\/div>\n\n\n\n<div style=\"height:20px\" aria-hidden=\"true\" class=\"wp-block-spacer\"><\/div>\n\n\n\n<div class=\"wp-block-buttons is-layout-flex wp-block-buttons-is-layout-flex\">\n<div class=\"wp-block-button\"><a class=\"wp-block-button__link has-medium-font-size has-custom-font-size wp-element-button\" href=\"https:\/\/www.lamusereve.fr\/index.php\/deroule-dun-atelier\/\">INSCRIPTION AUX ATELIERS<\/a><\/div>\n<\/div>\n\n\n\n<div style=\"height:70px\" aria-hidden=\"true\" class=\"wp-block-spacer\"><\/div>\n\n\n\n<h2 class=\"wp-block-heading\">L&rsquo;artiste<\/h2>\n\n\n\n<div class=\"wp-block-columns is-layout-flex wp-container-core-columns-is-layout-9d6595d7 wp-block-columns-is-layout-flex\">\n<div class=\"wp-block-column is-layout-flow wp-block-column-is-layout-flow\" style=\"flex-basis:100%\">\n<div class=\"wp-block-group is-vertical is-layout-flex wp-container-core-group-is-layout-8eef935d wp-block-group-is-layout-flex\" style=\"margin-top:0;margin-bottom:0;padding-top:calc( 0.5 * var(--wp--style--root--padding-right, var(--wp--custom--gap--horizontal)));padding-right:var(--wp--style--root--padding-right, var(--wp--custom--gap--horizontal));padding-bottom:calc( 0.5 * var(--wp--style--root--padding-right, var(--wp--custom--gap--horizontal)));padding-left:var(--wp--style--root--padding-left, var(--wp--custom--gap--horizontal))\">\n<div style=\"height:0px\" aria-hidden=\"true\" class=\"wp-block-spacer wp-container-content-ff24c794\"><\/div>\n\n\n\n<div style=\"height:0px\" aria-hidden=\"true\" class=\"wp-block-spacer wp-container-content-9760934e\"><\/div>\n\n\n\n<div class=\"wp-block-columns are-vertically-aligned-center has-background is-layout-flex wp-container-core-columns-is-layout-3da6863c wp-block-columns-is-layout-flex\" style=\"background-color:#ffe1a7\">\n<div class=\"wp-block-column is-layout-flow wp-block-column-is-layout-flow\" style=\"flex-basis:50px\"><\/div>\n\n\n\n<div class=\"wp-block-column is-vertically-aligned-center is-layout-flow wp-block-column-is-layout-flow\" style=\"flex-basis:450px\">\n<div style=\"height:30px\" aria-hidden=\"true\" class=\"wp-block-spacer\"><\/div>\n\n\n\n<h2 class=\"wp-block-heading has-text-color has-link-color wp-elements-c4d7f8670bfa8d49dd2165d86baf5476\" style=\"color:#571e40\">Elisa Caroli<\/h2>\n\n\n\n<p class=\"has-text-color has-link-color wp-elements-e0799ff1d9f96946f5c32ba44822fa9e\" style=\"color:#2b4949\"><strong>Illustratrice<\/strong>, <strong>s\u00e9rigraphe<\/strong> et <strong>autrice de BD italienne<\/strong>, Elisa Caroli s\u2019\u00e9tablit \u00e0 Paris en 2015. Elle travaille alors pour la presse, la communication et l&rsquo;\u00e9dition jeunesse.&nbsp;Elle fait partie de l&rsquo;atelier collectif <strong><a href=\"https:\/\/www.atelierauxlilas.com\/\">Atelier aux lilas pour la typographie et l&rsquo;estampe<\/a><\/strong> et elle est repr\u00e9sent\u00e9e par l&rsquo;agence d&rsquo;illustration <strong><a href=\"https:\/\/mariebastille.com\/\">Agence Marie Bastille<\/a><\/strong>.&nbsp;<\/p>\n\n\n\n<p class=\"has-text-color has-link-color wp-elements-d007848ecb6e99be70446298b63e3183\" style=\"color:#2b4949\">La nature, les fleurs et les animaux, \u00e9l\u00e9ments omnipr\u00e9sents dans son travail, apportent \u00e0 son style une <strong>l\u00e9g\u00e8ret\u00e9<\/strong> et une <strong>fraicheur<\/strong> <strong>pop<\/strong>. <\/p>\n\n\n\n<p class=\"has-text-color has-link-color wp-elements-dd133f17f97e4105f3fd1df1e40e9bf6\" style=\"color:#2b4949\">Parmi ses clients, on trouve Roger &amp; Gallet, Giunti, L\u2019\u00e9cole des loisirs, Lire Magazine, Marie-Claire, Casterman, Hachette Pratique, &#8230;<\/p>\n\n\n\n<div id=\"wp-block-themeisle-blocks-icon-list-e996d773\" class=\"wp-block-themeisle-blocks-icon-list\">\n<div id=\"wp-block-themeisle-blocks-icon-list-item-332acbb4\" class=\"wp-block-themeisle-blocks-icon-list-item\"><i class=\"far fa-address-card wp-block-themeisle-blocks-icon-list-item-icon\"><\/i><p class=\"wp-block-themeisle-blocks-icon-list-item-content-custom\">> <em><a href=\"https:\/\/www.lamusereve.fr\/wp-content\/uploads\/2026\/04\/Bio-Elisa-Caroli-web.pdf\">Lire notre bio de l&rsquo;artiste<\/a><\/em><\/p><\/div>\n\n\n\n<div id=\"wp-block-themeisle-blocks-icon-list-item-da53880f\" class=\"wp-block-themeisle-blocks-icon-list-item\"><i class=\"fas fa-paint-brush wp-block-themeisle-blocks-icon-list-item-icon\"><\/i><p class=\"wp-block-themeisle-blocks-icon-list-item-content\">><em> <a href=\"https:\/\/lalois.com\/\" data-type=\"link\" data-id=\"https:\/\/lalois.com\/\">Voir le site de l&rsquo;artiste<\/a><\/em><\/p><\/div>\n<\/div>\n\n\n\n<div style=\"height:30px\" aria-hidden=\"true\" class=\"wp-block-spacer\"><\/div>\n<\/div>\n\n\n\n<div class=\"wp-block-column is-vertically-aligned-center is-layout-flow wp-block-column-is-layout-flow\"><div class=\"wp-block-image wp-duotone-grayscale\">\n<figure class=\"aligncenter size-full is-resized has-custom-border\"><img decoding=\"async\" width=\"2335\" height=\"2560\" data-src=\"https:\/\/www.lamusereve.fr\/wp-content\/uploads\/2026\/03\/ECaroli3-scaled.jpg\" alt=\"\" class=\"wp-image-4325 lazyload\" style=\"--smush-placeholder-width: 2335px; --smush-placeholder-aspect-ratio: 2335\/2560;border-style:none;border-width:0px;border-radius:100em;aspect-ratio:0.9120979699957803;object-fit:cover;width:212px;height:auto\" data-srcset=\"https:\/\/www.lamusereve.fr\/wp-content\/uploads\/2026\/03\/ECaroli3-scaled.jpg 2335w, https:\/\/www.lamusereve.fr\/wp-content\/uploads\/2026\/03\/ECaroli3-274x300.jpg 274w, https:\/\/www.lamusereve.fr\/wp-content\/uploads\/2026\/03\/ECaroli3-934x1024.jpg 934w, https:\/\/www.lamusereve.fr\/wp-content\/uploads\/2026\/03\/ECaroli3-768x842.jpg 768w, https:\/\/www.lamusereve.fr\/wp-content\/uploads\/2026\/03\/ECaroli3-1401x1536.jpg 1401w, https:\/\/www.lamusereve.fr\/wp-content\/uploads\/2026\/03\/ECaroli3-1868x2048.jpg 1868w, https:\/\/www.lamusereve.fr\/wp-content\/uploads\/2026\/03\/ECaroli3-400x438.jpg 400w\" data-sizes=\"(max-width: 2335px) 100vw, 2335px\" src=\"data:image\/svg+xml;base64,PHN2ZyB3aWR0aD0iMSIgaGVpZ2h0PSIxIiB4bWxucz0iaHR0cDovL3d3dy53My5vcmcvMjAwMC9zdmciPjwvc3ZnPg==\" \/><\/figure>\n<\/div>\n\n\n<p><\/p>\n<\/div>\n<\/div>\n\n\n\n<div id=\"wp-block-themeisle-blocks-advanced-columns-fe4896f8\" class=\"wp-block-themeisle-blocks-advanced-columns has-1-columns has-desktop-equal-layout has-tablet-equal-layout has-mobile-equal-layout has-vertical-unset\"><div class=\"wp-block-themeisle-blocks-advanced-columns-overlay\"><\/div><div class=\"innerblocks-wrap\">\n<div id=\"wp-block-themeisle-blocks-advanced-column-64fc3739\" class=\"wp-block-themeisle-blocks-advanced-column\"><\/div>\n<\/div><\/div>\n<\/div>\n<\/div>\n<\/div>\n\n\n\n<div style=\"height:70px\" aria-hidden=\"true\" class=\"wp-block-spacer\"><\/div>\n\n\n\n<h2 class=\"wp-block-heading\">Le livre de l&rsquo;exposition<\/h2>\n\n\n\n<div class=\"wp-block-media-text is-stacked-on-mobile is-vertically-aligned-top has-background\" style=\"background-color:#6fc2be;grid-template-columns:18% auto\"><figure class=\"wp-block-media-text__media\"><img decoding=\"async\" width=\"1009\" height=\"1024\" data-src=\"https:\/\/www.lamusereve.fr\/wp-content\/uploads\/2026\/03\/Amandes-et-citrons-couv-e1772481329460-1009x1024.jpg\" alt=\"\" class=\"wp-image-4303 size-full lazyload\" data-srcset=\"https:\/\/www.lamusereve.fr\/wp-content\/uploads\/2026\/03\/Amandes-et-citrons-couv-e1772481329460-1009x1024.jpg 1009w, https:\/\/www.lamusereve.fr\/wp-content\/uploads\/2026\/03\/Amandes-et-citrons-couv-e1772481329460-295x300.jpg 295w, https:\/\/www.lamusereve.fr\/wp-content\/uploads\/2026\/03\/Amandes-et-citrons-couv-e1772481329460-768x780.jpg 768w, https:\/\/www.lamusereve.fr\/wp-content\/uploads\/2026\/03\/Amandes-et-citrons-couv-e1772481329460-400x406.jpg 400w, https:\/\/www.lamusereve.fr\/wp-content\/uploads\/2026\/03\/Amandes-et-citrons-couv-e1772481329460-100x100.jpg 100w, https:\/\/www.lamusereve.fr\/wp-content\/uploads\/2026\/03\/Amandes-et-citrons-couv-e1772481329460.jpg 1178w\" data-sizes=\"(max-width: 1009px) 100vw, 1009px\" src=\"data:image\/svg+xml;base64,PHN2ZyB3aWR0aD0iMSIgaGVpZ2h0PSIxIiB4bWxucz0iaHR0cDovL3d3dy53My5vcmcvMjAwMC9zdmciPjwvc3ZnPg==\" style=\"--smush-placeholder-width: 1009px; --smush-placeholder-aspect-ratio: 1009\/1024;\" \/><\/figure><div class=\"wp-block-media-text__content\">\n<p><\/p>\n\n\n\n<h3 class=\"wp-block-heading has-text-color has-link-color wp-elements-3a236bed2e5e5c8ce9545da6371285d2\" style=\"color:#ffe1a7\"><em><strong>Comptines d&rsquo;amandes et de citrons<\/strong><\/em><\/h3>\n\n\n\n<p class=\"has-small-font-size\">Collectage des chansons : Nathalie Soussana &#8211; Direction musicale : Jean-Christophe Hoarau<strong> <\/strong> &#8211; Illustrations : <strong><a href=\"https:\/\/www.eve-gentilhomme.com\/\">Elisa Caroli<\/a><\/strong><\/p>\n\n\n\n<p class=\"has-small-font-size\">\u00c9diteur : <a href=\"https:\/\/www.didier-jeunesse.com\/livre\/comptines-damandes-et-de-citrons-9782278129621\/\" data-type=\"link\" data-id=\"https:\/\/www.didier-jeunesse.com\/livre\/comptines-damandes-et-de-citrons-9782278129621\/\"><strong>Didier Jeunesse<\/strong><\/a><\/p>\n\n\n\n<p style=\"font-size:14px\">Ce grand livre musical, plein de soleil et de joie, r\u00e9unit 28 comptines, berceuses et jeux de doigts pour d\u00e9couvrir le bel \u00e9ventail des chants de l\u2019Italie du Sud.<br>Des musiques \u00e0 \u00e9couter et \u00e0 chanter dans les dialectes locaux : le napolitain, le calabrais, le sicilien, le sarde\u2026 Un patrimoine culturel \u00e0 pr\u00e9server.<br>Toutes les paroles sont retranscrites dans leur langue d\u2019origine et traduites en fran\u00e7ais. Chaque chanson est compl\u00e9t\u00e9e par un commentaire proposant des rep\u00e8res culturels et linguistiques.<\/p>\n\n\n\n<p class=\"has-small-font-size\">Parution : Mars 2025 &#8211; 48 pages &#8211; ISBN : 978-2-278129-62-1<\/p>\n\n\n\n<p><strong>En vente chez La muse r\u00eave<\/strong><\/p>\n\n\n\n<p><em>Et plein d&rsquo;autres superbes ouvrages \u00e0 d\u00e9couvrir autour des th\u00e8mes de la gourmandise, du voyage et de la musique !<\/em><\/p>\n<\/div><\/div>\n\n\n\n<figure class=\"wp-block-embed is-type-video is-provider-youtube wp-block-embed-youtube wp-embed-aspect-16-9 wp-has-aspect-ratio\"><div class=\"wp-block-embed__wrapper\">\n<p class=\"responsive-video-wrap clr\"><iframe title=\"Funicul\u00ec funicul\u00e0 - chanson napolitaine\" width=\"1200\" height=\"675\" data-src=\"https:\/\/www.youtube.com\/embed\/lL4lIfgA9Wg?feature=oembed\" frameborder=\"0\" allow=\"accelerometer; autoplay; clipboard-write; encrypted-media; gyroscope; picture-in-picture; web-share\" referrerpolicy=\"strict-origin-when-cross-origin\" allowfullscreen src=\"data:image\/svg+xml;base64,PHN2ZyB3aWR0aD0iMSIgaGVpZ2h0PSIxIiB4bWxucz0iaHR0cDovL3d3dy53My5vcmcvMjAwMC9zdmciPjwvc3ZnPg==\" class=\"lazyload\" data-load-mode=\"1\"><\/iframe><\/p>\n<\/div><\/figure>\n\n\n\n<div style=\"height:70px\" aria-hidden=\"true\" class=\"wp-block-spacer\"><\/div>\n\n\n\n<p><\/p>\n\n\n\n<p><\/p>\n","protected":false},"excerpt":{"rendered":"<p>Rencontre-d\u00e9dicace avec l&rsquo;illustratrice le samedi 6 juin 2026 \u00e0 17h Ateliers de s\u00e9rigraphie avec l&rsquo;artiste le samedi 6 juin \u00e0 15h, 15h30, 16h et 16h30 Venez s\u00e9rigraphier sur tote-bag ou affiche et repartir avec votre cr\u00e9ation, lors d&rsquo;un atelier exclusif avec l&rsquo;artiste* ! (\u00e0 partir de 5 ans ; infos et inscriptions par mail ou [&hellip;]<\/p>\n","protected":false},"author":2,"featured_media":0,"parent":0,"menu_order":0,"comment_status":"closed","ping_status":"closed","template":"","meta":{"ocean_post_layout":"","ocean_both_sidebars_style":"","ocean_both_sidebars_content_width":0,"ocean_both_sidebars_sidebars_width":0,"ocean_sidebar":"","ocean_second_sidebar":"","ocean_disable_margins":"enable","ocean_add_body_class":"","ocean_shortcode_before_top_bar":"","ocean_shortcode_after_top_bar":"","ocean_shortcode_before_header":"","ocean_shortcode_after_header":"","ocean_has_shortcode":"","ocean_shortcode_after_title":"","ocean_shortcode_before_footer_widgets":"","ocean_shortcode_after_footer_widgets":"","ocean_shortcode_before_footer_bottom":"","ocean_shortcode_after_footer_bottom":"","ocean_display_top_bar":"default","ocean_display_header":"default","ocean_header_style":"","ocean_center_header_left_menu":"","ocean_custom_header_template":"","ocean_custom_logo":0,"ocean_custom_retina_logo":0,"ocean_custom_logo_max_width":0,"ocean_custom_logo_tablet_max_width":0,"ocean_custom_logo_mobile_max_width":0,"ocean_custom_logo_max_height":0,"ocean_custom_logo_tablet_max_height":0,"ocean_custom_logo_mobile_max_height":0,"ocean_header_custom_menu":"","ocean_menu_typo_font_family":"","ocean_menu_typo_font_subset":"","ocean_menu_typo_font_size":0,"ocean_menu_typo_font_size_tablet":0,"ocean_menu_typo_font_size_mobile":0,"ocean_menu_typo_font_size_unit":"px","ocean_menu_typo_font_weight":"","ocean_menu_typo_font_weight_tablet":"","ocean_menu_typo_font_weight_mobile":"","ocean_menu_typo_transform":"","ocean_menu_typo_transform_tablet":"","ocean_menu_typo_transform_mobile":"","ocean_menu_typo_line_height":0,"ocean_menu_typo_line_height_tablet":0,"ocean_menu_typo_line_height_mobile":0,"ocean_menu_typo_line_height_unit":"","ocean_menu_typo_spacing":0,"ocean_menu_typo_spacing_tablet":0,"ocean_menu_typo_spacing_mobile":0,"ocean_menu_typo_spacing_unit":"","ocean_menu_link_color":"","ocean_menu_link_color_hover":"","ocean_menu_link_color_active":"","ocean_menu_link_background":"","ocean_menu_link_hover_background":"","ocean_menu_link_active_background":"","ocean_menu_social_links_bg":"","ocean_menu_social_hover_links_bg":"","ocean_menu_social_links_color":"","ocean_menu_social_hover_links_color":"","ocean_disable_title":"default","ocean_disable_heading":"default","ocean_post_title":"","ocean_post_subheading":"","ocean_post_title_style":"","ocean_post_title_background_color":"","ocean_post_title_background":0,"ocean_post_title_bg_image_position":"","ocean_post_title_bg_image_attachment":"","ocean_post_title_bg_image_repeat":"","ocean_post_title_bg_image_size":"","ocean_post_title_height":0,"ocean_post_title_bg_overlay":0.5,"ocean_post_title_bg_overlay_color":"","ocean_disable_breadcrumbs":"default","ocean_breadcrumbs_color":"","ocean_breadcrumbs_separator_color":"","ocean_breadcrumbs_links_color":"","ocean_breadcrumbs_links_hover_color":"","ocean_display_footer_widgets":"default","ocean_display_footer_bottom":"default","ocean_custom_footer_template":"","_themeisle_gutenberg_block_has_review":false,"footnotes":""},"class_list":["post-1153","page","type-page","status-publish","hentry","entry","owp-thumbs-layout-horizontal","owp-btn-normal","owp-tabs-layout-horizontal","has-no-thumbnails","has-product-nav","circle-sale"],"jetpack_sharing_enabled":true,"_links":{"self":[{"href":"https:\/\/www.lamusereve.fr\/index.php\/wp-json\/wp\/v2\/pages\/1153","targetHints":{"allow":["GET"]}}],"collection":[{"href":"https:\/\/www.lamusereve.fr\/index.php\/wp-json\/wp\/v2\/pages"}],"about":[{"href":"https:\/\/www.lamusereve.fr\/index.php\/wp-json\/wp\/v2\/types\/page"}],"author":[{"embeddable":true,"href":"https:\/\/www.lamusereve.fr\/index.php\/wp-json\/wp\/v2\/users\/2"}],"replies":[{"embeddable":true,"href":"https:\/\/www.lamusereve.fr\/index.php\/wp-json\/wp\/v2\/comments?post=1153"}],"version-history":[{"count":212,"href":"https:\/\/www.lamusereve.fr\/index.php\/wp-json\/wp\/v2\/pages\/1153\/revisions"}],"predecessor-version":[{"id":4469,"href":"https:\/\/www.lamusereve.fr\/index.php\/wp-json\/wp\/v2\/pages\/1153\/revisions\/4469"}],"wp:attachment":[{"href":"https:\/\/www.lamusereve.fr\/index.php\/wp-json\/wp\/v2\/media?parent=1153"}],"curies":[{"name":"wp","href":"https:\/\/api.w.org\/{rel}","templated":true}]}}