{"id":1151,"date":"2025-02-04T18:09:46","date_gmt":"2025-02-04T17:09:46","guid":{"rendered":"https:\/\/www.lamusereve.fr\/?page_id=1151"},"modified":"2026-03-13T16:16:31","modified_gmt":"2026-03-13T15:16:31","slug":"exposition-actuelle","status":"publish","type":"page","link":"https:\/\/www.lamusereve.fr\/index.php\/exposition-actuelle\/","title":{"rendered":"Exposition actuelle"},"content":{"rendered":"\n<div class=\"wp-block-media-text is-stacked-on-mobile is-vertically-aligned-center has-background\" style=\"background-color:#6fc2be;grid-template-columns:37% auto\"><figure class=\"wp-block-media-text__media\"><img fetchpriority=\"high\" decoding=\"async\" width=\"437\" height=\"437\" src=\"https:\/\/www.lamusereve.fr\/wp-content\/uploads\/2026\/01\/mockup-LNTMR-simple-edited-1.png\" alt=\"\" class=\"wp-image-3974 size-full\" srcset=\"https:\/\/www.lamusereve.fr\/wp-content\/uploads\/2026\/01\/mockup-LNTMR-simple-edited-1.png 437w, https:\/\/www.lamusereve.fr\/wp-content\/uploads\/2026\/01\/mockup-LNTMR-simple-edited-1-300x300.png 300w, https:\/\/www.lamusereve.fr\/wp-content\/uploads\/2026\/01\/mockup-LNTMR-simple-edited-1-150x150.png 150w, https:\/\/www.lamusereve.fr\/wp-content\/uploads\/2026\/01\/mockup-LNTMR-simple-edited-1-400x400.png 400w, https:\/\/www.lamusereve.fr\/wp-content\/uploads\/2026\/01\/mockup-LNTMR-simple-edited-1-100x100.png 100w\" sizes=\"(max-width: 437px) 100vw, 437px\" \/><\/figure><div class=\"wp-block-media-text__content\">\n<div style=\"height:20px\" aria-hidden=\"true\" class=\"wp-block-spacer\"><\/div>\n\n\n\n<h1 class=\"wp-block-heading has-text-color has-link-color wp-elements-df9a2cec9506ff020c9fa6bfc53a7af6\" style=\"color:#ffe1a7\"><em><strong><strong><em>Que font les parents quand les enfants dorment ?<\/em><\/strong><\/strong><\/em><\/h1>\n\n\n\n<h3 class=\"wp-block-heading has-text-color has-link-color wp-elements-420e083b8e70d9fe1cec5a532dcd17e6\" style=\"color:#2b4949\"><strong>Du 5 mars au 25 avril 202<\/strong>6<\/h3>\n\n\n\n<p class=\"has-text-color has-link-color wp-elements-b09e3b7caf6a874e56427926abbd6aa0\" style=\"color:#2b4949;font-size:14px\">Avec les <strong>illustrations d&rsquo;\u00c8ve Gentilhomme<\/strong>, de l&rsquo;album <em>La nuit tombe, Maman r\u00eave<\/em> (\u00e9d. La t\u00eate ailleurs)<\/p>\n\n\n\n<p class=\"has-text-color has-link-color wp-elements-597efd190c7317813cbe51aee4bdfc07\" style=\"color:#2b4949;font-size:14px\">\u00c0 travers un parcours visuel doux et color\u00e9, explorez l\u2019imaginaire d&rsquo;un petit gar\u00e7on qui r\u00eave de la vie nocturne de sa maman. Entre <strong>po\u00e9sie urbaine et tendresse<\/strong>, cette exposition l\u00e8ve le voile sur le quotidien des mamans solo avec une sensibilit\u00e9 rare. Une <strong>immersion haute en couleurs<\/strong> dans un monde o\u00f9 les t\u00e2ches quotidiennes se transforment en aventures \u00e9toil\u00e9es.<\/p>\n\n\n\n<p class=\"has-text-color has-link-color wp-elements-038526560f385084363ac46ae9822a15\" style=\"color:#2b4949\">Cet <strong>album remarquable<\/strong>, s\u00e9lectionn\u00e9 par le Salon du Livre et de la Presse Jeunesse (<a href=\"https:\/\/slpj.fr\/\">SLPJ<\/a>, r\u00e9seau <a href=\"http:\/\/slpj.fr\/kibookin\/\">Kibookin<\/a>), traite avec finesse de la <strong>monoparentalit\u00e9<\/strong> et du droit des m\u00e8res \u00e0 l&rsquo;<strong>\u00e9vasion<\/strong> et au <strong>bonheur<\/strong>. Les illustrations, aux <strong>couleurs vives<\/strong> et aux <strong>accents \u00ab\u00a0chagalliens\u00a0\u00bb<\/strong>, captiveront les petits comme les grands !<\/p>\n\n\n\n<p class=\"has-text-color has-link-color wp-elements-9ed413e810b45e0e407f8f38a3fa4a48\" style=\"color:#2b4949;font-size:14px\"><em>Un hommage vibrant \u00e0 <strong>la libert\u00e9 des femmes<\/strong> et au <strong>lien ind\u00e9fectible entre parent et enfant<\/strong>. <\/em><\/p>\n\n\n\n<p class=\"has-text-color has-link-color wp-elements-e061901e48d5c1eabfe52299b33a53d1\" style=\"color:#2b4949;font-size:12px\"><em>Inspir\u00e9 du spectacle <\/em><a href=\"https:\/\/regardencoulisse.com\/road-movie-en-hlm\/\">Road Movie en HLM<\/a> <em>de C\u00e9cile Dumoutier, <em>mont\u00e9e<\/em> et jou\u00e9e avec la Compagnie MaedesRosiers.<\/em><\/p>\n\n\n\n<p class=\"has-text-color has-link-color wp-elements-a1032bac43f1787ceb203657efdee30e\" style=\"color:#2b4949;font-size:14px\">Th\u00e8mes : nuit, r\u00eave, \u00e9vasion, imaginaire, ville, parentalit\u00e9, maternit\u00e9, charge mentale, bonheur, liens familiaux<\/p>\n\n\n\n<div style=\"height:20px\" aria-hidden=\"true\" class=\"wp-block-spacer\"><\/div>\n<\/div><\/div>\n\n\n\n<div style=\"height:30px\" aria-hidden=\"true\" class=\"wp-block-spacer\"><\/div>\n\n\n\n<p class=\"has-text-align-center has-text-color has-link-color has-medium-font-size wp-elements-c7591e31bd2f7d7e8a5e65db584f78f5\" style=\"color:#a6553c\"><strong><strong><strong>Caf\u00e9-Vernissage le samedi 14 mars 2026 \u00e0 11h<\/strong><\/strong><\/strong><\/p>\n\n\n\n<p class=\"has-text-align-center has-text-color has-link-color wp-elements-3f6fd74b45fe1b4664ce4cdf5730d30d\" style=\"color:#a6553c;font-size:20px\"><strong>Ateliers en famille le samedi 14 mars \u00e0 14h30 et 15h30 <\/strong>dans le cadre de la <strong><a href=\"https:\/\/semainepetiteenfance.fr\/\">Semaine Nationale de la Petite Enfance<\/a><\/strong><\/p>\n\n\n\n<p class=\"has-text-align-center\" style=\"font-size:16px\"><em><strong>Venez illustrer vos histoires et vos r\u00eaves \u00e0 quatre mains, lors d&rsquo;un atelier parent-enfant !<\/strong><\/em><\/p>\n\n\n\n<p class=\"has-text-align-center has-text-color has-link-color wp-elements-fe9659acff4d5b3d8c1d85b95513b61d\" style=\"color:#a6553c;font-size:16px\">(<strong>\u00e0 partir de 4 ans<\/strong> ; infos et inscriptions <strong>par mail ou t\u00e9l\u00e9phone<\/strong> ; places limit\u00e9es, faites vite ! \ud83d\ude09)<\/p>\n\n\n\n<div style=\"height:60px\" aria-hidden=\"true\" class=\"wp-block-spacer\"><\/div>\n\n\n\n<figure class=\"wp-block-gallery has-nested-images columns-default is-cropped is-style-rectangular wp-block-gallery-1 is-layout-flex wp-block-gallery-is-layout-flex\">\n<figure class=\"wp-block-image size-full\"><img decoding=\"async\" width=\"734\" height=\"468\" data-id=\"4344\" data-src=\"https:\/\/www.lamusereve.fr\/wp-content\/uploads\/2026\/03\/Coucher.jpg\" alt=\"\" class=\"wp-image-4344 lazyload\" data-srcset=\"https:\/\/www.lamusereve.fr\/wp-content\/uploads\/2026\/03\/Coucher.jpg 734w, https:\/\/www.lamusereve.fr\/wp-content\/uploads\/2026\/03\/Coucher-300x191.jpg 300w, https:\/\/www.lamusereve.fr\/wp-content\/uploads\/2026\/03\/Coucher-400x255.jpg 400w\" data-sizes=\"(max-width: 734px) 100vw, 734px\" src=\"data:image\/svg+xml;base64,PHN2ZyB3aWR0aD0iMSIgaGVpZ2h0PSIxIiB4bWxucz0iaHR0cDovL3d3dy53My5vcmcvMjAwMC9zdmciPjwvc3ZnPg==\" style=\"--smush-placeholder-width: 734px; --smush-placeholder-aspect-ratio: 734\/468;\" \/><\/figure>\n\n\n\n<figure class=\"wp-block-image size-full\"><img decoding=\"async\" width=\"690\" height=\"439\" data-id=\"4195\" data-src=\"https:\/\/www.lamusereve.fr\/wp-content\/uploads\/2026\/02\/LNTMR11.jpg\" alt=\"\" class=\"wp-image-4195 lazyload\" data-srcset=\"https:\/\/www.lamusereve.fr\/wp-content\/uploads\/2026\/02\/LNTMR11.jpg 690w, https:\/\/www.lamusereve.fr\/wp-content\/uploads\/2026\/02\/LNTMR11-300x191.jpg 300w, https:\/\/www.lamusereve.fr\/wp-content\/uploads\/2026\/02\/LNTMR11-400x254.jpg 400w\" data-sizes=\"(max-width: 690px) 100vw, 690px\" src=\"data:image\/svg+xml;base64,PHN2ZyB3aWR0aD0iMSIgaGVpZ2h0PSIxIiB4bWxucz0iaHR0cDovL3d3dy53My5vcmcvMjAwMC9zdmciPjwvc3ZnPg==\" style=\"--smush-placeholder-width: 690px; --smush-placeholder-aspect-ratio: 690\/439;\" \/><\/figure>\n\n\n\n<figure class=\"wp-block-image size-full\"><img decoding=\"async\" width=\"737\" height=\"468\" data-id=\"4346\" data-src=\"https:\/\/www.lamusereve.fr\/wp-content\/uploads\/2026\/03\/Fete.jpg\" alt=\"\" class=\"wp-image-4346 lazyload\" data-srcset=\"https:\/\/www.lamusereve.fr\/wp-content\/uploads\/2026\/03\/Fete.jpg 737w, https:\/\/www.lamusereve.fr\/wp-content\/uploads\/2026\/03\/Fete-300x191.jpg 300w, https:\/\/www.lamusereve.fr\/wp-content\/uploads\/2026\/03\/Fete-400x254.jpg 400w\" data-sizes=\"(max-width: 737px) 100vw, 737px\" src=\"data:image\/svg+xml;base64,PHN2ZyB3aWR0aD0iMSIgaGVpZ2h0PSIxIiB4bWxucz0iaHR0cDovL3d3dy53My5vcmcvMjAwMC9zdmciPjwvc3ZnPg==\" style=\"--smush-placeholder-width: 737px; --smush-placeholder-aspect-ratio: 737\/468;\" \/><\/figure>\n\n\n\n<figure class=\"wp-block-image size-full\"><img decoding=\"async\" width=\"734\" height=\"468\" data-id=\"4342\" data-src=\"https:\/\/www.lamusereve.fr\/wp-content\/uploads\/2026\/03\/Lune-etoiles.jpg\" alt=\"\" class=\"wp-image-4342 lazyload\" data-srcset=\"https:\/\/www.lamusereve.fr\/wp-content\/uploads\/2026\/03\/Lune-etoiles.jpg 734w, https:\/\/www.lamusereve.fr\/wp-content\/uploads\/2026\/03\/Lune-etoiles-300x191.jpg 300w, https:\/\/www.lamusereve.fr\/wp-content\/uploads\/2026\/03\/Lune-etoiles-400x255.jpg 400w\" data-sizes=\"(max-width: 734px) 100vw, 734px\" src=\"data:image\/svg+xml;base64,PHN2ZyB3aWR0aD0iMSIgaGVpZ2h0PSIxIiB4bWxucz0iaHR0cDovL3d3dy53My5vcmcvMjAwMC9zdmciPjwvc3ZnPg==\" style=\"--smush-placeholder-width: 734px; --smush-placeholder-aspect-ratio: 734\/468;\" \/><\/figure>\n<\/figure>\n\n\n\n<p style=\"font-size:12px\">Cr\u00e9dits images : \u00a9\u00c8ve Gentilhomme\/La t\u00eate ailleurs<\/p>\n\n\n\n<div style=\"height:30px\" aria-hidden=\"true\" class=\"wp-block-spacer\"><\/div>\n\n\n\n<p style=\"font-size:18px\">Vous souhaitez poursuivre la d\u00e9couverte de ce bel univers et en rapporter un souvenir \u00e0 la maison ? Participez \u00e0 un atelier ! Il y en a pour tous les \u00e2ges et tous les go\u00fbts ! <br>Toujours en lien avec l&rsquo;exposition, leur contenu change chaque semaine, pour permettre d&rsquo;explorer la richesse de l&rsquo;esth\u00e9tique de l&rsquo;artiste et des th\u00e9matiques abord\u00e9es \u00e0 travers les images.<\/p>\n\n\n\n<div style=\"height:30px\" aria-hidden=\"true\" class=\"wp-block-spacer\"><\/div>\n\n\n\n<div class=\"wp-block-buttons is-layout-flex wp-block-buttons-is-layout-flex\">\n<div class=\"wp-block-button\"><a class=\"wp-block-button__link has-medium-font-size has-custom-font-size wp-element-button\">Je d\u00e9couvre toute la programmation<\/a><\/div>\n<\/div>\n\n\n\n<div style=\"height:60px\" aria-hidden=\"true\" class=\"wp-block-spacer\"><\/div>\n\n\n\n<h2 class=\"wp-block-heading\">Programme des ateliers<\/h2>\n\n\n\n<div id=\"wp-block-themeisle-blocks-tabs-2f2b9667\" class=\"wp-block-themeisle-blocks-tabs is-style-boxed has-light-bg is-align-left\"><div class=\"wp-block-themeisle-blocks-tabs__content\">\n<div data-title=\"Du 10 au 14 mars\" class=\"wp-block-themeisle-blocks-tabs-item\"><div class=\"wp-block-themeisle-blocks-tabs-item__header\" tabindex=\"0\">Du 10 au 14 mars<\/div><div class=\"wp-block-themeisle-blocks-tabs-item__content\">\n<div class=\"wp-block-media-text is-stacked-on-mobile\" style=\"grid-template-columns:17% auto\"><figure class=\"wp-block-media-text__media\"><img decoding=\"async\" width=\"734\" height=\"468\" data-src=\"https:\/\/www.lamusereve.fr\/wp-content\/uploads\/2026\/03\/Lune-etoiles.jpg\" alt=\"\" class=\"wp-image-4342 size-full lazyload\" data-srcset=\"https:\/\/www.lamusereve.fr\/wp-content\/uploads\/2026\/03\/Lune-etoiles.jpg 734w, https:\/\/www.lamusereve.fr\/wp-content\/uploads\/2026\/03\/Lune-etoiles-300x191.jpg 300w, https:\/\/www.lamusereve.fr\/wp-content\/uploads\/2026\/03\/Lune-etoiles-400x255.jpg 400w\" data-sizes=\"(max-width: 734px) 100vw, 734px\" src=\"data:image\/svg+xml;base64,PHN2ZyB3aWR0aD0iMSIgaGVpZ2h0PSIxIiB4bWxucz0iaHR0cDovL3d3dy53My5vcmcvMjAwMC9zdmciPjwvc3ZnPg==\" style=\"--smush-placeholder-width: 734px; --smush-placeholder-aspect-ratio: 734\/468;\" \/><\/figure><div class=\"wp-block-media-text__content\">\n<h5 class=\"wp-block-heading has-text-color has-link-color wp-elements-b404bfcb9cfcf90946f09776faee0bc5\" style=\"color:#571e40\">Atelier <em>\u00c0 quoi r\u00eaves-tu ?<\/em><\/h5>\n\n\n\n<p class=\"has-text-color has-link-color wp-elements-863462d5e6d46e0acd960d5b136cc19f\" style=\"color:#571e40\">Th\u00e8mes et techniques explor\u00e9s : nuit, r\u00eave, ville, parents, enfants, sommeil, coucher, couleurs, d\u00e9coupage, collage<\/p>\n<\/div><\/div>\n<\/div><\/div>\n\n\n\n<div data-title=\"Du 17 au 21 mars\" class=\"wp-block-themeisle-blocks-tabs-item\"><div class=\"wp-block-themeisle-blocks-tabs-item__header\" tabindex=\"0\">Du 17 au 21 mars<\/div><div class=\"wp-block-themeisle-blocks-tabs-item__content\">\n<div class=\"wp-block-media-text is-stacked-on-mobile\" style=\"grid-template-columns:17% auto\"><figure class=\"wp-block-media-text__media\"><img decoding=\"async\" width=\"734\" height=\"468\" data-src=\"https:\/\/www.lamusereve.fr\/wp-content\/uploads\/2026\/03\/Lune-etoiles.jpg\" alt=\"\" class=\"wp-image-4342 size-full lazyload\" data-srcset=\"https:\/\/www.lamusereve.fr\/wp-content\/uploads\/2026\/03\/Lune-etoiles.jpg 734w, https:\/\/www.lamusereve.fr\/wp-content\/uploads\/2026\/03\/Lune-etoiles-300x191.jpg 300w, https:\/\/www.lamusereve.fr\/wp-content\/uploads\/2026\/03\/Lune-etoiles-400x255.jpg 400w\" data-sizes=\"(max-width: 734px) 100vw, 734px\" src=\"data:image\/svg+xml;base64,PHN2ZyB3aWR0aD0iMSIgaGVpZ2h0PSIxIiB4bWxucz0iaHR0cDovL3d3dy53My5vcmcvMjAwMC9zdmciPjwvc3ZnPg==\" style=\"--smush-placeholder-width: 734px; --smush-placeholder-aspect-ratio: 734\/468;\" \/><\/figure><div class=\"wp-block-media-text__content\">\n<h5 class=\"wp-block-heading has-text-color has-link-color wp-elements-b404bfcb9cfcf90946f09776faee0bc5\" style=\"color:#571e40\">Atelier <em>\u00c0 quoi r\u00eaves-tu ?<\/em><\/h5>\n\n\n\n<p>Th\u00e8mes et techniques explor\u00e9s : nuit, r\u00eaves, ville, parents, enfants, sommeil, coucher, couleurs, d\u00e9coupage, collage<\/p>\n<\/div><\/div>\n<\/div><\/div>\n\n\n\n<div data-title=\"Du 24 au 28 mars\" class=\"wp-block-themeisle-blocks-tabs-item\"><div class=\"wp-block-themeisle-blocks-tabs-item__header\" tabindex=\"0\">Du 24 au 28 mars<\/div><div class=\"wp-block-themeisle-blocks-tabs-item__content\">\n<div class=\"wp-block-media-text is-stacked-on-mobile\" style=\"grid-template-columns:17% auto\"><figure class=\"wp-block-media-text__media\"><img decoding=\"async\" width=\"737\" height=\"468\" data-src=\"https:\/\/www.lamusereve.fr\/wp-content\/uploads\/2026\/03\/Fete.jpg\" alt=\"\" class=\"wp-image-4346 size-full lazyload\" data-srcset=\"https:\/\/www.lamusereve.fr\/wp-content\/uploads\/2026\/03\/Fete.jpg 737w, https:\/\/www.lamusereve.fr\/wp-content\/uploads\/2026\/03\/Fete-300x191.jpg 300w, https:\/\/www.lamusereve.fr\/wp-content\/uploads\/2026\/03\/Fete-400x254.jpg 400w\" data-sizes=\"(max-width: 737px) 100vw, 737px\" src=\"data:image\/svg+xml;base64,PHN2ZyB3aWR0aD0iMSIgaGVpZ2h0PSIxIiB4bWxucz0iaHR0cDovL3d3dy53My5vcmcvMjAwMC9zdmciPjwvc3ZnPg==\" style=\"--smush-placeholder-width: 737px; --smush-placeholder-aspect-ratio: 737\/468;\" \/><\/figure><div class=\"wp-block-media-text__content\">\n<h5 class=\"wp-block-heading has-text-color has-link-color wp-elements-d8400cd69e16c7c6b5be9949c0b03329\" style=\"color:#571e40\">Atelier <em>Fiesta color\u00e9e<\/em><\/h5>\n\n\n\n<p>Th\u00e8mes et techniques explor\u00e9s : nuit, r\u00eaves, ville, parents, enfants, sommeil, f\u00eate, guirlande, couleurs, feutres, crayons<\/p>\n<\/div><\/div>\n<\/div><\/div>\n\n\n\n<div data-title=\"Du 31 mars au 4 avril\" class=\"wp-block-themeisle-blocks-tabs-item\"><div class=\"wp-block-themeisle-blocks-tabs-item__header\" tabindex=\"0\">Du 31 mars au 4 avril<\/div><div class=\"wp-block-themeisle-blocks-tabs-item__content\">\n<div class=\"wp-block-media-text is-stacked-on-mobile\" style=\"grid-template-columns:17% auto\"><figure class=\"wp-block-media-text__media\"><img decoding=\"async\" width=\"737\" height=\"468\" data-src=\"https:\/\/www.lamusereve.fr\/wp-content\/uploads\/2026\/03\/Fete.jpg\" alt=\"\" class=\"wp-image-4346 size-full lazyload\" data-srcset=\"https:\/\/www.lamusereve.fr\/wp-content\/uploads\/2026\/03\/Fete.jpg 737w, https:\/\/www.lamusereve.fr\/wp-content\/uploads\/2026\/03\/Fete-300x191.jpg 300w, https:\/\/www.lamusereve.fr\/wp-content\/uploads\/2026\/03\/Fete-400x254.jpg 400w\" data-sizes=\"(max-width: 737px) 100vw, 737px\" src=\"data:image\/svg+xml;base64,PHN2ZyB3aWR0aD0iMSIgaGVpZ2h0PSIxIiB4bWxucz0iaHR0cDovL3d3dy53My5vcmcvMjAwMC9zdmciPjwvc3ZnPg==\" style=\"--smush-placeholder-width: 737px; --smush-placeholder-aspect-ratio: 737\/468;\" \/><\/figure><div class=\"wp-block-media-text__content\">\n<h5 class=\"wp-block-heading has-text-color has-link-color wp-elements-d8400cd69e16c7c6b5be9949c0b03329\" style=\"color:#571e40\">Atelier <em>Fiesta color\u00e9e<\/em><\/h5>\n\n\n\n<p>Th\u00e8mes et techniques explor\u00e9s : nuit, r\u00eaves, ville, parents, enfants, sommeil, f\u00eate, guirlande, couleurs, feutres, crayons<\/p>\n<\/div><\/div>\n<\/div><\/div>\n\n\n\n<div data-title=\"Du 7 au 11 avril\" class=\"wp-block-themeisle-blocks-tabs-item\"><div class=\"wp-block-themeisle-blocks-tabs-item__header\" tabindex=\"0\">Du 7 au 11 avril<\/div><div class=\"wp-block-themeisle-blocks-tabs-item__content\">\n<div class=\"wp-block-media-text is-stacked-on-mobile\" style=\"grid-template-columns:17% auto\"><figure class=\"wp-block-media-text__media\"><img decoding=\"async\" width=\"734\" height=\"468\" data-src=\"https:\/\/www.lamusereve.fr\/wp-content\/uploads\/2026\/03\/Coucher.jpg\" alt=\"\" class=\"wp-image-4344 size-full lazyload\" data-srcset=\"https:\/\/www.lamusereve.fr\/wp-content\/uploads\/2026\/03\/Coucher.jpg 734w, https:\/\/www.lamusereve.fr\/wp-content\/uploads\/2026\/03\/Coucher-300x191.jpg 300w, https:\/\/www.lamusereve.fr\/wp-content\/uploads\/2026\/03\/Coucher-400x255.jpg 400w\" data-sizes=\"(max-width: 734px) 100vw, 734px\" src=\"data:image\/svg+xml;base64,PHN2ZyB3aWR0aD0iMSIgaGVpZ2h0PSIxIiB4bWxucz0iaHR0cDovL3d3dy53My5vcmcvMjAwMC9zdmciPjwvc3ZnPg==\" style=\"--smush-placeholder-width: 734px; --smush-placeholder-aspect-ratio: 734\/468;\" \/><\/figure><div class=\"wp-block-media-text__content\">\n<h5 class=\"wp-block-heading has-text-color has-link-color wp-elements-59a1f561dec334a0ac66bb4e50459ddc\" style=\"color:#571e40\"><a href=\"https:\/\/www.lamusereve.fr\/index.php\/vacances\/\" data-type=\"page\" data-id=\"2225\">Ateliers sp\u00e9ciaux vacances de P\u00e2ques<\/a><\/h5>\n\n\n\n<p class=\"has-text-color has-link-color wp-elements-7654027bcacc95997ac7573f583c0fec\" style=\"color:#571e40\">Th\u00e8mes et techniques explor\u00e9s : nuit, r\u00eaves, ville, parents, enfants, sommeil, coucher, f\u00eate, guirlande, couleurs, techniques mixtes<\/p>\n<\/div><\/div>\n<\/div><\/div>\n\n\n\n<div data-title=\"Du 21 au 25 avril\" class=\"wp-block-themeisle-blocks-tabs-item\"><div class=\"wp-block-themeisle-blocks-tabs-item__header\" tabindex=\"0\">Du 21 au 25 avril<\/div><div class=\"wp-block-themeisle-blocks-tabs-item__content\">\n<div class=\"wp-block-media-text is-stacked-on-mobile\" style=\"grid-template-columns:17% auto\"><figure class=\"wp-block-media-text__media\"><img decoding=\"async\" width=\"734\" height=\"468\" data-src=\"https:\/\/www.lamusereve.fr\/wp-content\/uploads\/2026\/03\/Coucher.jpg\" alt=\"\" class=\"wp-image-4344 size-full lazyload\" data-srcset=\"https:\/\/www.lamusereve.fr\/wp-content\/uploads\/2026\/03\/Coucher.jpg 734w, https:\/\/www.lamusereve.fr\/wp-content\/uploads\/2026\/03\/Coucher-300x191.jpg 300w, https:\/\/www.lamusereve.fr\/wp-content\/uploads\/2026\/03\/Coucher-400x255.jpg 400w\" data-sizes=\"(max-width: 734px) 100vw, 734px\" src=\"data:image\/svg+xml;base64,PHN2ZyB3aWR0aD0iMSIgaGVpZ2h0PSIxIiB4bWxucz0iaHR0cDovL3d3dy53My5vcmcvMjAwMC9zdmciPjwvc3ZnPg==\" style=\"--smush-placeholder-width: 734px; --smush-placeholder-aspect-ratio: 734\/468;\" \/><\/figure><div class=\"wp-block-media-text__content\">\n<h5 class=\"wp-block-heading has-text-color has-link-color wp-elements-9e11903cbe5ac0a8bf0d339858c34fa6\" style=\"color:#571e40\">Atelier <em>Des images et des r\u00eaves<\/em><\/h5>\n\n\n\n<p>Th\u00e8mes et techniques explor\u00e9s : nuit, r\u00eaves, ville, parents, enfants, sommeil, coucher, peinture, crayons<\/p>\n<\/div><\/div>\n<\/div><\/div>\n<\/div><\/div>\n\n\n\n<div style=\"height:20px\" aria-hidden=\"true\" class=\"wp-block-spacer\"><\/div>\n\n\n\n<div class=\"wp-block-buttons is-layout-flex wp-block-buttons-is-layout-flex\">\n<div class=\"wp-block-button\"><a class=\"wp-block-button__link has-medium-font-size has-custom-font-size wp-element-button\" href=\"https:\/\/www.lamusereve.fr\/index.php\/deroule-dun-atelier\/\">INSCRIPTION AUX ATELIERS<\/a><\/div>\n<\/div>\n\n\n\n<div style=\"height:70px\" aria-hidden=\"true\" class=\"wp-block-spacer\"><\/div>\n\n\n\n<h2 class=\"wp-block-heading\">L&rsquo;artiste<\/h2>\n\n\n\n<div class=\"wp-block-columns is-layout-flex wp-container-core-columns-is-layout-9d6595d7 wp-block-columns-is-layout-flex\">\n<div class=\"wp-block-column is-layout-flow wp-block-column-is-layout-flow\" style=\"flex-basis:100%\">\n<div class=\"wp-block-group is-vertical is-layout-flex wp-container-core-group-is-layout-8eef935d wp-block-group-is-layout-flex\" style=\"margin-top:0;margin-bottom:0;padding-top:calc( 0.5 * var(--wp--style--root--padding-right, var(--wp--custom--gap--horizontal)));padding-right:var(--wp--style--root--padding-right, var(--wp--custom--gap--horizontal));padding-bottom:calc( 0.5 * var(--wp--style--root--padding-right, var(--wp--custom--gap--horizontal)));padding-left:var(--wp--style--root--padding-left, var(--wp--custom--gap--horizontal))\">\n<div style=\"height:0px\" aria-hidden=\"true\" class=\"wp-block-spacer wp-container-content-ff24c794\"><\/div>\n\n\n\n<div style=\"height:0px\" aria-hidden=\"true\" class=\"wp-block-spacer wp-container-content-9760934e\"><\/div>\n\n\n\n<div class=\"wp-block-columns are-vertically-aligned-center has-background is-layout-flex wp-container-core-columns-is-layout-3da6863c wp-block-columns-is-layout-flex\" style=\"background-color:#6fc2be\">\n<div class=\"wp-block-column is-layout-flow wp-block-column-is-layout-flow\" style=\"flex-basis:50px\"><\/div>\n\n\n\n<div class=\"wp-block-column is-vertically-aligned-center is-layout-flow wp-block-column-is-layout-flow\" style=\"flex-basis:450px\">\n<div style=\"height:30px\" aria-hidden=\"true\" class=\"wp-block-spacer\"><\/div>\n\n\n\n<h2 class=\"wp-block-heading has-text-color has-link-color wp-elements-a1dc9d0ed2bab7be81ec1509906af0d0\" style=\"color:#ffe1a7\">\u00c8ve Gentilhomme<\/h2>\n\n\n\n<p class=\"has-text-color has-link-color wp-elements-38c049bb51036400f189fe293af1eb0d\" style=\"color:#2b4949\"><strong>\u00c8ve est graphiste, illustratrice et autrice.<\/strong><br>Son univers graphique, \u00e0 la fois <strong>color\u00e9, po\u00e9tique et symbolique<\/strong>, s\u2019adresse aussi bien aux enfants qu\u2019aux adultes.<\/p>\n\n\n\n<p class=\"has-text-color has-link-color wp-elements-1daece7643ed8db24ff5cf64aaf8b20f\" style=\"color:#2b4949\">Sp\u00e9cialis\u00e9e dans l\u2019<strong>\u00e9dition<\/strong>, elle a publi\u00e9 plusieurs albums jeunesse aux <strong>\u00e9ditions Le Diplodocus, Voce Verso, Hatier<\/strong>, ainsi que des romans graphiques pour adolescent\u00b7es et adultes chez Delcourt, First et Fleurus.<\/p>\n\n\n\n<p class=\"has-text-color has-link-color wp-elements-63aa15f68ad09a9031c254121677d621\" style=\"color:#2b4949\">Elle aime mettre en sc\u00e8ne des <strong>personnages complexes<\/strong>, travers\u00e9s par des questionnements intimes, et attach\u00e9s \u00e0 l\u2019<strong>empathie<\/strong>, \u00e0 la <strong>diversit\u00e9<\/strong> et \u00e0 l\u2019<strong>inclusion<\/strong>. Elle r\u00e9alise aussi des <strong>affiches<\/strong> et <strong>supports de sensibilisation<\/strong> et <strong>identit\u00e9s visuelles<\/strong> en collaboration avec des structures comme le Planning Familial, l\u2019UNICEF, le SAMU Social ou encore diverses ONG.<\/p>\n\n\n\n<p class=\"has-text-color has-link-color wp-elements-3caca8d11401f9a3738c4b65bd8f9c19\" style=\"color:#2b4949\">Son travail refl\u00e8te un engagement pour le <strong>f\u00e9minisme<\/strong>, l\u2019<strong>entraide<\/strong> et les <strong>luttes sociales contemporaines<\/strong>, avec une attention particuli\u00e8re port\u00e9e \u00e0 la repr\u00e9sentation des minorit\u00e9s et \u00e0 la mise en lumi\u00e8re des voix invisibles ou marginalis\u00e9es.<\/p>\n\n\n\n<div id=\"wp-block-themeisle-blocks-icon-list-e996d773\" class=\"wp-block-themeisle-blocks-icon-list\">\n<div id=\"wp-block-themeisle-blocks-icon-list-item-332acbb4\" class=\"wp-block-themeisle-blocks-icon-list-item\"><i class=\"far fa-address-card wp-block-themeisle-blocks-icon-list-item-icon\"><\/i><p class=\"wp-block-themeisle-blocks-icon-list-item-content-custom\">> <em><a href=\"https:\/\/www.lamusereve.fr\/wp-content\/uploads\/2026\/03\/Bio-Eve-Gentilhomme.pdf\" data-type=\"link\" data-id=\"https:\/\/www.lamusereve.fr\/wp-content\/uploads\/2026\/03\/Bio-Eve-Gentilhomme.pdf\">Lire notre bio de l&rsquo;artiste<\/a><\/em><\/p><\/div>\n\n\n\n<div id=\"wp-block-themeisle-blocks-icon-list-item-c55da254\" class=\"wp-block-themeisle-blocks-icon-list-item\"><i class=\"fas fa-microphone wp-block-themeisle-blocks-icon-list-item-icon\"><\/i><p class=\"wp-block-themeisle-blocks-icon-list-item-content-custom\">> <a href=\"https:\/\/www.lateteailleurs.org\/nos-artistes\/entretiens-autour\/de-la-nuit-tombe-maman-r%C3%AAve\/\"><em>Lire l&rsquo;entretien avec les autrices et l&rsquo;illustratrice<\/em><\/a><\/p><\/div>\n\n\n\n<div id=\"wp-block-themeisle-blocks-icon-list-item-03b1ce22\" class=\"wp-block-themeisle-blocks-icon-list-item\"><i class=\"fas fa-podcast wp-block-themeisle-blocks-icon-list-item-icon\"><\/i><p class=\"wp-block-themeisle-blocks-icon-list-item-content-custom\">> <a href=\"https:\/\/soundcloud.com\/user-838488864\/en-mouvement-5-en-balade-urbaine-avec-cecile-dumoutier-luna-granada-et-eve-gentilhomme\"><em>\u00c9couter le podcast <\/em>\u00ab\u00a0En mouvement\u00a0\u00bb <em>autour du livre<\/em><\/a><\/p><\/div>\n\n\n\n<div id=\"wp-block-themeisle-blocks-icon-list-item-da53880f\" class=\"wp-block-themeisle-blocks-icon-list-item\"><i class=\"fas fa-paint-brush wp-block-themeisle-blocks-icon-list-item-icon\"><\/i><p class=\"wp-block-themeisle-blocks-icon-list-item-content\">><em> <a href=\"https:\/\/www.eve-gentilhomme.com\/\" data-type=\"link\" data-id=\"https:\/\/www.eve-gentilhomme.com\/\">Voir le site de l&rsquo;artiste<\/a><\/em><\/p><\/div>\n<\/div>\n\n\n\n<div style=\"height:30px\" aria-hidden=\"true\" class=\"wp-block-spacer\"><\/div>\n<\/div>\n\n\n\n<div class=\"wp-block-column is-vertically-aligned-center is-layout-flow wp-block-column-is-layout-flow\"><div class=\"wp-block-image\">\n<figure class=\"aligncenter size-full is-resized has-custom-border\"><img decoding=\"async\" width=\"213\" height=\"213\" data-src=\"https:\/\/www.lamusereve.fr\/wp-content\/uploads\/2026\/01\/Eve-Gentilhomme.png\" alt=\"\" class=\"wp-image-3995 lazyload\" style=\"--smush-placeholder-width: 213px; --smush-placeholder-aspect-ratio: 213\/213;border-style:none;border-width:0px;border-radius:100em;object-fit:cover;width:216px;height:auto\" data-srcset=\"https:\/\/www.lamusereve.fr\/wp-content\/uploads\/2026\/01\/Eve-Gentilhomme.png 213w, https:\/\/www.lamusereve.fr\/wp-content\/uploads\/2026\/01\/Eve-Gentilhomme-150x150.png 150w, https:\/\/www.lamusereve.fr\/wp-content\/uploads\/2026\/01\/Eve-Gentilhomme-100x100.png 100w\" data-sizes=\"(max-width: 213px) 100vw, 213px\" src=\"data:image\/svg+xml;base64,PHN2ZyB3aWR0aD0iMSIgaGVpZ2h0PSIxIiB4bWxucz0iaHR0cDovL3d3dy53My5vcmcvMjAwMC9zdmciPjwvc3ZnPg==\" \/><\/figure>\n<\/div>\n\n\n<p><\/p>\n<\/div>\n<\/div>\n\n\n\n<div id=\"wp-block-themeisle-blocks-advanced-columns-fe4896f8\" class=\"wp-block-themeisle-blocks-advanced-columns has-1-columns has-desktop-equal-layout has-tablet-equal-layout has-mobile-equal-layout has-vertical-unset\"><div class=\"wp-block-themeisle-blocks-advanced-columns-overlay\"><\/div><div class=\"innerblocks-wrap\">\n<div id=\"wp-block-themeisle-blocks-advanced-column-64fc3739\" class=\"wp-block-themeisle-blocks-advanced-column\"><\/div>\n<\/div><\/div>\n<\/div>\n<\/div>\n<\/div>\n\n\n\n<div style=\"height:70px\" aria-hidden=\"true\" class=\"wp-block-spacer\"><\/div>\n\n\n\n<h2 class=\"wp-block-heading\">Le livre de l&rsquo;exposition<\/h2>\n\n\n\n<div class=\"wp-block-media-text is-stacked-on-mobile is-vertically-aligned-top has-background\" style=\"background-color:#6fc2be;grid-template-columns:18% auto\"><figure class=\"wp-block-media-text__media\"><img decoding=\"async\" width=\"502\" height=\"624\" data-src=\"https:\/\/www.lamusereve.fr\/wp-content\/uploads\/2026\/01\/mockup-LNTMR-simple.png\" alt=\"\" class=\"wp-image-3972 size-full lazyload\" data-srcset=\"https:\/\/www.lamusereve.fr\/wp-content\/uploads\/2026\/01\/mockup-LNTMR-simple.png 502w, https:\/\/www.lamusereve.fr\/wp-content\/uploads\/2026\/01\/mockup-LNTMR-simple-241x300.png 241w, https:\/\/www.lamusereve.fr\/wp-content\/uploads\/2026\/01\/mockup-LNTMR-simple-400x497.png 400w\" data-sizes=\"(max-width: 502px) 100vw, 502px\" src=\"data:image\/svg+xml;base64,PHN2ZyB3aWR0aD0iMSIgaGVpZ2h0PSIxIiB4bWxucz0iaHR0cDovL3d3dy53My5vcmcvMjAwMC9zdmciPjwvc3ZnPg==\" style=\"--smush-placeholder-width: 502px; --smush-placeholder-aspect-ratio: 502\/624;\" \/><\/figure><div class=\"wp-block-media-text__content\">\n<p><\/p>\n\n\n\n<h3 class=\"wp-block-heading has-text-color has-link-color wp-elements-ede5c28eada5eb7c7ea4acdbd9569302\" style=\"color:#ffe1a7\"><em><strong>La nuit tombe, Maman r\u00eave<\/strong><\/em><\/h3>\n\n\n\n<p class=\"has-small-font-size\">Texte : <strong><strong>C\u00e9cile Dumoutier<\/strong><\/strong> et <strong>Luna Granada <\/strong> &#8211; Illustrations : <strong><a href=\"https:\/\/www.eve-gentilhomme.com\/\">\u00c8ve Gentilhomme<\/a><\/strong><\/p>\n\n\n\n<p class=\"has-small-font-size\">\u00c9diteur : <a href=\"https:\/\/www.lateteailleurs.org\/\"><strong>La t\u00eate ailleurs<\/strong><\/a><\/p>\n\n\n\n<p style=\"font-size:14px\">C&rsquo;est la nuit. Bien au chaud dans son lit, un petit gar\u00e7on imagine ce que fait sa maman pendant qu&rsquo;il dort. Poursuit-elle les t\u00e2ches m\u00e9nag\u00e8res de la journ\u00e9e ? S&rsquo;accorde-t-elle une petite pause, rien que pour elle ?<\/p>\n\n\n\n<p style=\"font-size:14px\">Cet album, po\u00e9tique et tendre, \u00e9voque de fa\u00e7on subtile les difficult\u00e9s que rencontrent les mamans qui \u00e9l\u00e8vent seules leurs enfants, mais aussi leurs r\u00eaves et leurs d\u00e9sirs. Comment, quand on est maman solo, continuer \u00e0 \u00eatre une femme, libre, \u00e9mancip\u00e9e, heureuse ?<\/p>\n\n\n\n<p class=\"has-small-font-size\">Parution : Mai 2020 &#8211; 52 pages &#8211; ISBN : 978-2-901942-05-4&nbsp;<\/p>\n\n\n\n<p><strong>En vente chez La muse r\u00eave<\/strong><\/p>\n\n\n\n<p><em>Et plein d&rsquo;autres superbes ouvrages \u00e0 d\u00e9couvrir (dont <\/em><strong>C\u00f4te \u00e0 C\u00f4te<\/strong><em>, le pendant de cet album, \u00e9galement illustr\u00e9 par \u00c8ve Gentilhomme) !<\/em><\/p>\n<\/div><\/div>\n\n\n\n<figure class=\"wp-block-embed is-type-video is-provider-youtube wp-block-embed-youtube wp-embed-aspect-16-9 wp-has-aspect-ratio\"><div class=\"wp-block-embed__wrapper\">\n<p class=\"responsive-video-wrap clr\"><iframe title=\"La nuit tombe, Maman r\u00eave\" width=\"1200\" height=\"675\" data-src=\"https:\/\/www.youtube.com\/embed\/MVbfoDDTG7g?feature=oembed\" frameborder=\"0\" allow=\"accelerometer; autoplay; clipboard-write; encrypted-media; gyroscope; picture-in-picture; web-share\" referrerpolicy=\"strict-origin-when-cross-origin\" allowfullscreen src=\"data:image\/svg+xml;base64,PHN2ZyB3aWR0aD0iMSIgaGVpZ2h0PSIxIiB4bWxucz0iaHR0cDovL3d3dy53My5vcmcvMjAwMC9zdmciPjwvc3ZnPg==\" class=\"lazyload\" data-load-mode=\"1\"><\/iframe><\/p>\n<\/div><\/figure>\n\n\n\n<div style=\"height:30px\" aria-hidden=\"true\" class=\"wp-block-spacer\"><\/div>\n\n\n\n<blockquote class=\"wp-block-quote is-style-default has-background is-layout-flow wp-block-quote-is-layout-flow\" style=\"background-color:#ffe1a7\">\n<p><a href=\"https:\/\/www.enlargeyourparis.fr\/culture\/saint-denis-sinvite-dans-un-conte-pour-enfants\" target=\"_blank\" rel=\"noreferrer noopener\"><strong>Enlarge your Paris<\/strong><\/a><\/p>\n\n\n\n<p>\u00ab\u00a0Un tr\u00e8s bel album jeunesse sur des sujets jusque-l\u00e0 peu trait\u00e9s.\u00a0\u00bb<\/p>\n\n\n\n<p>\u00ab\u00a0La force de&nbsp;<strong>La nuit tombe, Maman r\u00eave<\/strong> r\u00e9side dans sa capacit\u00e9 \u00e0 traiter d&rsquo;une situation sociale ordinaire &#8211; la monoparentalit\u00e9 concerne 1,7 million de familles en France &#8211; tout en y injectant du merveilleux.\u00a0\u00bb<\/p>\n<cite>Jos\u00e9phine Lebard<\/cite><\/blockquote>\n\n\n\n<blockquote class=\"wp-block-quote is-style-default has-background is-layout-flow wp-block-quote-is-layout-flow\" style=\"background-color:#ffe1a7\">\n<p><strong><a href=\"https:\/\/lamareauxmots.com\/reves-eveilles\/\" data-type=\"link\" data-id=\"https:\/\/lamareauxmots.com\/reves-eveilles\/\" target=\"_blank\" rel=\"noreferrer noopener\">La mare aux mots<\/a><\/strong><\/p>\n\n\n\n<p>\u00ab\u00a0R\u00e9solument optimiste, l\u2019album n\u2019en demeure pas moins extr\u00eamement juste et d\u00e9peint des situations plus ou moins complexes.<br>Ses illustrations nous plongent dans un foyer bariol\u00e9 et fourmillant de d\u00e9tails. Les autrices redonnent une identit\u00e9 \u00e0 toutes ces jeunes femmes et m\u00e8res seules contraintes de tout concilier.\u00a0\u00bb<\/p>\n<\/blockquote>\n\n\n\n<div style=\"height:70px\" aria-hidden=\"true\" class=\"wp-block-spacer\"><\/div>\n\n\n\n<p><\/p>\n","protected":false},"excerpt":{"rendered":"<p>Caf\u00e9-Vernissage le samedi 14 mars 2026 \u00e0 11h Ateliers en famille le samedi 14 mars \u00e0 14h30 et 15h30 dans le cadre de la Semaine Nationale de la Petite Enfance Venez illustrer vos histoires et vos r\u00eaves \u00e0 quatre mains, lors d&rsquo;un atelier parent-enfant ! (\u00e0 partir de 4 ans ; infos et inscriptions par [&hellip;]<\/p>\n","protected":false},"author":2,"featured_media":0,"parent":0,"menu_order":0,"comment_status":"closed","ping_status":"closed","template":"","meta":{"ocean_post_layout":"","ocean_both_sidebars_style":"","ocean_both_sidebars_content_width":0,"ocean_both_sidebars_sidebars_width":0,"ocean_sidebar":"","ocean_second_sidebar":"","ocean_disable_margins":"enable","ocean_add_body_class":"","ocean_shortcode_before_top_bar":"","ocean_shortcode_after_top_bar":"","ocean_shortcode_before_header":"","ocean_shortcode_after_header":"","ocean_has_shortcode":"","ocean_shortcode_after_title":"","ocean_shortcode_before_footer_widgets":"","ocean_shortcode_after_footer_widgets":"","ocean_shortcode_before_footer_bottom":"","ocean_shortcode_after_footer_bottom":"","ocean_display_top_bar":"default","ocean_display_header":"default","ocean_header_style":"","ocean_center_header_left_menu":"","ocean_custom_header_template":"","ocean_custom_logo":0,"ocean_custom_retina_logo":0,"ocean_custom_logo_max_width":0,"ocean_custom_logo_tablet_max_width":0,"ocean_custom_logo_mobile_max_width":0,"ocean_custom_logo_max_height":0,"ocean_custom_logo_tablet_max_height":0,"ocean_custom_logo_mobile_max_height":0,"ocean_header_custom_menu":"","ocean_menu_typo_font_family":"","ocean_menu_typo_font_subset":"","ocean_menu_typo_font_size":0,"ocean_menu_typo_font_size_tablet":0,"ocean_menu_typo_font_size_mobile":0,"ocean_menu_typo_font_size_unit":"px","ocean_menu_typo_font_weight":"","ocean_menu_typo_font_weight_tablet":"","ocean_menu_typo_font_weight_mobile":"","ocean_menu_typo_transform":"","ocean_menu_typo_transform_tablet":"","ocean_menu_typo_transform_mobile":"","ocean_menu_typo_line_height":0,"ocean_menu_typo_line_height_tablet":0,"ocean_menu_typo_line_height_mobile":0,"ocean_menu_typo_line_height_unit":"","ocean_menu_typo_spacing":0,"ocean_menu_typo_spacing_tablet":0,"ocean_menu_typo_spacing_mobile":0,"ocean_menu_typo_spacing_unit":"","ocean_menu_link_color":"","ocean_menu_link_color_hover":"","ocean_menu_link_color_active":"","ocean_menu_link_background":"","ocean_menu_link_hover_background":"","ocean_menu_link_active_background":"","ocean_menu_social_links_bg":"","ocean_menu_social_hover_links_bg":"","ocean_menu_social_links_color":"","ocean_menu_social_hover_links_color":"","ocean_disable_title":"default","ocean_disable_heading":"default","ocean_post_title":"","ocean_post_subheading":"","ocean_post_title_style":"","ocean_post_title_background_color":"","ocean_post_title_background":0,"ocean_post_title_bg_image_position":"","ocean_post_title_bg_image_attachment":"","ocean_post_title_bg_image_repeat":"","ocean_post_title_bg_image_size":"","ocean_post_title_height":0,"ocean_post_title_bg_overlay":0.5,"ocean_post_title_bg_overlay_color":"","ocean_disable_breadcrumbs":"default","ocean_breadcrumbs_color":"","ocean_breadcrumbs_separator_color":"","ocean_breadcrumbs_links_color":"","ocean_breadcrumbs_links_hover_color":"","ocean_display_footer_widgets":"default","ocean_display_footer_bottom":"default","ocean_custom_footer_template":"","_themeisle_gutenberg_block_has_review":false,"footnotes":""},"class_list":["post-1151","page","type-page","status-publish","hentry","entry","owp-thumbs-layout-horizontal","owp-btn-normal","owp-tabs-layout-horizontal","has-no-thumbnails","has-product-nav","circle-sale"],"jetpack_sharing_enabled":true,"_links":{"self":[{"href":"https:\/\/www.lamusereve.fr\/index.php\/wp-json\/wp\/v2\/pages\/1151","targetHints":{"allow":["GET"]}}],"collection":[{"href":"https:\/\/www.lamusereve.fr\/index.php\/wp-json\/wp\/v2\/pages"}],"about":[{"href":"https:\/\/www.lamusereve.fr\/index.php\/wp-json\/wp\/v2\/types\/page"}],"author":[{"embeddable":true,"href":"https:\/\/www.lamusereve.fr\/index.php\/wp-json\/wp\/v2\/users\/2"}],"replies":[{"embeddable":true,"href":"https:\/\/www.lamusereve.fr\/index.php\/wp-json\/wp\/v2\/comments?post=1151"}],"version-history":[{"count":170,"href":"https:\/\/www.lamusereve.fr\/index.php\/wp-json\/wp\/v2\/pages\/1151\/revisions"}],"predecessor-version":[{"id":4377,"href":"https:\/\/www.lamusereve.fr\/index.php\/wp-json\/wp\/v2\/pages\/1151\/revisions\/4377"}],"wp:attachment":[{"href":"https:\/\/www.lamusereve.fr\/index.php\/wp-json\/wp\/v2\/media?parent=1151"}],"curies":[{"name":"wp","href":"https:\/\/api.w.org\/{rel}","templated":true}]}}