{"id":1147,"date":"2025-02-04T18:02:47","date_gmt":"2025-02-04T17:02:47","guid":{"rendered":"https:\/\/www.lamusereve.fr\/?page_id=1147"},"modified":"2026-01-10T12:47:18","modified_gmt":"2026-01-10T11:47:18","slug":"expositions","status":"publish","type":"page","link":"https:\/\/www.lamusereve.fr\/index.php\/expositions\/","title":{"rendered":"Expositions"},"content":{"rendered":"\n<div class=\"wp-block-group is-vertical is-layout-flex wp-container-core-group-is-layout-8cf370e7 wp-block-group-is-layout-flex\">\n<div class=\"wp-block-group is-vertical is-layout-flex wp-container-core-group-is-layout-8cf370e7 wp-block-group-is-layout-flex\">\n<div class=\"wp-block-group has-medium-font-size is-vertical is-layout-flex wp-container-core-group-is-layout-8cf370e7 wp-block-group-is-layout-flex\">\n<p style=\"font-size:20px\">Derri\u00e8re chaque album, chaque livre illustr\u00e9, se cachent des \u0153uvres d&rsquo;art originales : dessins, peintures, estampes, collages&#8230;, des cr\u00e9ations uniques n\u00e9es de l&rsquo;esprit et sous les doigts de talentueux artistes.<\/p>\n\n\n\n<div class=\"wp-block-group is-vertical is-layout-flex wp-container-core-group-is-layout-8cf370e7 wp-block-group-is-layout-flex\">\n<p style=\"font-size:20px\">C&rsquo;est cet art de l&rsquo;illustration, et en particulier de l&rsquo;illustration jeunesse, art \u00e0 part enti\u00e8re, que nous souhaitons mettre \u00e0 l&rsquo;honneur \u00e0 travers les expositions de La muse r\u00eave.<\/p>\n\n\n\n<p style=\"font-size:20px\">Accompagn\u00e9es d&rsquo;actions de m\u00e9diation vari\u00e9es (visites anim\u00e9es, ateliers artistiques pour tous les \u00e2ges, rencontres avec les artistes&#8230;), elles s&rsquo;offrent \u00e0 tous et toutes pour la d\u00e9lectation des sens, pour l&rsquo;\u00e9veil artistique et culturel des plus jeunes qui seront les adultes de demain, pour \u00e9gayer et faire chanter notre pr\u00e9sent et nos lendemains !<\/p>\n<\/div>\n<\/div>\n<\/div>\n<\/div>\n\n\n\n<div style=\"height:80px\" aria-hidden=\"true\" class=\"wp-block-spacer\"><\/div>\n\n\n\n<div id=\"wp-block-themeisle-blocks-advanced-columns-0756495c\" class=\"wp-block-themeisle-blocks-advanced-columns alignfull has-3-columns has-desktop-equal-layout has-tablet-equal-layout has-mobile-collapsedRows-layout has-vertical-unset has-light-bg\"><div class=\"wp-block-themeisle-blocks-advanced-columns-overlay\"><\/div><div class=\"innerblocks-wrap\">\n<div id=\"wp-block-themeisle-blocks-advanced-column-6e902b2a\" class=\"wp-block-themeisle-blocks-advanced-column has-light-bg\">\n<figure class=\"wp-block-image size-full has-custom-border\"><a href=\"https:\/\/www.lamusereve.fr\/index.php\/exposition-actuelle\/\"><img fetchpriority=\"high\" decoding=\"async\" width=\"2560\" height=\"2560\" src=\"https:\/\/www.lamusereve.fr\/wp-content\/uploads\/2025\/11\/HATIER-VIOLAINE-COSTA-LA-NUIT-LA-CHOUETTE-ET-LE-SOLEIL-4-edited-scaled.jpg\" alt=\"\" class=\"wp-image-3603\" style=\"border-style:none;border-width:0px;border-radius:0px\" srcset=\"https:\/\/www.lamusereve.fr\/wp-content\/uploads\/2025\/11\/HATIER-VIOLAINE-COSTA-LA-NUIT-LA-CHOUETTE-ET-LE-SOLEIL-4-edited-scaled.jpg 2560w, https:\/\/www.lamusereve.fr\/wp-content\/uploads\/2025\/11\/HATIER-VIOLAINE-COSTA-LA-NUIT-LA-CHOUETTE-ET-LE-SOLEIL-4-edited-300x300.jpg 300w, https:\/\/www.lamusereve.fr\/wp-content\/uploads\/2025\/11\/HATIER-VIOLAINE-COSTA-LA-NUIT-LA-CHOUETTE-ET-LE-SOLEIL-4-edited-1024x1024.jpg 1024w, https:\/\/www.lamusereve.fr\/wp-content\/uploads\/2025\/11\/HATIER-VIOLAINE-COSTA-LA-NUIT-LA-CHOUETTE-ET-LE-SOLEIL-4-edited-150x150.jpg 150w, https:\/\/www.lamusereve.fr\/wp-content\/uploads\/2025\/11\/HATIER-VIOLAINE-COSTA-LA-NUIT-LA-CHOUETTE-ET-LE-SOLEIL-4-edited-768x768.jpg 768w, https:\/\/www.lamusereve.fr\/wp-content\/uploads\/2025\/11\/HATIER-VIOLAINE-COSTA-LA-NUIT-LA-CHOUETTE-ET-LE-SOLEIL-4-edited-1536x1536.jpg 1536w, https:\/\/www.lamusereve.fr\/wp-content\/uploads\/2025\/11\/HATIER-VIOLAINE-COSTA-LA-NUIT-LA-CHOUETTE-ET-LE-SOLEIL-4-edited-2048x2048.jpg 2048w, https:\/\/www.lamusereve.fr\/wp-content\/uploads\/2025\/11\/HATIER-VIOLAINE-COSTA-LA-NUIT-LA-CHOUETTE-ET-LE-SOLEIL-4-edited-600x600.jpg 600w, https:\/\/www.lamusereve.fr\/wp-content\/uploads\/2025\/11\/HATIER-VIOLAINE-COSTA-LA-NUIT-LA-CHOUETTE-ET-LE-SOLEIL-4-edited-400x400.jpg 400w, https:\/\/www.lamusereve.fr\/wp-content\/uploads\/2025\/11\/HATIER-VIOLAINE-COSTA-LA-NUIT-LA-CHOUETTE-ET-LE-SOLEIL-4-edited-100x100.jpg 100w\" sizes=\"(max-width: 2560px) 100vw, 2560px\" \/><\/a><\/figure>\n\n\n\n<div id=\"wp-block-themeisle-blocks-advanced-columns-e37edc14\" class=\"wp-block-themeisle-blocks-advanced-columns has-1-columns has-desktop-equal-layout has-tablet-equal-layout has-mobile-equal-layout has-vertical-unset\"><div class=\"wp-block-themeisle-blocks-advanced-columns-overlay\"><\/div><div class=\"innerblocks-wrap\">\n<div id=\"wp-block-themeisle-blocks-advanced-column-7030cb7b\" class=\"wp-block-themeisle-blocks-advanced-column\">\n<h2 class=\"wp-block-heading has-text-color has-link-color wp-elements-f0881dcba198172711df9cd306e84e2b\" style=\"color:#a6553c\">Exposition actuelle<\/h2>\n\n\n\n<h3 class=\"wp-block-heading has-text-color has-link-color wp-elements-405f0437ef435a9e5609686fdd429465\" style=\"color:#070731\"><em><strong>La nuit, <\/strong>la chouette et le soleil<\/em><br>Du 7 janvier au 27 f\u00e9vrier 2026<\/h3>\n\n\n\n<h6 class=\"wp-block-heading has-text-color\" style=\"color:#188282\"><a href=\"https:\/\/www.lamusereve.fr\/index.php\/exposition-actuelle\/\" data-type=\"page\" data-id=\"1151\">Plus d&rsquo;infos<\/a><\/h6>\n<\/div>\n<\/div><\/div>\n<\/div>\n\n\n\n<div id=\"wp-block-themeisle-blocks-advanced-column-33e99253\" class=\"wp-block-themeisle-blocks-advanced-column has-light-bg\">\n<figure class=\"wp-block-image size-full has-custom-border\"><a href=\"https:\/\/www.lamusereve.fr\/index.php\/expositions-a-venir\/\"><img decoding=\"async\" width=\"437\" height=\"437\" data-src=\"https:\/\/www.lamusereve.fr\/wp-content\/uploads\/2026\/01\/mockup-LNTMR-simple-edited-1.png\" alt=\"\" class=\"wp-image-3974 lazyload\" style=\"--smush-placeholder-width: 437px; --smush-placeholder-aspect-ratio: 437\/437;border-style:none;border-width:0px;border-radius:0px\" data-srcset=\"https:\/\/www.lamusereve.fr\/wp-content\/uploads\/2026\/01\/mockup-LNTMR-simple-edited-1.png 437w, https:\/\/www.lamusereve.fr\/wp-content\/uploads\/2026\/01\/mockup-LNTMR-simple-edited-1-300x300.png 300w, https:\/\/www.lamusereve.fr\/wp-content\/uploads\/2026\/01\/mockup-LNTMR-simple-edited-1-150x150.png 150w, https:\/\/www.lamusereve.fr\/wp-content\/uploads\/2026\/01\/mockup-LNTMR-simple-edited-1-400x400.png 400w, https:\/\/www.lamusereve.fr\/wp-content\/uploads\/2026\/01\/mockup-LNTMR-simple-edited-1-100x100.png 100w\" data-sizes=\"(max-width: 437px) 100vw, 437px\" src=\"data:image\/svg+xml;base64,PHN2ZyB3aWR0aD0iMSIgaGVpZ2h0PSIxIiB4bWxucz0iaHR0cDovL3d3dy53My5vcmcvMjAwMC9zdmciPjwvc3ZnPg==\" \/><\/a><\/figure>\n\n\n\n<div id=\"wp-block-themeisle-blocks-advanced-columns-ada2687f\" class=\"wp-block-themeisle-blocks-advanced-columns has-1-columns has-desktop-equal-layout has-tablet-equal-layout has-mobile-equal-layout has-vertical-unset\"><div class=\"wp-block-themeisle-blocks-advanced-columns-overlay\"><\/div><div class=\"innerblocks-wrap\">\n<div id=\"wp-block-themeisle-blocks-advanced-column-00013bfb\" class=\"wp-block-themeisle-blocks-advanced-column\">\n<h2 class=\"wp-block-heading has-text-color has-link-color wp-elements-e4c6ba012960a534dbdd5cf445809cfc\" style=\"color:#a6553c\">Expositions \u00e0 venir<\/h2>\n\n\n\n<h3 class=\"wp-block-heading has-text-color has-link-color wp-elements-3e87b459b2634b416959cd1b87d0cdc7\" style=\"color:#070731\"><em>Que font les parents quand les enfants dorment<\/em><br>Du 3 mars au 23 avril 2026<\/h3>\n\n\n\n<h6 class=\"wp-block-heading has-text-color\" style=\"color:#188282\"><a href=\"https:\/\/www.lamusereve.fr\/index.php\/expositions-a-venir\/\">Plus d&rsquo;infos<\/a><\/h6>\n\n\n\n<h3 class=\"wp-block-heading has-text-color has-link-color wp-elements-aac0615d55952ef59695a6de5e190bb6\" style=\"color:#070731\"><em>D&rsquo;amandes et de citron<\/em><br>Du 29 avril au 26 juin 2026<\/h3>\n<\/div>\n<\/div><\/div>\n<\/div>\n\n\n\n<div id=\"wp-block-themeisle-blocks-advanced-column-2b312319\" class=\"wp-block-themeisle-blocks-advanced-column has-light-bg\">\n<figure class=\"wp-block-image size-full has-custom-border\"><a href=\"https:\/\/www.lamusereve.fr\/index.php\/expositions-passees\/\"><img decoding=\"async\" width=\"422\" height=\"421\" data-src=\"https:\/\/www.lamusereve.fr\/wp-content\/uploads\/2025\/05\/N.-BOUROUAHA_Lecture-dete-1.png\" alt=\"\" class=\"wp-image-2300 lazyload\" style=\"--smush-placeholder-width: 422px; --smush-placeholder-aspect-ratio: 422\/421;border-style:none;border-width:0px;border-radius:0px\" data-srcset=\"https:\/\/www.lamusereve.fr\/wp-content\/uploads\/2025\/05\/N.-BOUROUAHA_Lecture-dete-1.png 422w, https:\/\/www.lamusereve.fr\/wp-content\/uploads\/2025\/05\/N.-BOUROUAHA_Lecture-dete-1-300x300.png 300w, https:\/\/www.lamusereve.fr\/wp-content\/uploads\/2025\/05\/N.-BOUROUAHA_Lecture-dete-1-150x150.png 150w, https:\/\/www.lamusereve.fr\/wp-content\/uploads\/2025\/05\/N.-BOUROUAHA_Lecture-dete-1-400x399.png 400w, https:\/\/www.lamusereve.fr\/wp-content\/uploads\/2025\/05\/N.-BOUROUAHA_Lecture-dete-1-100x100.png 100w\" data-sizes=\"(max-width: 422px) 100vw, 422px\" src=\"data:image\/svg+xml;base64,PHN2ZyB3aWR0aD0iMSIgaGVpZ2h0PSIxIiB4bWxucz0iaHR0cDovL3d3dy53My5vcmcvMjAwMC9zdmciPjwvc3ZnPg==\" \/><\/a><\/figure>\n\n\n\n<div id=\"wp-block-themeisle-blocks-advanced-columns-b27500bd\" class=\"wp-block-themeisle-blocks-advanced-columns has-1-columns has-desktop-equal-layout has-tablet-equal-layout has-mobile-equal-layout has-vertical-unset\"><div class=\"wp-block-themeisle-blocks-advanced-columns-overlay\"><\/div><div class=\"innerblocks-wrap\">\n<div id=\"wp-block-themeisle-blocks-advanced-column-e648a713\" class=\"wp-block-themeisle-blocks-advanced-column\">\n<h2 class=\"wp-block-heading has-text-color has-link-color wp-elements-f5dddf811d92188f64969ede34bf4e23\" style=\"color:#a6553c\">Expositions pass\u00e9es<\/h2>\n\n\n\n<p class=\"has-text-color has-link-color wp-elements-715cc22abd4e5d119a9a0c5500608b28\" style=\"color:#070731\"><em><em><em><strong>C&rsquo;est NOTRE arbre<\/strong><\/em><br><\/em><\/em>Avec l&rsquo;\u00c9cole des loisirs<br>Du 3 septembre au 31 octobre 2025<\/p>\n\n\n\n<p class=\"has-text-color has-link-color wp-elements-8b3f5e58d51c9aaddd019edcb90f2ac7\" style=\"color:#070731\"><em><em><strong>Un si doux \u00e9t\u00e9<\/strong><\/em><br><\/em>Du 25 juin au 29 ao\u00fbt 2025<\/p>\n\n\n\n<p class=\"has-text-color has-link-color wp-elements-cc07bac8231e0ac82cbe4a303ea9be8f\" style=\"color:#070731\"><em><em><strong>Po\u00e9sie pour tout-petits et autres mignonneries<\/strong><\/em><br><\/em>Du 7 mai au 20 juin 2025<\/p>\n\n\n\n<p><em><strong>La nuit, tous les chats voient gris<\/strong><\/em>&#8230;   Du 5 novembre au 31 d\u00e9cembre 2025<\/p>\n\n\n\n<h6 class=\"wp-block-heading has-text-color\" style=\"color:#188282\"><a href=\"https:\/\/www.lamusereve.fr\/index.php\/expositions-passees\/\">Plus d&rsquo;infos<\/a><\/h6>\n<\/div>\n<\/div><\/div>\n<\/div>\n<\/div><\/div>\n\n\n\n<div style=\"height:80px\" aria-hidden=\"true\" class=\"wp-block-spacer\"><\/div>\n\n\n\n<p><em>Toutes ces informations sont sous r\u00e9serve de confirmation. La muse r\u00eave se r\u00e9serve le droit de modifier ou annuler ces \u00e9v\u00e9nements, selon la disponibilit\u00e9 des artistes et les conditions de mise en \u0153uvre et d&rsquo;accueil. <\/em><\/p>\n\n\n\n<p><em>Merci de votre compr\u00e9hension.<\/em><\/p>\n","protected":false},"excerpt":{"rendered":"<p>Derri\u00e8re chaque album, chaque livre illustr\u00e9, se cachent des \u0153uvres d&rsquo;art originales : dessins, peintures, estampes, collages&#8230;, des cr\u00e9ations uniques n\u00e9es de l&rsquo;esprit et sous les doigts de talentueux artistes. C&rsquo;est cet art de l&rsquo;illustration, et en particulier de l&rsquo;illustration jeunesse, art \u00e0 part enti\u00e8re, que nous souhaitons mettre \u00e0 l&rsquo;honneur \u00e0 travers les expositions [&hellip;]<\/p>\n","protected":false},"author":2,"featured_media":0,"parent":0,"menu_order":0,"comment_status":"closed","ping_status":"closed","template":"","meta":{"ocean_post_layout":"","ocean_both_sidebars_style":"","ocean_both_sidebars_content_width":0,"ocean_both_sidebars_sidebars_width":0,"ocean_sidebar":"","ocean_second_sidebar":"","ocean_disable_margins":"enable","ocean_add_body_class":"","ocean_shortcode_before_top_bar":"","ocean_shortcode_after_top_bar":"","ocean_shortcode_before_header":"","ocean_shortcode_after_header":"","ocean_has_shortcode":"","ocean_shortcode_after_title":"","ocean_shortcode_before_footer_widgets":"","ocean_shortcode_after_footer_widgets":"","ocean_shortcode_before_footer_bottom":"","ocean_shortcode_after_footer_bottom":"","ocean_display_top_bar":"default","ocean_display_header":"default","ocean_header_style":"","ocean_center_header_left_menu":"","ocean_custom_header_template":"","ocean_custom_logo":0,"ocean_custom_retina_logo":0,"ocean_custom_logo_max_width":0,"ocean_custom_logo_tablet_max_width":0,"ocean_custom_logo_mobile_max_width":0,"ocean_custom_logo_max_height":0,"ocean_custom_logo_tablet_max_height":0,"ocean_custom_logo_mobile_max_height":0,"ocean_header_custom_menu":"","ocean_menu_typo_font_family":"","ocean_menu_typo_font_subset":"","ocean_menu_typo_font_size":0,"ocean_menu_typo_font_size_tablet":0,"ocean_menu_typo_font_size_mobile":0,"ocean_menu_typo_font_size_unit":"px","ocean_menu_typo_font_weight":"","ocean_menu_typo_font_weight_tablet":"","ocean_menu_typo_font_weight_mobile":"","ocean_menu_typo_transform":"","ocean_menu_typo_transform_tablet":"","ocean_menu_typo_transform_mobile":"","ocean_menu_typo_line_height":0,"ocean_menu_typo_line_height_tablet":0,"ocean_menu_typo_line_height_mobile":0,"ocean_menu_typo_line_height_unit":"","ocean_menu_typo_spacing":0,"ocean_menu_typo_spacing_tablet":0,"ocean_menu_typo_spacing_mobile":0,"ocean_menu_typo_spacing_unit":"","ocean_menu_link_color":"","ocean_menu_link_color_hover":"","ocean_menu_link_color_active":"","ocean_menu_link_background":"","ocean_menu_link_hover_background":"","ocean_menu_link_active_background":"","ocean_menu_social_links_bg":"","ocean_menu_social_hover_links_bg":"","ocean_menu_social_links_color":"","ocean_menu_social_hover_links_color":"","ocean_disable_title":"default","ocean_disable_heading":"default","ocean_post_title":"","ocean_post_subheading":"","ocean_post_title_style":"","ocean_post_title_background_color":"","ocean_post_title_background":0,"ocean_post_title_bg_image_position":"","ocean_post_title_bg_image_attachment":"","ocean_post_title_bg_image_repeat":"","ocean_post_title_bg_image_size":"","ocean_post_title_height":0,"ocean_post_title_bg_overlay":0.5,"ocean_post_title_bg_overlay_color":"","ocean_disable_breadcrumbs":"default","ocean_breadcrumbs_color":"","ocean_breadcrumbs_separator_color":"","ocean_breadcrumbs_links_color":"","ocean_breadcrumbs_links_hover_color":"","ocean_display_footer_widgets":"default","ocean_display_footer_bottom":"default","ocean_custom_footer_template":"","_themeisle_gutenberg_block_has_review":false,"footnotes":""},"class_list":["post-1147","page","type-page","status-publish","hentry","entry","owp-thumbs-layout-horizontal","owp-btn-normal","owp-tabs-layout-horizontal","has-no-thumbnails","has-product-nav","circle-sale"],"jetpack_sharing_enabled":true,"_links":{"self":[{"href":"https:\/\/www.lamusereve.fr\/index.php\/wp-json\/wp\/v2\/pages\/1147","targetHints":{"allow":["GET"]}}],"collection":[{"href":"https:\/\/www.lamusereve.fr\/index.php\/wp-json\/wp\/v2\/pages"}],"about":[{"href":"https:\/\/www.lamusereve.fr\/index.php\/wp-json\/wp\/v2\/types\/page"}],"author":[{"embeddable":true,"href":"https:\/\/www.lamusereve.fr\/index.php\/wp-json\/wp\/v2\/users\/2"}],"replies":[{"embeddable":true,"href":"https:\/\/www.lamusereve.fr\/index.php\/wp-json\/wp\/v2\/comments?post=1147"}],"version-history":[{"count":53,"href":"https:\/\/www.lamusereve.fr\/index.php\/wp-json\/wp\/v2\/pages\/1147\/revisions"}],"predecessor-version":[{"id":4010,"href":"https:\/\/www.lamusereve.fr\/index.php\/wp-json\/wp\/v2\/pages\/1147\/revisions\/4010"}],"wp:attachment":[{"href":"https:\/\/www.lamusereve.fr\/index.php\/wp-json\/wp\/v2\/media?parent=1147"}],"curies":[{"name":"wp","href":"https:\/\/api.w.org\/{rel}","templated":true}]}}